{"id":6674,"date":"2021-04-28T11:23:30","date_gmt":"2021-04-28T11:23:30","guid":{"rendered":"https:\/\/wirtznv.com\/projects\/projectontwikkeling\/"},"modified":"2023-03-15T17:38:01","modified_gmt":"2023-03-15T15:38:01","slug":"projet-immobilier-multifonctionnel","status":"publish","type":"page","link":"https:\/\/wirtznv.com\/fr\/projets\/projet-immobilier-multifonctionnel\/","title":{"rendered":"Projet immobilier multifonctionnel"},"content":{"rendered":"<div class=\"wpb-content-wrapper\"><p>[vc_row css=\u00a0\u00bb.vc_custom_1616406220785{padding-top: 50px !important;padding-bottom: 50px !important;}\u00a0\u00bb][vc_column][vc_raw_html el_class=\u00a0\u00bbbreadcrumb\u00a0\u00bb]JTVCd3BzZW9fYnJlYWRjcnVtYiU1RA==[\/vc_raw_html][\/vc_column][\/vc_row][vc_row gap=\u00a0\u00bb35&Prime; equal_height=\u00a0\u00bbyes\u00a0\u00bb][vc_column width=\u00a0\u00bb1\/12&Prime;][\/vc_column][vc_column width=\u00a0\u00bb5\/12&Prime;][vc_column_text el_class=\u00a0\u00bbseoh1&Prime;]<\/p>\n<h1>Projet immobilier multifonctionnel<\/h1>\n<p>[\/vc_column_text][\/vc_column][vc_column width=\u00a0\u00bb5\/12&Prime; el_class=\u00a0\u00bblineleft\u00a0\u00bb][vc_column_text]L\u2019\u00e9cologie joue un r\u00f4le essentiel au sein du <strong>d\u00e9veloppement de projet<\/strong>, du <strong>d\u00e9veloppement interurbain<\/strong> et des <strong>projets d\u2019extension<\/strong>. Nous estimons que les espaces <a href=\"https:\/\/wirtznv.com\/fr\/projets\/espaces-publics\/\">ext\u00e9rieurs communautaires<\/a> tels que les <a href=\"https:\/\/wirtznv.com\/fr\/projets\/jardins-sur-les-toits\/\">terrasses de toit<\/a> et les jardins int\u00e9rieurs, tout comme les espaces publics et semi-publics, d\u2019ailleurs, doivent apporter une plus-value aux utilisateurs (finaux).<\/p>\n<p>Chaque projet est unique et doit \u00eatre envisag\u00e9 et mis en \u0153uvre de mani\u00e8re &lsquo;adapt\u00e9e&rsquo;. Le caract\u00e8re distinctif et la valeur d\u2019agr\u00e9ment des habitants et visiteurs sont primordiaux, en toute saison, quelle que soit la fr\u00e9quence de leurs visites.<\/p>\n<p>Nous utilisons d\u00e8s lors une grande diversit\u00e9 d\u2019<strong>arbres<\/strong>, <strong>buissons<\/strong> et <strong>haies<\/strong>, qui forment la colonne vert\u00e9brale de chaque conception. Ce sont les cadres ou fen\u00eatres qui conf\u00e8rent plus de profondeur et de perspective \u00e0 l\u2019ensemble. En plantant des haies et arbres \u00e0 des endroits strat\u00e9giques, nous soutenons l\u2019architecture, cr\u00e9ant par l\u00e0 une unit\u00e9 claire et un sentiment de reconnaissance. En outre, les arbres et haies assurent la continuit\u00e9 entre la plus petite \u00e9chelle humaine et la plus grande \u00e9chelle des blocs d\u2019habitations, pour un meilleur \u00e9quilibre de l\u2019ensemble. Il s\u2019agit d\u2019investissements \u00e0 long terme, profitables \u00e0 l\u2019environnement dans son ensemble.[\/vc_column_text][\/vc_column][vc_column width=\u00a0\u00bb1\/12&Prime;][\/vc_column][\/vc_row][vc_row el_class=\u00a0\u00bbseoprojectenrow\u00a0\u00bb][vc_column]<div class=\"edgtf-portfolio-slider-holder\"><div class=\"edgtf-portfolio-list-holder edgtf-grid-list edgtf-disable-bottom-space edgtf-pl-gallery edgtf-three-columns edgtf-medium-space edgtf-pl-gallery-overlay    edgtf-pl-pag-no-pagination      edgtf-pag-below-slider \"  data-type=gallery data-number-of-columns=three data-lower-even-columns=no data-space-between-items=medium data-additional-spacing=no data-number-of-items=-1 data-image-proportions=large data-enable-fixed-proportions=no data-enable-image-shadow=no data-category=projectontwikkeling data-orderby=date data-order=ASC data-item-style=gallery-overlay data-advanced-hover=no data-enable-title=yes data-title-tag=h4 data-enable-category=no data-enable-count-images=yes data-enable-excerpt=no data-excerpt-length=20 data-pagination-type=no-pagination data-filter=no data-filter-order-by=name data-enable-article-animation=no data-portfolio-slider-on=yes data-enable-loop=yes data-enable-autoplay=yes data-slider-speed=3000 data-slider-speed-animation=600 data-enable-navigation=yes data-enable-pagination=yes data-pagination-position=below-slider data-title-skin=light data-enable-article-parallax=no data-max-num-pages=0 data-next-page=2>\n\t\t<div class=\"edgtf-pl-inner edgtf-outer-space edgtf-owl-slider edgtf-list-is-slider clearfix\">\n\t\t<article class=\"edgtf-pl-item edgtf-item-space  post-6540 portfolio-item type-portfolio-item status-publish has-post-thumbnail hentry portfolio-category-jardins-sur-les-toits portfolio-category-projet-immobilier-multifonctionnel\" >\n\t<div class=\"edgtf-pl-item-inner\">\n        <div class=\"edgtf-pl-inner-content\">\n            \n\n\t\n    <div class=\"edgtf-pli-image\" data-src=\"https:\/\/wirtznv.com\/wp-content\/uploads\/2021\/04\/41.-Rheinblick-residences-Bonn-Duitsland.jpg\" data-height=\"1080\" data-width=\"1920\">\n\n\t\t<img decoding=\"async\" width=\"1024\" height=\"576\" data-src=\"https:\/\/wirtznv.com\/wp-content\/uploads\/2021\/04\/41.-Rheinblick-residences-Bonn-Duitsland-1024x576.jpg\" class=\"attachment-large size-large wp-post-image lazyload\" alt=\"\" data-srcset=\"https:\/\/wirtznv.com\/wp-content\/uploads\/2021\/04\/41.-Rheinblick-residences-Bonn-Duitsland-1024x576.jpg 1024w, https:\/\/wirtznv.com\/wp-content\/uploads\/2021\/04\/41.-Rheinblick-residences-Bonn-Duitsland-300x169.jpg 300w, https:\/\/wirtznv.com\/wp-content\/uploads\/2021\/04\/41.-Rheinblick-residences-Bonn-Duitsland-768x432.jpg 768w, https:\/\/wirtznv.com\/wp-content\/uploads\/2021\/04\/41.-Rheinblick-residences-Bonn-Duitsland-1536x864.jpg 1536w, https:\/\/wirtznv.com\/wp-content\/uploads\/2021\/04\/41.-Rheinblick-residences-Bonn-Duitsland.jpg 1920w\" data-sizes=\"(max-width: 1024px) 100vw, 1024px\" src=\"data:image\/svg+xml;base64,PHN2ZyB3aWR0aD0iMSIgaGVpZ2h0PSIxIiB4bWxucz0iaHR0cDovL3d3dy53My5vcmcvMjAwMC9zdmciPjwvc3ZnPg==\" style=\"--smush-placeholder-width: 1024px; --smush-placeholder-aspect-ratio: 1024\/576;\" \/>    <\/div>\n\t\t\n\n<div class=\"edgtf-pli-text-holder\" >\n\t<div class=\"edgtf-pli-text-wrapper\">\n\t\t<div class=\"edgtf-pli-text\">\n\t\t\t\t<h4 itemprop=\"name\" class=\"edgtf-pli-title entry-title\" >\n        \t\t    Rheinblick Residences        \t<\/h4>\n                <div class=\"edgtf-hspl-item-title-holder locatie\">\n            Bonn (DE)            <\/div>\n\n\t\t\t\n\t\t\t\t\t\t\n\t\t\t\t\t<\/div>\n\t<\/div>\n<\/div>\n            <a itemprop=\"url\" class=\"edgtf-pli-link edgtf-block-drag-link\" href=\"https:\/\/wirtznv.com\/fr\/projet\/rheinblick-residences-bonn-de\/\" target=\"_self\"><\/a>\n\n        <\/div>\n    <\/div>\n<\/article><article class=\"edgtf-pl-item edgtf-item-space  post-6481 portfolio-item type-portfolio-item status-publish has-post-thumbnail hentry portfolio-category-featured-3 portfolio-category-jardins-sur-les-toits portfolio-category-projet-immobilier-multifonctionnel\" >\n\t<div class=\"edgtf-pl-item-inner\">\n        <div class=\"edgtf-pl-inner-content\">\n            \n\n\t\n    <div class=\"edgtf-pli-image\" data-src=\"https:\/\/wirtznv.com\/wp-content\/uploads\/2021\/04\/Wirtz_Projectontwikkeling-7even-Tuinen.jpg\" data-height=\"2000\" data-width=\"1498\">\n\n\t\t<img decoding=\"async\" width=\"767\" height=\"1024\" data-src=\"https:\/\/wirtznv.com\/wp-content\/uploads\/2021\/04\/Wirtz_Projectontwikkeling-7even-Tuinen-767x1024.jpg\" class=\"attachment-large size-large wp-post-image lazyload\" alt=\"\" data-srcset=\"https:\/\/wirtznv.com\/wp-content\/uploads\/2021\/04\/Wirtz_Projectontwikkeling-7even-Tuinen-767x1024.jpg 767w, https:\/\/wirtznv.com\/wp-content\/uploads\/2021\/04\/Wirtz_Projectontwikkeling-7even-Tuinen-225x300.jpg 225w, https:\/\/wirtznv.com\/wp-content\/uploads\/2021\/04\/Wirtz_Projectontwikkeling-7even-Tuinen-768x1025.jpg 768w, https:\/\/wirtznv.com\/wp-content\/uploads\/2021\/04\/Wirtz_Projectontwikkeling-7even-Tuinen-1150x1536.jpg 1150w, https:\/\/wirtznv.com\/wp-content\/uploads\/2021\/04\/Wirtz_Projectontwikkeling-7even-Tuinen.jpg 1498w\" data-sizes=\"(max-width: 767px) 100vw, 767px\" src=\"data:image\/svg+xml;base64,PHN2ZyB3aWR0aD0iMSIgaGVpZ2h0PSIxIiB4bWxucz0iaHR0cDovL3d3dy53My5vcmcvMjAwMC9zdmciPjwvc3ZnPg==\" style=\"--smush-placeholder-width: 767px; --smush-placeholder-aspect-ratio: 767\/1024;\" \/>    <\/div>\n\t\t\n\n<div class=\"edgtf-pli-text-holder\" >\n\t<div class=\"edgtf-pli-text-wrapper\">\n\t\t<div class=\"edgtf-pli-text\">\n\t\t\t\t<h4 itemprop=\"name\" class=\"edgtf-pli-title entry-title\" >\n        \t\t    7even Tuinen        \t<\/h4>\n                <div class=\"edgtf-hspl-item-title-holder locatie\">\n             Louvain (BE)            <\/div>\n\n\t\t\t\n\t\t\t\t\t\t\n\t\t\t\t\t<\/div>\n\t<\/div>\n<\/div>\n            <a itemprop=\"url\" class=\"edgtf-pli-link edgtf-block-drag-link\" href=\"https:\/\/wirtznv.com\/fr\/projet\/7even-tuinen-louvain\/\" target=\"_self\"><\/a>\n\n        <\/div>\n    <\/div>\n<\/article><article class=\"edgtf-pl-item edgtf-item-space  post-6318 portfolio-item type-portfolio-item status-publish has-post-thumbnail hentry portfolio-category-projet-immobilier-multifonctionnel\" >\n\t<div class=\"edgtf-pl-item-inner\">\n        <div class=\"edgtf-pl-inner-content\">\n            \n\n\t\n    <div class=\"edgtf-pli-image\" data-src=\"https:\/\/wirtznv.com\/wp-content\/uploads\/2021\/04\/Wirtz_Projectontwikkeling-Vinkenhof.jpg\" data-height=\"2000\" data-width=\"1498\">\n\n\t\t<img decoding=\"async\" width=\"767\" height=\"1024\" data-src=\"https:\/\/wirtznv.com\/wp-content\/uploads\/2021\/04\/Wirtz_Projectontwikkeling-Vinkenhof-767x1024.jpg\" class=\"attachment-large size-large wp-post-image lazyload\" alt=\"\" data-srcset=\"https:\/\/wirtznv.com\/wp-content\/uploads\/2021\/04\/Wirtz_Projectontwikkeling-Vinkenhof-767x1024.jpg 767w, https:\/\/wirtznv.com\/wp-content\/uploads\/2021\/04\/Wirtz_Projectontwikkeling-Vinkenhof-225x300.jpg 225w, https:\/\/wirtznv.com\/wp-content\/uploads\/2021\/04\/Wirtz_Projectontwikkeling-Vinkenhof-768x1025.jpg 768w, https:\/\/wirtznv.com\/wp-content\/uploads\/2021\/04\/Wirtz_Projectontwikkeling-Vinkenhof-1150x1536.jpg 1150w, https:\/\/wirtznv.com\/wp-content\/uploads\/2021\/04\/Wirtz_Projectontwikkeling-Vinkenhof.jpg 1498w\" data-sizes=\"(max-width: 767px) 100vw, 767px\" src=\"data:image\/svg+xml;base64,PHN2ZyB3aWR0aD0iMSIgaGVpZ2h0PSIxIiB4bWxucz0iaHR0cDovL3d3dy53My5vcmcvMjAwMC9zdmciPjwvc3ZnPg==\" style=\"--smush-placeholder-width: 767px; --smush-placeholder-aspect-ratio: 767\/1024;\" \/>    <\/div>\n\t\t\n\n<div class=\"edgtf-pli-text-holder\" >\n\t<div class=\"edgtf-pli-text-wrapper\">\n\t\t<div class=\"edgtf-pli-text\">\n\t\t\t\t<h4 itemprop=\"name\" class=\"edgtf-pli-title entry-title\" >\n        \t\t    Vinkenhof        \t<\/h4>\n                <div class=\"edgtf-hspl-item-title-holder locatie\">\n            Anvers (BE)            <\/div>\n\n\t\t\t\n\t\t\t\t\t\t\n\t\t\t\t\t<\/div>\n\t<\/div>\n<\/div>\n            <a itemprop=\"url\" class=\"edgtf-pli-link edgtf-block-drag-link\" href=\"https:\/\/wirtznv.com\/fr\/projet\/vinkenhof-anvers\/\" target=\"_self\"><\/a>\n\n        <\/div>\n    <\/div>\n<\/article>\t<\/div>\n\t\n\t<\/div><\/div>[vc_column_text el_class=\u00a0\u00bbmeerprojecten\u00a0\u00bb]<a href=\"https:\/\/wirtznv.com\/fr\/projets\/\">Plus de projets<\/a>[\/vc_column_text][\/vc_column][\/vc_row][vc_row gap=\u00a0\u00bb35&Prime; equal_height=\u00a0\u00bbyes\u00a0\u00bb][vc_column width=\u00a0\u00bb1\/12&Prime;][\/vc_column][vc_column width=\u00a0\u00bb5\/12&Prime;][vc_column_text el_class=\u00a0\u00bbseoh1&Prime;]<\/p>\n<h2>R\u00e9concilier le vert et le gris<\/h2>\n<p>[\/vc_column_text][\/vc_column][vc_column width=\u00a0\u00bb5\/12&Prime; el_class=\u00a0\u00bblineleft\u00a0\u00bb][vc_column_text]Tout <strong>d\u00e9veloppeur de projet<\/strong> ambitionne de g\u00e9rer intelligemment l\u2019espace et l\u2019architecture disponibles. En outre, il est indispensable de trouver un juste \u00e9quilibre entre la cr\u00e9ativit\u00e9, l\u2019endroit, l\u2019environnement et la faisabilit\u00e9 financi\u00e8re. Le concept de verdure pour les <a href=\"https:\/\/wirtznv.com\/fr\/projets\/espaces-publics\/\">espaces ext\u00e9rieurs communs<\/a> est un \u00e9l\u00e9ment important de cette image globale. Nous transposons donc le programme demand\u00e9 dans une conception coh\u00e9rente, attirante et abordable. Le <strong>v\u00e9cu des zones vertes<\/strong> et la <strong>durabilit\u00e9<\/strong> font, dans ce cadre, l\u2019objet d\u2019une attention toute particuli\u00e8re.[\/vc_column_text][vc_column_text css=\u00a0\u00bb.vc_custom_1620236645052{margin-top: 50px !important;}\u00a0\u00bb]<a href=\"https:\/\/wirtznv.com\/fr\/contact\/\"><span style=\"text-decoration: underline;\"><strong>CONTACTEZ-NOUS<\/strong><\/span><\/a>[\/vc_column_text][\/vc_column][vc_column width=\u00a0\u00bb1\/12&Prime;][\/vc_column][\/vc_row][vc_row full_width=\u00a0\u00bbstretch_row\u00a0\u00bb content_placement=\u00a0\u00bbmiddle\u00a0\u00bb css=\u00a0\u00bb.vc_custom_1617800696269{background-color: #f0f0f0 !important;}\u00a0\u00bb el_class=\u00a0\u00bbmoreprojectsrow\u00a0\u00bb][vc_column width=\u00a0\u00bb2\/3&Prime;][vc_column_text el_class=\u00a0\u00bbseoh1&Prime;]<\/p>\n<h2 style=\"text-align: left;\">Autres cat\u00e9gories<\/h2>\n<p>[\/vc_column_text][vc_basic_grid post_type=\u00a0\u00bbpage\u00a0\u00bb max_items=\u00a0\u00bb3&Prime; item=\u00a0\u00bb3590&Prime; grid_id=\u00a0\u00bbvc_gid:1678894299281-9d369a76-826b-6&Prime; taxonomies=\u00a0\u00bb133&Prime;][\/vc_column][vc_column width=\u00a0\u00bb1\/3&Prime;][vc_column_text el_class=\u00a0\u00bbmeerprojecten\u00a0\u00bb]<\/p>\n<h5 style=\"text-align: center;\"><a href=\"https:\/\/wirtznv.com\/fr\/projets\/\">Tous projets<\/a><\/h5>\n<p>[\/vc_column_text][\/vc_column][\/vc_row]<\/p>\n<\/div>","protected":false},"excerpt":{"rendered":"<p>[vc_row css=\u00a0\u00bb.vc_custom_1616406220785{padding-top: 50px !important;padding-bottom: 50px !important;}\u00a0\u00bb][vc_column][vc_raw_html el_class=\u00a0\u00bbbreadcrumb\u00a0\u00bb]JTVCd3BzZW9fYnJlYWRjcnVtYiU1RA==[\/vc_raw_html][\/vc_column][\/vc_row][vc_row gap=\u00a0\u00bb35&Prime; equal_height=\u00a0\u00bbyes\u00a0\u00bb][vc_column width=\u00a0\u00bb1\/12&Prime;][\/vc_column][vc_column width=\u00a0\u00bb5\/12&Prime;][vc_column_text el_class=\u00a0\u00bbseoh1&Prime;] Projet immobilier multifonctionnel [\/vc_column_text][\/vc_column][vc_column width=\u00a0\u00bb5\/12&Prime; el_class=\u00a0\u00bblineleft\u00a0\u00bb][vc_column_text]L\u2019\u00e9cologie joue un r\u00f4le essentiel au sein du d\u00e9veloppement de projet, du d\u00e9veloppement interurbain et des projets d\u2019extension. Nous estimons que les espaces [&hellip;]<\/p>\n","protected":false},"author":1,"featured_media":7863,"parent":6342,"menu_order":4,"comment_status":"closed","ping_status":"closed","template":"","meta":{"_acf_changed":false,"footnotes":""},"categories":[157],"tags":[],"class_list":["post-6674","page","type-page","status-publish","has-post-thumbnail","hentry","category-categoriepagina-fr"],"acf":[],"yoast_head":"<!-- This site is optimized with the Yoast SEO plugin v27.4 - https:\/\/yoast.com\/product\/yoast-seo-wordpress\/ -->\n<title>Projet immobilier multifonctionnel | Wirtz International<\/title>\n<meta name=\"description\" content=\"L&#039;\u00e9cologie joue un r\u00f4le essentiel dans le d\u00e9veloppement d&#039;un project immobilier multifonctionnel. Faites appel \u00e0 l&#039;exp\u00e9rience de Wirtz.\" \/>\n<meta name=\"robots\" content=\"index, follow, max-snippet:-1, max-image-preview:large, max-video-preview:-1\" \/>\n<link rel=\"canonical\" href=\"https:\/\/wirtznv.com\/fr\/projets\/projet-immobilier-multifonctionnel\/\" \/>\n<meta property=\"og:locale\" content=\"fr_FR\" \/>\n<meta property=\"og:type\" content=\"article\" \/>\n<meta property=\"og:title\" content=\"Projet immobilier multifonctionnel | Wirtz International\" \/>\n<meta property=\"og:description\" content=\"L&#039;\u00e9cologie joue un r\u00f4le essentiel dans le d\u00e9veloppement d&#039;un project immobilier multifonctionnel. Faites appel \u00e0 l&#039;exp\u00e9rience de Wirtz.\" \/>\n<meta property=\"og:url\" content=\"https:\/\/wirtznv.com\/fr\/projets\/projet-immobilier-multifonctionnel\/\" \/>\n<meta property=\"og:site_name\" content=\"Wirtz NV\" \/>\n<meta property=\"article:modified_time\" content=\"2023-03-15T15:38:01+00:00\" \/>\n<meta property=\"og:image\" content=\"https:\/\/wirtznv.com\/wp-content\/uploads\/2022\/04\/Hoofdfoto-Projectontwikkeling.jpg\" \/>\n\t<meta property=\"og:image:width\" content=\"1425\" \/>\n\t<meta property=\"og:image:height\" content=\"2000\" \/>\n\t<meta property=\"og:image:type\" content=\"image\/jpeg\" \/>\n<meta name=\"twitter:card\" content=\"summary_large_image\" \/>\n<meta name=\"twitter:label1\" content=\"Dur\u00e9e de lecture estim\u00e9e\" \/>\n\t<meta name=\"twitter:data1\" content=\"2 minutes\" \/>\n<script type=\"application\/ld+json\" class=\"yoast-schema-graph\">{\"@context\":\"https:\\\/\\\/schema.org\",\"@graph\":[{\"@type\":\"WebPage\",\"@id\":\"https:\\\/\\\/wirtznv.com\\\/fr\\\/projets\\\/projet-immobilier-multifonctionnel\\\/\",\"url\":\"https:\\\/\\\/wirtznv.com\\\/fr\\\/projets\\\/projet-immobilier-multifonctionnel\\\/\",\"name\":\"Projet immobilier multifonctionnel | Wirtz International\",\"isPartOf\":{\"@id\":\"https:\\\/\\\/wirtznv.com\\\/fr\\\/#website\"},\"primaryImageOfPage\":{\"@id\":\"https:\\\/\\\/wirtznv.com\\\/fr\\\/projets\\\/projet-immobilier-multifonctionnel\\\/#primaryimage\"},\"image\":{\"@id\":\"https:\\\/\\\/wirtznv.com\\\/fr\\\/projets\\\/projet-immobilier-multifonctionnel\\\/#primaryimage\"},\"thumbnailUrl\":\"https:\\\/\\\/wirtznv.com\\\/wp-content\\\/uploads\\\/2022\\\/04\\\/Hoofdfoto-Projectontwikkeling.jpg\",\"datePublished\":\"2021-04-28T11:23:30+00:00\",\"dateModified\":\"2023-03-15T15:38:01+00:00\",\"description\":\"L'\u00e9cologie joue un r\u00f4le essentiel dans le d\u00e9veloppement d'un project immobilier multifonctionnel. Faites appel \u00e0 l'exp\u00e9rience de Wirtz.\",\"breadcrumb\":{\"@id\":\"https:\\\/\\\/wirtznv.com\\\/fr\\\/projets\\\/projet-immobilier-multifonctionnel\\\/#breadcrumb\"},\"inLanguage\":\"fr-FR\",\"potentialAction\":[{\"@type\":\"ReadAction\",\"target\":[\"https:\\\/\\\/wirtznv.com\\\/fr\\\/projets\\\/projet-immobilier-multifonctionnel\\\/\"]}]},{\"@type\":\"ImageObject\",\"inLanguage\":\"fr-FR\",\"@id\":\"https:\\\/\\\/wirtznv.com\\\/fr\\\/projets\\\/projet-immobilier-multifonctionnel\\\/#primaryimage\",\"url\":\"https:\\\/\\\/wirtznv.com\\\/wp-content\\\/uploads\\\/2022\\\/04\\\/Hoofdfoto-Projectontwikkeling.jpg\",\"contentUrl\":\"https:\\\/\\\/wirtznv.com\\\/wp-content\\\/uploads\\\/2022\\\/04\\\/Hoofdfoto-Projectontwikkeling.jpg\",\"width\":1425,\"height\":2000},{\"@type\":\"BreadcrumbList\",\"@id\":\"https:\\\/\\\/wirtznv.com\\\/fr\\\/projets\\\/projet-immobilier-multifonctionnel\\\/#breadcrumb\",\"itemListElement\":[{\"@type\":\"ListItem\",\"position\":1,\"name\":\"Home\",\"item\":\"https:\\\/\\\/wirtznv.com\\\/fr\\\/\"},{\"@type\":\"ListItem\",\"position\":2,\"name\":\"Projets\",\"item\":\"https:\\\/\\\/wirtznv.com\\\/fr\\\/projets\\\/\"},{\"@type\":\"ListItem\",\"position\":3,\"name\":\"Projet immobilier multifonctionnel\"}]},{\"@type\":\"WebSite\",\"@id\":\"https:\\\/\\\/wirtznv.com\\\/fr\\\/#website\",\"url\":\"https:\\\/\\\/wirtznv.com\\\/fr\\\/\",\"name\":\"Wirtz NV\",\"description\":\"\",\"publisher\":{\"@id\":\"https:\\\/\\\/wirtznv.com\\\/fr\\\/#organization\"},\"potentialAction\":[{\"@type\":\"SearchAction\",\"target\":{\"@type\":\"EntryPoint\",\"urlTemplate\":\"https:\\\/\\\/wirtznv.com\\\/fr\\\/?s={search_term_string}\"},\"query-input\":{\"@type\":\"PropertyValueSpecification\",\"valueRequired\":true,\"valueName\":\"search_term_string\"}}],\"inLanguage\":\"fr-FR\"},{\"@type\":\"Organization\",\"@id\":\"https:\\\/\\\/wirtznv.com\\\/fr\\\/#organization\",\"name\":\"Wirtz NV\",\"url\":\"https:\\\/\\\/wirtznv.com\\\/fr\\\/\",\"logo\":{\"@type\":\"ImageObject\",\"inLanguage\":\"fr-FR\",\"@id\":\"https:\\\/\\\/wirtznv.com\\\/fr\\\/#\\\/schema\\\/logo\\\/image\\\/\",\"url\":\"https:\\\/\\\/mk0wirtznvw3r6n59kw4.kinstacdn.com\\\/wp-content\\\/uploads\\\/2021\\\/03\\\/logo_header@2x-1.png\",\"contentUrl\":\"https:\\\/\\\/mk0wirtznvw3r6n59kw4.kinstacdn.com\\\/wp-content\\\/uploads\\\/2021\\\/03\\\/logo_header@2x-1.png\",\"width\":177,\"height\":161,\"caption\":\"Wirtz NV\"},\"image\":{\"@id\":\"https:\\\/\\\/wirtznv.com\\\/fr\\\/#\\\/schema\\\/logo\\\/image\\\/\"}}]}<\/script>\n<!-- \/ Yoast SEO plugin. -->","yoast_head_json":{"title":"Projet immobilier multifonctionnel | Wirtz International","description":"L'\u00e9cologie joue un r\u00f4le essentiel dans le d\u00e9veloppement d'un project immobilier multifonctionnel. Faites appel \u00e0 l'exp\u00e9rience de Wirtz.","robots":{"index":"index","follow":"follow","max-snippet":"max-snippet:-1","max-image-preview":"max-image-preview:large","max-video-preview":"max-video-preview:-1"},"canonical":"https:\/\/wirtznv.com\/fr\/projets\/projet-immobilier-multifonctionnel\/","og_locale":"fr_FR","og_type":"article","og_title":"Projet immobilier multifonctionnel | Wirtz International","og_description":"L'\u00e9cologie joue un r\u00f4le essentiel dans le d\u00e9veloppement d'un project immobilier multifonctionnel. Faites appel \u00e0 l'exp\u00e9rience de Wirtz.","og_url":"https:\/\/wirtznv.com\/fr\/projets\/projet-immobilier-multifonctionnel\/","og_site_name":"Wirtz NV","article_modified_time":"2023-03-15T15:38:01+00:00","og_image":[{"width":1425,"height":2000,"url":"https:\/\/wirtznv.com\/wp-content\/uploads\/2022\/04\/Hoofdfoto-Projectontwikkeling.jpg","type":"image\/jpeg"}],"twitter_card":"summary_large_image","twitter_misc":{"Dur\u00e9e de lecture estim\u00e9e":"2 minutes"},"schema":{"@context":"https:\/\/schema.org","@graph":[{"@type":"WebPage","@id":"https:\/\/wirtznv.com\/fr\/projets\/projet-immobilier-multifonctionnel\/","url":"https:\/\/wirtznv.com\/fr\/projets\/projet-immobilier-multifonctionnel\/","name":"Projet immobilier multifonctionnel | Wirtz International","isPartOf":{"@id":"https:\/\/wirtznv.com\/fr\/#website"},"primaryImageOfPage":{"@id":"https:\/\/wirtznv.com\/fr\/projets\/projet-immobilier-multifonctionnel\/#primaryimage"},"image":{"@id":"https:\/\/wirtznv.com\/fr\/projets\/projet-immobilier-multifonctionnel\/#primaryimage"},"thumbnailUrl":"https:\/\/wirtznv.com\/wp-content\/uploads\/2022\/04\/Hoofdfoto-Projectontwikkeling.jpg","datePublished":"2021-04-28T11:23:30+00:00","dateModified":"2023-03-15T15:38:01+00:00","description":"L'\u00e9cologie joue un r\u00f4le essentiel dans le d\u00e9veloppement d'un project immobilier multifonctionnel. Faites appel \u00e0 l'exp\u00e9rience de Wirtz.","breadcrumb":{"@id":"https:\/\/wirtznv.com\/fr\/projets\/projet-immobilier-multifonctionnel\/#breadcrumb"},"inLanguage":"fr-FR","potentialAction":[{"@type":"ReadAction","target":["https:\/\/wirtznv.com\/fr\/projets\/projet-immobilier-multifonctionnel\/"]}]},{"@type":"ImageObject","inLanguage":"fr-FR","@id":"https:\/\/wirtznv.com\/fr\/projets\/projet-immobilier-multifonctionnel\/#primaryimage","url":"https:\/\/wirtznv.com\/wp-content\/uploads\/2022\/04\/Hoofdfoto-Projectontwikkeling.jpg","contentUrl":"https:\/\/wirtznv.com\/wp-content\/uploads\/2022\/04\/Hoofdfoto-Projectontwikkeling.jpg","width":1425,"height":2000},{"@type":"BreadcrumbList","@id":"https:\/\/wirtznv.com\/fr\/projets\/projet-immobilier-multifonctionnel\/#breadcrumb","itemListElement":[{"@type":"ListItem","position":1,"name":"Home","item":"https:\/\/wirtznv.com\/fr\/"},{"@type":"ListItem","position":2,"name":"Projets","item":"https:\/\/wirtznv.com\/fr\/projets\/"},{"@type":"ListItem","position":3,"name":"Projet immobilier multifonctionnel"}]},{"@type":"WebSite","@id":"https:\/\/wirtznv.com\/fr\/#website","url":"https:\/\/wirtznv.com\/fr\/","name":"Wirtz NV","description":"","publisher":{"@id":"https:\/\/wirtznv.com\/fr\/#organization"},"potentialAction":[{"@type":"SearchAction","target":{"@type":"EntryPoint","urlTemplate":"https:\/\/wirtznv.com\/fr\/?s={search_term_string}"},"query-input":{"@type":"PropertyValueSpecification","valueRequired":true,"valueName":"search_term_string"}}],"inLanguage":"fr-FR"},{"@type":"Organization","@id":"https:\/\/wirtznv.com\/fr\/#organization","name":"Wirtz NV","url":"https:\/\/wirtznv.com\/fr\/","logo":{"@type":"ImageObject","inLanguage":"fr-FR","@id":"https:\/\/wirtznv.com\/fr\/#\/schema\/logo\/image\/","url":"https:\/\/mk0wirtznvw3r6n59kw4.kinstacdn.com\/wp-content\/uploads\/2021\/03\/logo_header@2x-1.png","contentUrl":"https:\/\/mk0wirtznvw3r6n59kw4.kinstacdn.com\/wp-content\/uploads\/2021\/03\/logo_header@2x-1.png","width":177,"height":161,"caption":"Wirtz NV"},"image":{"@id":"https:\/\/wirtznv.com\/fr\/#\/schema\/logo\/image\/"}}]}},"_links":{"self":[{"href":"https:\/\/wirtznv.com\/fr\/wp-json\/wp\/v2\/pages\/6674","targetHints":{"allow":["GET"]}}],"collection":[{"href":"https:\/\/wirtznv.com\/fr\/wp-json\/wp\/v2\/pages"}],"about":[{"href":"https:\/\/wirtznv.com\/fr\/wp-json\/wp\/v2\/types\/page"}],"author":[{"embeddable":true,"href":"https:\/\/wirtznv.com\/fr\/wp-json\/wp\/v2\/users\/1"}],"replies":[{"embeddable":true,"href":"https:\/\/wirtznv.com\/fr\/wp-json\/wp\/v2\/comments?post=6674"}],"version-history":[{"count":0,"href":"https:\/\/wirtznv.com\/fr\/wp-json\/wp\/v2\/pages\/6674\/revisions"}],"up":[{"embeddable":true,"href":"https:\/\/wirtznv.com\/fr\/wp-json\/wp\/v2\/pages\/6342"}],"wp:featuredmedia":[{"embeddable":true,"href":"https:\/\/wirtznv.com\/fr\/wp-json\/wp\/v2\/media\/7863"}],"wp:attachment":[{"href":"https:\/\/wirtznv.com\/fr\/wp-json\/wp\/v2\/media?parent=6674"}],"wp:term":[{"taxonomy":"category","embeddable":true,"href":"https:\/\/wirtznv.com\/fr\/wp-json\/wp\/v2\/categories?post=6674"},{"taxonomy":"post_tag","embeddable":true,"href":"https:\/\/wirtznv.com\/fr\/wp-json\/wp\/v2\/tags?post=6674"}],"curies":[{"name":"wp","href":"https:\/\/api.w.org\/{rel}","templated":true}]}}