{"id":6661,"date":"2021-04-28T11:11:01","date_gmt":"2021-04-28T11:11:01","guid":{"rendered":"https:\/\/wirtznv.com\/projects\/openbare-ruimtes\/"},"modified":"2023-03-17T09:53:40","modified_gmt":"2023-03-17T07:53:40","slug":"espaces-publics","status":"publish","type":"page","link":"https:\/\/wirtznv.com\/fr\/projets\/espaces-publics\/","title":{"rendered":"Espaces publics"},"content":{"rendered":"<div class=\"wpb-content-wrapper\"><p>[vc_row css=\u00a0\u00bb.vc_custom_1616406220785{padding-top: 50px !important;padding-bottom: 50px !important;}\u00a0\u00bb][vc_column][vc_raw_html el_class=\u00a0\u00bbbreadcrumb\u00a0\u00bb]JTVCd3BzZW9fYnJlYWRjcnVtYiU1RA==[\/vc_raw_html][\/vc_column][\/vc_row][vc_row gap=\u00a0\u00bb35&Prime; equal_height=\u00a0\u00bbyes\u00a0\u00bb][vc_column width=\u00a0\u00bb1\/12&Prime;][\/vc_column][vc_column width=\u00a0\u00bb5\/12&Prime;][vc_column_text el_class=\u00a0\u00bbseoh1&Prime;]<\/p>\n<h1>Espaces publics<\/h1>\n<p>[\/vc_column_text][\/vc_column][vc_column width=\u00a0\u00bb5\/12&Prime; el_class=\u00a0\u00bblineleft\u00a0\u00bb][vc_column_text]L\u2019am\u00e9nagement et la qualit\u00e9 (de vie) des <strong>espaces publics<\/strong> d\u00e9terminent en grande partie l\u2019environnement urbain. L\u2019alternance mutuelle entre architecture et nature joue \u00e0 cette occasion un r\u00f4le important. Une coh\u00e9sion harmonieuse donne aux villages et villes leur propre\u00a0<em>identit\u00e9<\/em>. D\u2019un parc intime \u00e0 une place anim\u00e9e ou un terrain de stationnement verdoyant.<\/p>\n<p>Les espaces publics affichent un caract\u00e8re b\u00e9n\u00e9fique et harmonieux. Ils doivent procurer un apaisement dans notre monde oppress\u00e9 et tr\u00e9pidant, plein de bruits et d\u2019agitation. Les besoins humains sont essentiels dans les espaces publics ext\u00e9rieurs. Il s\u2019agit d\u2019espaces destin\u00e9s \u00e0 la soci\u00e9t\u00e9, ils doivent donc \u00eatre accessibles \u00e0 un grand public. C\u2019est tout un art que d\u2019exploiter l\u2019espace public et de l\u2019am\u00e9nager de mani\u00e8re optimale.[\/vc_column_text][\/vc_column][vc_column width=\u00a0\u00bb1\/12&Prime;][\/vc_column][\/vc_row][vc_row el_class=\u00a0\u00bbseoprojectenrow\u00a0\u00bb][vc_column]<div class=\"edgtf-portfolio-slider-holder\"><div class=\"edgtf-portfolio-list-holder edgtf-grid-list edgtf-disable-bottom-space edgtf-pl-gallery edgtf-three-columns edgtf-medium-space edgtf-pl-gallery-overlay    edgtf-pl-pag-no-pagination      edgtf-pag-below-slider \"  data-type=gallery data-number-of-columns=three data-lower-even-columns=no data-space-between-items=medium data-additional-spacing=no data-number-of-items=-1 data-image-proportions=large data-enable-fixed-proportions=no data-enable-image-shadow=no data-category=openbare-ruimtes data-orderby=date data-order=ASC data-item-style=gallery-overlay data-advanced-hover=no data-enable-title=yes data-title-tag=h4 data-enable-category=no data-enable-count-images=yes data-enable-excerpt=no data-excerpt-length=20 data-pagination-type=no-pagination data-filter=no data-filter-order-by=name data-enable-article-animation=no data-portfolio-slider-on=yes data-enable-loop=yes data-enable-autoplay=yes data-slider-speed=3000 data-slider-speed-animation=600 data-enable-navigation=yes data-enable-pagination=yes data-pagination-position=below-slider data-title-skin=light data-enable-article-parallax=no data-max-num-pages=0 data-next-page=2>\n\t\t<div class=\"edgtf-pl-inner edgtf-outer-space edgtf-owl-slider edgtf-list-is-slider clearfix\">\n\t\t<article class=\"edgtf-pl-item edgtf-item-space  post-6526 portfolio-item type-portfolio-item status-publish has-post-thumbnail hentry portfolio-category-espaces-publics\" >\n\t<div class=\"edgtf-pl-item-inner\">\n        <div class=\"edgtf-pl-inner-content\">\n            \n\n\t\n    <div class=\"edgtf-pli-image\" data-src=\"https:\/\/wirtznv.com\/wp-content\/uploads\/2021\/04\/39.-City-of-Justice-Barcelona-Spanje-scaled.jpg\" data-height=\"2003\" data-width=\"2560\">\n\n\t\t<img decoding=\"async\" width=\"1024\" height=\"801\" data-src=\"https:\/\/wirtznv.com\/wp-content\/uploads\/2021\/04\/39.-City-of-Justice-Barcelona-Spanje-1024x801.jpg\" class=\"attachment-large size-large wp-post-image lazyload\" alt=\"\" data-srcset=\"https:\/\/wirtznv.com\/wp-content\/uploads\/2021\/04\/39.-City-of-Justice-Barcelona-Spanje-1024x801.jpg 1024w, https:\/\/wirtznv.com\/wp-content\/uploads\/2021\/04\/39.-City-of-Justice-Barcelona-Spanje-300x235.jpg 300w, https:\/\/wirtznv.com\/wp-content\/uploads\/2021\/04\/39.-City-of-Justice-Barcelona-Spanje-768x601.jpg 768w, https:\/\/wirtznv.com\/wp-content\/uploads\/2021\/04\/39.-City-of-Justice-Barcelona-Spanje-1536x1202.jpg 1536w\" data-sizes=\"(max-width: 1024px) 100vw, 1024px\" src=\"data:image\/svg+xml;base64,PHN2ZyB3aWR0aD0iMSIgaGVpZ2h0PSIxIiB4bWxucz0iaHR0cDovL3d3dy53My5vcmcvMjAwMC9zdmciPjwvc3ZnPg==\" style=\"--smush-placeholder-width: 1024px; --smush-placeholder-aspect-ratio: 1024\/801;\" \/>    <\/div>\n\t\t\n\n<div class=\"edgtf-pli-text-holder\" >\n\t<div class=\"edgtf-pli-text-wrapper\">\n\t\t<div class=\"edgtf-pli-text\">\n\t\t\t\t<h4 itemprop=\"name\" class=\"edgtf-pli-title entry-title\" >\n        \t\t    City of Justice        \t<\/h4>\n                <div class=\"edgtf-hspl-item-title-holder locatie\">\n            Barcelone (ES)            <\/div>\n\n\t\t\t\n\t\t\t\t\t\t\n\t\t\t\t\t<\/div>\n\t<\/div>\n<\/div>\n            <a itemprop=\"url\" class=\"edgtf-pli-link edgtf-block-drag-link\" href=\"https:\/\/wirtznv.com\/fr\/projet\/city-of-justice-barcelone-es\/\" target=\"_self\"><\/a>\n\n        <\/div>\n    <\/div>\n<\/article><article class=\"edgtf-pl-item edgtf-item-space  post-6520 portfolio-item type-portfolio-item status-publish has-post-thumbnail hentry portfolio-category-espaces-publics\" >\n\t<div class=\"edgtf-pl-item-inner\">\n        <div class=\"edgtf-pl-inner-content\">\n            \n\n\t\n    <div class=\"edgtf-pli-image\" data-src=\"https:\/\/wirtznv.com\/wp-content\/uploads\/2021\/04\/Wirtz_Openbare-ruimtes-Parc-Romantique-Esplanade.jpg\" data-height=\"2000\" data-width=\"1500\">\n\n\t\t<img decoding=\"async\" width=\"768\" height=\"1024\" data-src=\"https:\/\/wirtznv.com\/wp-content\/uploads\/2021\/04\/Wirtz_Openbare-ruimtes-Parc-Romantique-Esplanade-768x1024.jpg\" class=\"attachment-large size-large wp-post-image lazyload\" alt=\"\" data-srcset=\"https:\/\/wirtznv.com\/wp-content\/uploads\/2021\/04\/Wirtz_Openbare-ruimtes-Parc-Romantique-Esplanade-768x1024.jpg 768w, https:\/\/wirtznv.com\/wp-content\/uploads\/2021\/04\/Wirtz_Openbare-ruimtes-Parc-Romantique-Esplanade-225x300.jpg 225w, https:\/\/wirtznv.com\/wp-content\/uploads\/2021\/04\/Wirtz_Openbare-ruimtes-Parc-Romantique-Esplanade-1152x1536.jpg 1152w, https:\/\/wirtznv.com\/wp-content\/uploads\/2021\/04\/Wirtz_Openbare-ruimtes-Parc-Romantique-Esplanade.jpg 1500w\" data-sizes=\"(max-width: 768px) 100vw, 768px\" src=\"data:image\/svg+xml;base64,PHN2ZyB3aWR0aD0iMSIgaGVpZ2h0PSIxIiB4bWxucz0iaHR0cDovL3d3dy53My5vcmcvMjAwMC9zdmciPjwvc3ZnPg==\" style=\"--smush-placeholder-width: 768px; --smush-placeholder-aspect-ratio: 768\/1024;\" \/>    <\/div>\n\t\t\n\n<div class=\"edgtf-pli-text-holder\" >\n\t<div class=\"edgtf-pli-text-wrapper\">\n\t\t<div class=\"edgtf-pli-text\">\n\t\t\t\t<h4 itemprop=\"name\" class=\"edgtf-pli-title entry-title\" >\n        \t\t    Parc Romantique et Esplanade        \t<\/h4>\n                <div class=\"edgtf-hspl-item-title-holder locatie\">\n            Ath (BE)            <\/div>\n\n\t\t\t\n\t\t\t\t\t\t\n\t\t\t\t\t<\/div>\n\t<\/div>\n<\/div>\n            <a itemprop=\"url\" class=\"edgtf-pli-link edgtf-block-drag-link\" href=\"https:\/\/wirtznv.com\/fr\/projet\/parc-romantique-et-esplanade-dath-be\/\" target=\"_self\"><\/a>\n\n        <\/div>\n    <\/div>\n<\/article><article class=\"edgtf-pl-item edgtf-item-space  post-6471 portfolio-item type-portfolio-item status-publish has-post-thumbnail hentry portfolio-category-espaces-publics\" >\n\t<div class=\"edgtf-pl-item-inner\">\n        <div class=\"edgtf-pl-inner-content\">\n            \n\n\t\n    <div class=\"edgtf-pli-image\" data-src=\"https:\/\/wirtznv.com\/wp-content\/uploads\/2021\/04\/16.-Bolivarplaats-Nieuwe-Justitiepaleis-Antwerpen-Belgie-scaled.jpg\" data-height=\"1708\" data-width=\"2560\">\n\n\t\t<img decoding=\"async\" width=\"1024\" height=\"683\" data-src=\"https:\/\/wirtznv.com\/wp-content\/uploads\/2021\/04\/16.-Bolivarplaats-Nieuwe-Justitiepaleis-Antwerpen-Belgie-1024x683.jpg\" class=\"attachment-large size-large wp-post-image lazyload\" alt=\"\" data-srcset=\"https:\/\/wirtznv.com\/wp-content\/uploads\/2021\/04\/16.-Bolivarplaats-Nieuwe-Justitiepaleis-Antwerpen-Belgie-1024x683.jpg 1024w, https:\/\/wirtznv.com\/wp-content\/uploads\/2021\/04\/16.-Bolivarplaats-Nieuwe-Justitiepaleis-Antwerpen-Belgie-300x200.jpg 300w, https:\/\/wirtznv.com\/wp-content\/uploads\/2021\/04\/16.-Bolivarplaats-Nieuwe-Justitiepaleis-Antwerpen-Belgie-768x513.jpg 768w, https:\/\/wirtznv.com\/wp-content\/uploads\/2021\/04\/16.-Bolivarplaats-Nieuwe-Justitiepaleis-Antwerpen-Belgie-1536x1025.jpg 1536w\" data-sizes=\"(max-width: 1024px) 100vw, 1024px\" src=\"data:image\/svg+xml;base64,PHN2ZyB3aWR0aD0iMSIgaGVpZ2h0PSIxIiB4bWxucz0iaHR0cDovL3d3dy53My5vcmcvMjAwMC9zdmciPjwvc3ZnPg==\" style=\"--smush-placeholder-width: 1024px; --smush-placeholder-aspect-ratio: 1024\/683;\" \/>    <\/div>\n\t\t\n\n<div class=\"edgtf-pli-text-holder\" >\n\t<div class=\"edgtf-pli-text-wrapper\">\n\t\t<div class=\"edgtf-pli-text\">\n\t\t\t\t<h4 itemprop=\"name\" class=\"edgtf-pli-title entry-title\" >\n        \t\t    Place Bolivar \u2013 Nouveau Palais de Justice        \t<\/h4>\n                <div class=\"edgtf-hspl-item-title-holder locatie\">\n             Anvers (BE)            <\/div>\n\n\t\t\t\n\t\t\t\t\t\t\n\t\t\t\t\t<\/div>\n\t<\/div>\n<\/div>\n            <a itemprop=\"url\" class=\"edgtf-pli-link edgtf-block-drag-link\" href=\"https:\/\/wirtznv.com\/fr\/projet\/place-bolivar-nouveau-palais-de-justice\/\" target=\"_self\"><\/a>\n\n        <\/div>\n    <\/div>\n<\/article><article class=\"edgtf-pl-item edgtf-item-space  post-6404 portfolio-item type-portfolio-item status-publish has-post-thumbnail hentry portfolio-category-espaces-publics\" >\n\t<div class=\"edgtf-pl-item-inner\">\n        <div class=\"edgtf-pl-inner-content\">\n            \n\n\t\n    <div class=\"edgtf-pli-image\" data-src=\"https:\/\/wirtznv.com\/wp-content\/uploads\/2021\/04\/1.-Les-Jardins-du-Carrousel-Frankrijk-scaled.jpg\" data-height=\"1920\" data-width=\"2560\">\n\n\t\t<img decoding=\"async\" width=\"1024\" height=\"768\" data-src=\"https:\/\/wirtznv.com\/wp-content\/uploads\/2021\/04\/1.-Les-Jardins-du-Carrousel-Frankrijk-1024x768.jpg\" class=\"attachment-large size-large wp-post-image lazyload\" alt=\"\" data-srcset=\"https:\/\/wirtznv.com\/wp-content\/uploads\/2021\/04\/1.-Les-Jardins-du-Carrousel-Frankrijk-1024x768.jpg 1024w, https:\/\/wirtznv.com\/wp-content\/uploads\/2021\/04\/1.-Les-Jardins-du-Carrousel-Frankrijk-300x225.jpg 300w, https:\/\/wirtznv.com\/wp-content\/uploads\/2021\/04\/1.-Les-Jardins-du-Carrousel-Frankrijk-768x576.jpg 768w, https:\/\/wirtznv.com\/wp-content\/uploads\/2021\/04\/1.-Les-Jardins-du-Carrousel-Frankrijk-1536x1152.jpg 1536w\" data-sizes=\"(max-width: 1024px) 100vw, 1024px\" src=\"data:image\/svg+xml;base64,PHN2ZyB3aWR0aD0iMSIgaGVpZ2h0PSIxIiB4bWxucz0iaHR0cDovL3d3dy53My5vcmcvMjAwMC9zdmciPjwvc3ZnPg==\" style=\"--smush-placeholder-width: 1024px; --smush-placeholder-aspect-ratio: 1024\/768;\" \/>    <\/div>\n\t\t\n\n<div class=\"edgtf-pli-text-holder\" >\n\t<div class=\"edgtf-pli-text-wrapper\">\n\t\t<div class=\"edgtf-pli-text\">\n\t\t\t\t<h4 itemprop=\"name\" class=\"edgtf-pli-title entry-title\" >\n        \t\t    Les Jardins du Carrousel        \t<\/h4>\n                <div class=\"edgtf-hspl-item-title-holder locatie\">\n            Paris (FR)            <\/div>\n\n\t\t\t\n\t\t\t\t\t\t\n\t\t\t\t\t<\/div>\n\t<\/div>\n<\/div>\n            <a itemprop=\"url\" class=\"edgtf-pli-link edgtf-block-drag-link\" href=\"https:\/\/wirtznv.com\/fr\/projet\/les-jardins-du-carrousel-fr\/\" target=\"_self\"><\/a>\n\n        <\/div>\n    <\/div>\n<\/article><article class=\"edgtf-pl-item edgtf-item-space  post-6388 portfolio-item type-portfolio-item status-publish has-post-thumbnail hentry portfolio-category-espaces-publics\" >\n\t<div class=\"edgtf-pl-item-inner\">\n        <div class=\"edgtf-pl-inner-content\">\n            \n\n\t\n    <div class=\"edgtf-pli-image\" data-src=\"https:\/\/wirtznv.com\/wp-content\/uploads\/2021\/04\/Wirtz_Openbare-ruimtes-Het-plein.jpg\" data-height=\"2000\" data-width=\"1500\">\n\n\t\t<img decoding=\"async\" width=\"768\" height=\"1024\" data-src=\"https:\/\/wirtznv.com\/wp-content\/uploads\/2021\/04\/Wirtz_Openbare-ruimtes-Het-plein-768x1024.jpg\" class=\"attachment-large size-large wp-post-image lazyload\" alt=\"\" data-srcset=\"https:\/\/wirtznv.com\/wp-content\/uploads\/2021\/04\/Wirtz_Openbare-ruimtes-Het-plein-768x1024.jpg 768w, https:\/\/wirtznv.com\/wp-content\/uploads\/2021\/04\/Wirtz_Openbare-ruimtes-Het-plein-225x300.jpg 225w, https:\/\/wirtznv.com\/wp-content\/uploads\/2021\/04\/Wirtz_Openbare-ruimtes-Het-plein-1152x1536.jpg 1152w, https:\/\/wirtznv.com\/wp-content\/uploads\/2021\/04\/Wirtz_Openbare-ruimtes-Het-plein.jpg 1500w\" data-sizes=\"(max-width: 768px) 100vw, 768px\" src=\"data:image\/svg+xml;base64,PHN2ZyB3aWR0aD0iMSIgaGVpZ2h0PSIxIiB4bWxucz0iaHR0cDovL3d3dy53My5vcmcvMjAwMC9zdmciPjwvc3ZnPg==\" style=\"--smush-placeholder-width: 768px; --smush-placeholder-aspect-ratio: 768\/1024;\" \/>    <\/div>\n\t\t\n\n<div class=\"edgtf-pli-text-holder\" >\n\t<div class=\"edgtf-pli-text-wrapper\">\n\t\t<div class=\"edgtf-pli-text\">\n\t\t\t\t<h4 itemprop=\"name\" class=\"edgtf-pli-title entry-title\" >\n        \t\t    Het Plein        \t<\/h4>\n                <div class=\"edgtf-hspl-item-title-holder locatie\">\n            Courtrai (BE)            <\/div>\n\n\t\t\t\n\t\t\t\t\t\t\n\t\t\t\t\t<\/div>\n\t<\/div>\n<\/div>\n            <a itemprop=\"url\" class=\"edgtf-pli-link edgtf-block-drag-link\" href=\"https:\/\/wirtznv.com\/fr\/projet\/het-plein-courtrai\/\" target=\"_self\"><\/a>\n\n        <\/div>\n    <\/div>\n<\/article><article class=\"edgtf-pl-item edgtf-item-space  post-6380 portfolio-item type-portfolio-item status-publish has-post-thumbnail hentry portfolio-category-espaces-publics portfolio-category-jardins-sur-les-toits\" >\n\t<div class=\"edgtf-pl-item-inner\">\n        <div class=\"edgtf-pl-inner-content\">\n            \n\n\t\n    <div class=\"edgtf-pli-image\" data-src=\"https:\/\/wirtznv.com\/wp-content\/uploads\/2021\/04\/Wirtz_Openbare-ruimtes-Jubilee-Parc.jpg\" data-height=\"2000\" data-width=\"1500\">\n\n\t\t<img decoding=\"async\" width=\"768\" height=\"1024\" data-src=\"https:\/\/wirtznv.com\/wp-content\/uploads\/2021\/04\/Wirtz_Openbare-ruimtes-Jubilee-Parc-768x1024.jpg\" class=\"attachment-large size-large wp-post-image lazyload\" alt=\"\" data-srcset=\"https:\/\/wirtznv.com\/wp-content\/uploads\/2021\/04\/Wirtz_Openbare-ruimtes-Jubilee-Parc-768x1024.jpg 768w, https:\/\/wirtznv.com\/wp-content\/uploads\/2021\/04\/Wirtz_Openbare-ruimtes-Jubilee-Parc-225x300.jpg 225w, https:\/\/wirtznv.com\/wp-content\/uploads\/2021\/04\/Wirtz_Openbare-ruimtes-Jubilee-Parc-1152x1536.jpg 1152w, https:\/\/wirtznv.com\/wp-content\/uploads\/2021\/04\/Wirtz_Openbare-ruimtes-Jubilee-Parc.jpg 1500w\" data-sizes=\"(max-width: 768px) 100vw, 768px\" src=\"data:image\/svg+xml;base64,PHN2ZyB3aWR0aD0iMSIgaGVpZ2h0PSIxIiB4bWxucz0iaHR0cDovL3d3dy53My5vcmcvMjAwMC9zdmciPjwvc3ZnPg==\" style=\"--smush-placeholder-width: 768px; --smush-placeholder-aspect-ratio: 768\/1024;\" \/>    <\/div>\n\t\t\n\n<div class=\"edgtf-pli-text-holder\" >\n\t<div class=\"edgtf-pli-text-wrapper\">\n\t\t<div class=\"edgtf-pli-text\">\n\t\t\t\t<h4 itemprop=\"name\" class=\"edgtf-pli-title entry-title\" >\n        \t\t    Jubilee Park        \t<\/h4>\n                <div class=\"edgtf-hspl-item-title-holder locatie\">\n            Londres (RU)            <\/div>\n\n\t\t\t\n\t\t\t\t\t\t\n\t\t\t\t\t<\/div>\n\t<\/div>\n<\/div>\n            <a itemprop=\"url\" class=\"edgtf-pli-link edgtf-block-drag-link\" href=\"https:\/\/wirtznv.com\/fr\/projet\/jubilee-park-londres-royaume-uni\/\" target=\"_self\"><\/a>\n\n        <\/div>\n    <\/div>\n<\/article><article class=\"edgtf-pl-item edgtf-item-space  post-6371 portfolio-item type-portfolio-item status-publish has-post-thumbnail hentry portfolio-category-espaces-publics\" >\n\t<div class=\"edgtf-pl-item-inner\">\n        <div class=\"edgtf-pl-inner-content\">\n            \n\n\t\n    <div class=\"edgtf-pli-image\" data-src=\"https:\/\/wirtznv.com\/wp-content\/uploads\/2021\/04\/5.-Albert-II-laan-Brussel-Belgie-scaled.jpg\" data-height=\"1343\" data-width=\"2560\">\n\n\t\t<img decoding=\"async\" width=\"1024\" height=\"537\" data-src=\"https:\/\/wirtznv.com\/wp-content\/uploads\/2021\/04\/5.-Albert-II-laan-Brussel-Belgie-1024x537.jpg\" class=\"attachment-large size-large wp-post-image lazyload\" alt=\"\" data-srcset=\"https:\/\/wirtznv.com\/wp-content\/uploads\/2021\/04\/5.-Albert-II-laan-Brussel-Belgie-1024x537.jpg 1024w, https:\/\/wirtznv.com\/wp-content\/uploads\/2021\/04\/5.-Albert-II-laan-Brussel-Belgie-300x157.jpg 300w, https:\/\/wirtznv.com\/wp-content\/uploads\/2021\/04\/5.-Albert-II-laan-Brussel-Belgie-768x403.jpg 768w, https:\/\/wirtznv.com\/wp-content\/uploads\/2021\/04\/5.-Albert-II-laan-Brussel-Belgie-1536x806.jpg 1536w\" data-sizes=\"(max-width: 1024px) 100vw, 1024px\" src=\"data:image\/svg+xml;base64,PHN2ZyB3aWR0aD0iMSIgaGVpZ2h0PSIxIiB4bWxucz0iaHR0cDovL3d3dy53My5vcmcvMjAwMC9zdmciPjwvc3ZnPg==\" style=\"--smush-placeholder-width: 1024px; --smush-placeholder-aspect-ratio: 1024\/537;\" \/>    <\/div>\n\t\t\n\n<div class=\"edgtf-pli-text-holder\" >\n\t<div class=\"edgtf-pli-text-wrapper\">\n\t\t<div class=\"edgtf-pli-text\">\n\t\t\t\t<h4 itemprop=\"name\" class=\"edgtf-pli-title entry-title\" >\n        \t\t    Boulevard du Roi Albert II        \t<\/h4>\n                <div class=\"edgtf-hspl-item-title-holder locatie\">\n            Bruxelles (BE)            <\/div>\n\n\t\t\t\n\t\t\t\t\t\t\n\t\t\t\t\t<\/div>\n\t<\/div>\n<\/div>\n            <a itemprop=\"url\" class=\"edgtf-pli-link edgtf-block-drag-link\" href=\"https:\/\/wirtznv.com\/fr\/projet\/boulevard-du-roi-albert-ii\/\" target=\"_self\"><\/a>\n\n        <\/div>\n    <\/div>\n<\/article><article class=\"edgtf-pl-item edgtf-item-space  post-6261 portfolio-item type-portfolio-item status-publish has-post-thumbnail hentry portfolio-category-espaces-publics\" >\n\t<div class=\"edgtf-pl-item-inner\">\n        <div class=\"edgtf-pl-inner-content\">\n            \n\n\t\n    <div class=\"edgtf-pli-image\" data-src=\"https:\/\/wirtznv.com\/wp-content\/uploads\/2021\/04\/29.-Plac-Europejski-Warsaw-Spire-Warschau-Polen.jpg\" data-height=\"1000\" data-width=\"1500\">\n\n\t\t<img decoding=\"async\" width=\"1024\" height=\"683\" data-src=\"https:\/\/wirtznv.com\/wp-content\/uploads\/2021\/04\/29.-Plac-Europejski-Warsaw-Spire-Warschau-Polen-1024x683.jpg\" class=\"attachment-large size-large wp-post-image lazyload\" alt=\"\" data-srcset=\"https:\/\/wirtznv.com\/wp-content\/uploads\/2021\/04\/29.-Plac-Europejski-Warsaw-Spire-Warschau-Polen-1024x683.jpg 1024w, https:\/\/wirtznv.com\/wp-content\/uploads\/2021\/04\/29.-Plac-Europejski-Warsaw-Spire-Warschau-Polen-300x200.jpg 300w, https:\/\/wirtznv.com\/wp-content\/uploads\/2021\/04\/29.-Plac-Europejski-Warsaw-Spire-Warschau-Polen-768x512.jpg 768w, https:\/\/wirtznv.com\/wp-content\/uploads\/2021\/04\/29.-Plac-Europejski-Warsaw-Spire-Warschau-Polen.jpg 1500w\" data-sizes=\"(max-width: 1024px) 100vw, 1024px\" src=\"data:image\/svg+xml;base64,PHN2ZyB3aWR0aD0iMSIgaGVpZ2h0PSIxIiB4bWxucz0iaHR0cDovL3d3dy53My5vcmcvMjAwMC9zdmciPjwvc3ZnPg==\" style=\"--smush-placeholder-width: 1024px; --smush-placeholder-aspect-ratio: 1024\/683;\" \/>    <\/div>\n\t\t\n\n<div class=\"edgtf-pli-text-holder\" >\n\t<div class=\"edgtf-pli-text-wrapper\">\n\t\t<div class=\"edgtf-pli-text\">\n\t\t\t\t<h4 itemprop=\"name\" class=\"edgtf-pli-title entry-title\" >\n        \t\t    Place de l\u2019Europe \u2013 Fl\u00e8che de Varsovie        \t<\/h4>\n                <div class=\"edgtf-hspl-item-title-holder locatie\">\n            Varsovie (PL)            <\/div>\n\n\t\t\t\n\t\t\t\t\t\t\n\t\t\t\t\t<\/div>\n\t<\/div>\n<\/div>\n            <a itemprop=\"url\" class=\"edgtf-pli-link edgtf-block-drag-link\" href=\"https:\/\/wirtznv.com\/fr\/projet\/place-de-leurope-fleche-de-varsovie-pl\/\" target=\"_self\"><\/a>\n\n        <\/div>\n    <\/div>\n<\/article><article class=\"edgtf-pl-item edgtf-item-space  post-6247 portfolio-item type-portfolio-item status-publish has-post-thumbnail hentry portfolio-category-espaces-publics\" >\n\t<div class=\"edgtf-pl-item-inner\">\n        <div class=\"edgtf-pl-inner-content\">\n            \n\n\t\n    <div class=\"edgtf-pli-image\" data-src=\"https:\/\/wirtznv.com\/wp-content\/uploads\/2021\/04\/31.-Stadstuin-Ronse-Belgie-scaled.jpg\" data-height=\"1709\" data-width=\"2560\">\n\n\t\t<img decoding=\"async\" width=\"1024\" height=\"683\" data-src=\"https:\/\/wirtznv.com\/wp-content\/uploads\/2021\/04\/31.-Stadstuin-Ronse-Belgie-1024x683.jpg\" class=\"attachment-large size-large wp-post-image lazyload\" alt=\"\" data-srcset=\"https:\/\/wirtznv.com\/wp-content\/uploads\/2021\/04\/31.-Stadstuin-Ronse-Belgie-1024x683.jpg 1024w, https:\/\/wirtznv.com\/wp-content\/uploads\/2021\/04\/31.-Stadstuin-Ronse-Belgie-300x200.jpg 300w, https:\/\/wirtznv.com\/wp-content\/uploads\/2021\/04\/31.-Stadstuin-Ronse-Belgie-768x513.jpg 768w, https:\/\/wirtznv.com\/wp-content\/uploads\/2021\/04\/31.-Stadstuin-Ronse-Belgie-1536x1025.jpg 1536w\" data-sizes=\"(max-width: 1024px) 100vw, 1024px\" src=\"data:image\/svg+xml;base64,PHN2ZyB3aWR0aD0iMSIgaGVpZ2h0PSIxIiB4bWxucz0iaHR0cDovL3d3dy53My5vcmcvMjAwMC9zdmciPjwvc3ZnPg==\" style=\"--smush-placeholder-width: 1024px; --smush-placeholder-aspect-ratio: 1024\/683;\" \/>    <\/div>\n\t\t\n\n<div class=\"edgtf-pli-text-holder\" >\n\t<div class=\"edgtf-pli-text-wrapper\">\n\t\t<div class=\"edgtf-pli-text\">\n\t\t\t\t<h4 itemprop=\"name\" class=\"edgtf-pli-title entry-title\" >\n        \t\t    De Stadstuin        \t<\/h4>\n                <div class=\"edgtf-hspl-item-title-holder locatie\">\n            Renaix (BE)            <\/div>\n\n\t\t\t\n\t\t\t\t\t\t\n\t\t\t\t\t<\/div>\n\t<\/div>\n<\/div>\n            <a itemprop=\"url\" class=\"edgtf-pli-link edgtf-block-drag-link\" href=\"https:\/\/wirtznv.com\/fr\/projet\/stadstuin-renaix\/\" target=\"_self\"><\/a>\n\n        <\/div>\n    <\/div>\n<\/article>\t<\/div>\n\t\n\t<\/div><\/div>[vc_column_text el_class=\u00a0\u00bbmeerprojecten\u00a0\u00bb]<a href=\"https:\/\/wirtznv.com\/fr\/projets\/\">Plus de projets<\/a>[\/vc_column_text][\/vc_column][\/vc_row][vc_row gap=\u00a0\u00bb35&Prime; equal_height=\u00a0\u00bbyes\u00a0\u00bb][vc_column width=\u00a0\u00bb1\/12&Prime;][\/vc_column][vc_column width=\u00a0\u00bb5\/12&Prime;][vc_column_text el_class=\u00a0\u00bbseoh1&Prime;]<\/p>\n<h2>Proportions royales et lignes de force volumineuses<\/h2>\n<p>[\/vc_column_text][\/vc_column][vc_column width=\u00a0\u00bb5\/12&Prime; el_class=\u00a0\u00bblineleft\u00a0\u00bb][vc_column_text]Des espaces de repos et d\u2019activit\u00e9s, jardins communautaires, plaines de jeux et lieux de rencontre donnent naissance \u00e0 des espaces naturels, dans lesquels chaque groupe d\u2019\u00e2ge se sent bien. Nous faisons \u00e0 cette occasion appel \u00e0 des proportions royales et \u00e0 des lignes de force volumineuses, associ\u00e9es \u00e0 des rappels de grands groupes de plantes, buissons et arbres. Nous \u00e9vitons ainsi le \u00ab\u00a0morcellement\u00a0\u00bb, sans sacrifier au caract\u00e8re intimiste.<\/p>\n<p>La plantation d\u2019arbres dans l\u2019espace public forme d\u00e8s lors le fer de lance de nos projets. Les arbres nous permettent d\u2019am\u00e9nager des zones d\u2019ombre dans les parcs et plaines. Nous \u00e9veillons par ailleurs la curiosit\u00e9 des visiteurs en variant les esp\u00e8ces.[\/vc_column_text][\/vc_column][vc_column width=\u00a0\u00bb1\/12&Prime;][\/vc_column][\/vc_row][vc_row gap=\u00a0\u00bb35&Prime; equal_height=\u00a0\u00bbyes\u00a0\u00bb][vc_column width=\u00a0\u00bb1\/12&Prime;][\/vc_column][vc_column width=\u00a0\u00bb5\/12&Prime;][vc_column_text el_class=\u00a0\u00bbseoh1&Prime;]<\/p>\n<h1>Conceptions anticipatoires<\/h1>\n<p>[\/vc_column_text][\/vc_column][vc_column width=\u00a0\u00bb5\/12&Prime; el_class=\u00a0\u00bblineleft\u00a0\u00bb][vc_column_text]Concevoir dans l\u2019espace public implique un juste \u00e9quilibre entre de nombreux aspects.<\/p>\n<ul>\n<li>la viabilit\u00e9<\/li>\n<li>la fonctionnalit<\/li>\n<li>la faisabilit\u00e9<\/li>\n<li>l\u2019entretien futur<\/li>\n<\/ul>\n<p>Le projet a-t-il correctement \u00e9volu\u00e9 et est-il arriv\u00e9 \u00e0 maturit\u00e9 apr\u00e8s plusieurs ann\u00e9es\u00a0? En tant qu\u2019architectes paysagistes, c\u2019est pour nous le plus beau des compliments. Le niveau d\u2019entretien d\u00e9termine en effet pour beaucoup l\u2019appr\u00e9ciation d\u2019un espace public. Vous aimeriez conna\u00eetre les possibilit\u00e9s d\u2019am\u00e9nagement fonctionnel, facile d\u2019entretien et \u00e9cologique pour votre espace public\u00a0?[\/vc_column_text][vc_column_text css=\u00a0\u00bb.vc_custom_1620235072785{margin-top: 50px !important;}\u00a0\u00bb]<a href=\"https:\/\/wirtznv.com\/fr\/contact\/\"><span style=\"text-decoration: underline;\"><strong>CONTACTEZ-NOUS<\/strong><\/span><\/a>[\/vc_column_text][\/vc_column][vc_column width=\u00a0\u00bb1\/12&Prime;][\/vc_column][\/vc_row][vc_row full_width=\u00a0\u00bbstretch_row\u00a0\u00bb content_placement=\u00a0\u00bbmiddle\u00a0\u00bb css=\u00a0\u00bb.vc_custom_1617800696269{background-color: #f0f0f0 !important;}\u00a0\u00bb el_class=\u00a0\u00bbmoreprojectsrow\u00a0\u00bb][vc_column width=\u00a0\u00bb2\/3&Prime;][vc_column_text el_class=\u00a0\u00bbseoh1&Prime;]<\/p>\n<h2 style=\"text-align: left;\">Autres cat\u00e9gories<\/h2>\n<p>[\/vc_column_text][vc_basic_grid post_type=\u00a0\u00bbpage\u00a0\u00bb max_items=\u00a0\u00bb3&Prime; item=\u00a0\u00bb3590&Prime; grid_id=\u00a0\u00bbvc_gid:1679039562640-ece36427-a901-8&Prime; taxonomies=\u00a0\u00bb133&Prime;][\/vc_column][vc_column width=\u00a0\u00bb1\/3&Prime;][vc_column_text el_class=\u00a0\u00bbmeerprojecten\u00a0\u00bb]<\/p>\n<h5 style=\"text-align: center;\"><a href=\"https:\/\/wirtznv.com\/fr\/projets\/\">Tous projets<\/a><\/h5>\n<p>[\/vc_column_text][\/vc_column][\/vc_row]<\/p>\n<\/div>","protected":false},"excerpt":{"rendered":"<p>[vc_row css=\u00a0\u00bb.vc_custom_1616406220785{padding-top: 50px !important;padding-bottom: 50px !important;}\u00a0\u00bb][vc_column][vc_raw_html el_class=\u00a0\u00bbbreadcrumb\u00a0\u00bb]JTVCd3BzZW9fYnJlYWRjcnVtYiU1RA==[\/vc_raw_html][\/vc_column][\/vc_row][vc_row gap=\u00a0\u00bb35&Prime; equal_height=\u00a0\u00bbyes\u00a0\u00bb][vc_column width=\u00a0\u00bb1\/12&Prime;][\/vc_column][vc_column width=\u00a0\u00bb5\/12&Prime;][vc_column_text el_class=\u00a0\u00bbseoh1&Prime;] Espaces publics [\/vc_column_text][\/vc_column][vc_column width=\u00a0\u00bb5\/12&Prime; el_class=\u00a0\u00bblineleft\u00a0\u00bb][vc_column_text]L\u2019am\u00e9nagement et la qualit\u00e9 (de vie) des espaces publics d\u00e9terminent en grande partie l\u2019environnement urbain. L\u2019alternance mutuelle entre architecture et nature joue \u00e0 cette [&hellip;]<\/p>\n","protected":false},"author":1,"featured_media":7855,"parent":6342,"menu_order":3,"comment_status":"closed","ping_status":"closed","template":"","meta":{"_acf_changed":false,"footnotes":""},"categories":[157],"tags":[],"class_list":["post-6661","page","type-page","status-publish","has-post-thumbnail","hentry","category-categoriepagina-fr"],"acf":[],"yoast_head":"<!-- This site is optimized with the Yoast SEO plugin v27.4 - https:\/\/yoast.com\/product\/yoast-seo-wordpress\/ -->\n<title>Espaces publics | Wirtz International Landscape Architects<\/title>\n<meta name=\"description\" content=\"D\u00e9couvrez les diff\u00e9rents conceptions d&#039;espaces publics r\u00e9alis\u00e9 par Wirtz International Landscape Architects \u00e0 domicile et \u00e0 l&#039;\u00e9tranger.\" \/>\n<meta name=\"robots\" content=\"index, follow, max-snippet:-1, max-image-preview:large, max-video-preview:-1\" \/>\n<link rel=\"canonical\" href=\"https:\/\/wirtznv.com\/fr\/projets\/espaces-publics\/\" \/>\n<meta property=\"og:locale\" content=\"fr_FR\" \/>\n<meta property=\"og:type\" content=\"article\" \/>\n<meta property=\"og:title\" content=\"Espaces publics | Wirtz International Landscape Architects\" \/>\n<meta property=\"og:description\" content=\"D\u00e9couvrez les diff\u00e9rents conceptions d&#039;espaces publics r\u00e9alis\u00e9 par Wirtz International Landscape Architects \u00e0 domicile et \u00e0 l&#039;\u00e9tranger.\" \/>\n<meta property=\"og:url\" content=\"https:\/\/wirtznv.com\/fr\/projets\/espaces-publics\/\" \/>\n<meta property=\"og:site_name\" content=\"Wirtz NV\" \/>\n<meta property=\"article:modified_time\" content=\"2023-03-17T07:53:40+00:00\" \/>\n<meta property=\"og:image\" content=\"https:\/\/wirtznv.com\/wp-content\/uploads\/2022\/04\/Hoofdfoto-Openbare-Ruimtes.jpg\" \/>\n\t<meta property=\"og:image:width\" content=\"1425\" \/>\n\t<meta property=\"og:image:height\" content=\"2000\" \/>\n\t<meta property=\"og:image:type\" content=\"image\/jpeg\" \/>\n<meta name=\"twitter:card\" content=\"summary_large_image\" \/>\n<meta name=\"twitter:label1\" content=\"Dur\u00e9e de lecture estim\u00e9e\" \/>\n\t<meta name=\"twitter:data1\" content=\"2 minutes\" \/>\n<script type=\"application\/ld+json\" class=\"yoast-schema-graph\">{\"@context\":\"https:\\\/\\\/schema.org\",\"@graph\":[{\"@type\":\"WebPage\",\"@id\":\"https:\\\/\\\/wirtznv.com\\\/fr\\\/projets\\\/espaces-publics\\\/\",\"url\":\"https:\\\/\\\/wirtznv.com\\\/fr\\\/projets\\\/espaces-publics\\\/\",\"name\":\"Espaces publics | Wirtz International Landscape Architects\",\"isPartOf\":{\"@id\":\"https:\\\/\\\/wirtznv.com\\\/fr\\\/#website\"},\"primaryImageOfPage\":{\"@id\":\"https:\\\/\\\/wirtznv.com\\\/fr\\\/projets\\\/espaces-publics\\\/#primaryimage\"},\"image\":{\"@id\":\"https:\\\/\\\/wirtznv.com\\\/fr\\\/projets\\\/espaces-publics\\\/#primaryimage\"},\"thumbnailUrl\":\"https:\\\/\\\/wirtznv.com\\\/wp-content\\\/uploads\\\/2022\\\/04\\\/Hoofdfoto-Openbare-Ruimtes.jpg\",\"datePublished\":\"2021-04-28T11:11:01+00:00\",\"dateModified\":\"2023-03-17T07:53:40+00:00\",\"description\":\"D\u00e9couvrez les diff\u00e9rents conceptions d'espaces publics r\u00e9alis\u00e9 par Wirtz International Landscape Architects \u00e0 domicile et \u00e0 l'\u00e9tranger.\",\"breadcrumb\":{\"@id\":\"https:\\\/\\\/wirtznv.com\\\/fr\\\/projets\\\/espaces-publics\\\/#breadcrumb\"},\"inLanguage\":\"fr-FR\",\"potentialAction\":[{\"@type\":\"ReadAction\",\"target\":[\"https:\\\/\\\/wirtznv.com\\\/fr\\\/projets\\\/espaces-publics\\\/\"]}]},{\"@type\":\"ImageObject\",\"inLanguage\":\"fr-FR\",\"@id\":\"https:\\\/\\\/wirtznv.com\\\/fr\\\/projets\\\/espaces-publics\\\/#primaryimage\",\"url\":\"https:\\\/\\\/wirtznv.com\\\/wp-content\\\/uploads\\\/2022\\\/04\\\/Hoofdfoto-Openbare-Ruimtes.jpg\",\"contentUrl\":\"https:\\\/\\\/wirtznv.com\\\/wp-content\\\/uploads\\\/2022\\\/04\\\/Hoofdfoto-Openbare-Ruimtes.jpg\",\"width\":1425,\"height\":2000},{\"@type\":\"BreadcrumbList\",\"@id\":\"https:\\\/\\\/wirtznv.com\\\/fr\\\/projets\\\/espaces-publics\\\/#breadcrumb\",\"itemListElement\":[{\"@type\":\"ListItem\",\"position\":1,\"name\":\"Home\",\"item\":\"https:\\\/\\\/wirtznv.com\\\/fr\\\/\"},{\"@type\":\"ListItem\",\"position\":2,\"name\":\"Projets\",\"item\":\"https:\\\/\\\/wirtznv.com\\\/fr\\\/projets\\\/\"},{\"@type\":\"ListItem\",\"position\":3,\"name\":\"Espaces publics\"}]},{\"@type\":\"WebSite\",\"@id\":\"https:\\\/\\\/wirtznv.com\\\/fr\\\/#website\",\"url\":\"https:\\\/\\\/wirtznv.com\\\/fr\\\/\",\"name\":\"Wirtz NV\",\"description\":\"\",\"publisher\":{\"@id\":\"https:\\\/\\\/wirtznv.com\\\/fr\\\/#organization\"},\"potentialAction\":[{\"@type\":\"SearchAction\",\"target\":{\"@type\":\"EntryPoint\",\"urlTemplate\":\"https:\\\/\\\/wirtznv.com\\\/fr\\\/?s={search_term_string}\"},\"query-input\":{\"@type\":\"PropertyValueSpecification\",\"valueRequired\":true,\"valueName\":\"search_term_string\"}}],\"inLanguage\":\"fr-FR\"},{\"@type\":\"Organization\",\"@id\":\"https:\\\/\\\/wirtznv.com\\\/fr\\\/#organization\",\"name\":\"Wirtz NV\",\"url\":\"https:\\\/\\\/wirtznv.com\\\/fr\\\/\",\"logo\":{\"@type\":\"ImageObject\",\"inLanguage\":\"fr-FR\",\"@id\":\"https:\\\/\\\/wirtznv.com\\\/fr\\\/#\\\/schema\\\/logo\\\/image\\\/\",\"url\":\"https:\\\/\\\/mk0wirtznvw3r6n59kw4.kinstacdn.com\\\/wp-content\\\/uploads\\\/2021\\\/03\\\/logo_header@2x-1.png\",\"contentUrl\":\"https:\\\/\\\/mk0wirtznvw3r6n59kw4.kinstacdn.com\\\/wp-content\\\/uploads\\\/2021\\\/03\\\/logo_header@2x-1.png\",\"width\":177,\"height\":161,\"caption\":\"Wirtz NV\"},\"image\":{\"@id\":\"https:\\\/\\\/wirtznv.com\\\/fr\\\/#\\\/schema\\\/logo\\\/image\\\/\"}}]}<\/script>\n<!-- \/ Yoast SEO plugin. -->","yoast_head_json":{"title":"Espaces publics | Wirtz International Landscape Architects","description":"D\u00e9couvrez les diff\u00e9rents conceptions d'espaces publics r\u00e9alis\u00e9 par Wirtz International Landscape Architects \u00e0 domicile et \u00e0 l'\u00e9tranger.","robots":{"index":"index","follow":"follow","max-snippet":"max-snippet:-1","max-image-preview":"max-image-preview:large","max-video-preview":"max-video-preview:-1"},"canonical":"https:\/\/wirtznv.com\/fr\/projets\/espaces-publics\/","og_locale":"fr_FR","og_type":"article","og_title":"Espaces publics | Wirtz International Landscape Architects","og_description":"D\u00e9couvrez les diff\u00e9rents conceptions d'espaces publics r\u00e9alis\u00e9 par Wirtz International Landscape Architects \u00e0 domicile et \u00e0 l'\u00e9tranger.","og_url":"https:\/\/wirtznv.com\/fr\/projets\/espaces-publics\/","og_site_name":"Wirtz NV","article_modified_time":"2023-03-17T07:53:40+00:00","og_image":[{"width":1425,"height":2000,"url":"https:\/\/wirtznv.com\/wp-content\/uploads\/2022\/04\/Hoofdfoto-Openbare-Ruimtes.jpg","type":"image\/jpeg"}],"twitter_card":"summary_large_image","twitter_misc":{"Dur\u00e9e de lecture estim\u00e9e":"2 minutes"},"schema":{"@context":"https:\/\/schema.org","@graph":[{"@type":"WebPage","@id":"https:\/\/wirtznv.com\/fr\/projets\/espaces-publics\/","url":"https:\/\/wirtznv.com\/fr\/projets\/espaces-publics\/","name":"Espaces publics | Wirtz International Landscape Architects","isPartOf":{"@id":"https:\/\/wirtznv.com\/fr\/#website"},"primaryImageOfPage":{"@id":"https:\/\/wirtznv.com\/fr\/projets\/espaces-publics\/#primaryimage"},"image":{"@id":"https:\/\/wirtznv.com\/fr\/projets\/espaces-publics\/#primaryimage"},"thumbnailUrl":"https:\/\/wirtznv.com\/wp-content\/uploads\/2022\/04\/Hoofdfoto-Openbare-Ruimtes.jpg","datePublished":"2021-04-28T11:11:01+00:00","dateModified":"2023-03-17T07:53:40+00:00","description":"D\u00e9couvrez les diff\u00e9rents conceptions d'espaces publics r\u00e9alis\u00e9 par Wirtz International Landscape Architects \u00e0 domicile et \u00e0 l'\u00e9tranger.","breadcrumb":{"@id":"https:\/\/wirtznv.com\/fr\/projets\/espaces-publics\/#breadcrumb"},"inLanguage":"fr-FR","potentialAction":[{"@type":"ReadAction","target":["https:\/\/wirtznv.com\/fr\/projets\/espaces-publics\/"]}]},{"@type":"ImageObject","inLanguage":"fr-FR","@id":"https:\/\/wirtznv.com\/fr\/projets\/espaces-publics\/#primaryimage","url":"https:\/\/wirtznv.com\/wp-content\/uploads\/2022\/04\/Hoofdfoto-Openbare-Ruimtes.jpg","contentUrl":"https:\/\/wirtznv.com\/wp-content\/uploads\/2022\/04\/Hoofdfoto-Openbare-Ruimtes.jpg","width":1425,"height":2000},{"@type":"BreadcrumbList","@id":"https:\/\/wirtznv.com\/fr\/projets\/espaces-publics\/#breadcrumb","itemListElement":[{"@type":"ListItem","position":1,"name":"Home","item":"https:\/\/wirtznv.com\/fr\/"},{"@type":"ListItem","position":2,"name":"Projets","item":"https:\/\/wirtznv.com\/fr\/projets\/"},{"@type":"ListItem","position":3,"name":"Espaces publics"}]},{"@type":"WebSite","@id":"https:\/\/wirtznv.com\/fr\/#website","url":"https:\/\/wirtznv.com\/fr\/","name":"Wirtz NV","description":"","publisher":{"@id":"https:\/\/wirtznv.com\/fr\/#organization"},"potentialAction":[{"@type":"SearchAction","target":{"@type":"EntryPoint","urlTemplate":"https:\/\/wirtznv.com\/fr\/?s={search_term_string}"},"query-input":{"@type":"PropertyValueSpecification","valueRequired":true,"valueName":"search_term_string"}}],"inLanguage":"fr-FR"},{"@type":"Organization","@id":"https:\/\/wirtznv.com\/fr\/#organization","name":"Wirtz NV","url":"https:\/\/wirtznv.com\/fr\/","logo":{"@type":"ImageObject","inLanguage":"fr-FR","@id":"https:\/\/wirtznv.com\/fr\/#\/schema\/logo\/image\/","url":"https:\/\/mk0wirtznvw3r6n59kw4.kinstacdn.com\/wp-content\/uploads\/2021\/03\/logo_header@2x-1.png","contentUrl":"https:\/\/mk0wirtznvw3r6n59kw4.kinstacdn.com\/wp-content\/uploads\/2021\/03\/logo_header@2x-1.png","width":177,"height":161,"caption":"Wirtz NV"},"image":{"@id":"https:\/\/wirtznv.com\/fr\/#\/schema\/logo\/image\/"}}]}},"_links":{"self":[{"href":"https:\/\/wirtznv.com\/fr\/wp-json\/wp\/v2\/pages\/6661","targetHints":{"allow":["GET"]}}],"collection":[{"href":"https:\/\/wirtznv.com\/fr\/wp-json\/wp\/v2\/pages"}],"about":[{"href":"https:\/\/wirtznv.com\/fr\/wp-json\/wp\/v2\/types\/page"}],"author":[{"embeddable":true,"href":"https:\/\/wirtznv.com\/fr\/wp-json\/wp\/v2\/users\/1"}],"replies":[{"embeddable":true,"href":"https:\/\/wirtznv.com\/fr\/wp-json\/wp\/v2\/comments?post=6661"}],"version-history":[{"count":0,"href":"https:\/\/wirtznv.com\/fr\/wp-json\/wp\/v2\/pages\/6661\/revisions"}],"up":[{"embeddable":true,"href":"https:\/\/wirtznv.com\/fr\/wp-json\/wp\/v2\/pages\/6342"}],"wp:featuredmedia":[{"embeddable":true,"href":"https:\/\/wirtznv.com\/fr\/wp-json\/wp\/v2\/media\/7855"}],"wp:attachment":[{"href":"https:\/\/wirtznv.com\/fr\/wp-json\/wp\/v2\/media?parent=6661"}],"wp:term":[{"taxonomy":"category","embeddable":true,"href":"https:\/\/wirtznv.com\/fr\/wp-json\/wp\/v2\/categories?post=6661"},{"taxonomy":"post_tag","embeddable":true,"href":"https:\/\/wirtznv.com\/fr\/wp-json\/wp\/v2\/tags?post=6661"}],"curies":[{"name":"wp","href":"https:\/\/api.w.org\/{rel}","templated":true}]}}