{"id":6654,"date":"2021-04-28T11:07:50","date_gmt":"2021-04-28T11:07:50","guid":{"rendered":"https:\/\/wirtznv.com\/projects\/musea-scholen-woonzorgcentra-hotels\/"},"modified":"2023-03-15T17:49:15","modified_gmt":"2023-03-15T15:49:15","slug":"musees-ecoles-soins-residentiels-hotels","status":"publish","type":"page","link":"https:\/\/wirtznv.com\/fr\/projets\/musees-ecoles-soins-residentiels-hotels\/","title":{"rendered":"Mus\u00e9es &#8211; Ecoles &#8211; Soins r\u00e9sidentiels &#8211; H\u00f4tels"},"content":{"rendered":"<div class=\"wpb-content-wrapper\"><p>[vc_row css=\u00a0\u00bb.vc_custom_1616406220785{padding-top: 50px !important;padding-bottom: 50px !important;}\u00a0\u00bb][vc_column][vc_raw_html el_class=\u00a0\u00bbbreadcrumb\u00a0\u00bb]JTVCd3BzZW9fYnJlYWRjcnVtYiU1RA==[\/vc_raw_html][\/vc_column][\/vc_row][vc_row gap=\u00a0\u00bb35&Prime; equal_height=\u00a0\u00bbyes\u00a0\u00bb][vc_column width=\u00a0\u00bb1\/12&Prime;][\/vc_column][vc_column width=\u00a0\u00bb5\/12&Prime;][vc_column_text el_class=\u00a0\u00bbseoh1&Prime;]<\/p>\n<h1>Jardins pour mus\u00e9es, \u00e9coles, soins r\u00e9sidentiels, h\u00f4tels<\/h1>\n<p>[\/vc_column_text][\/vc_column][vc_column width=\u00a0\u00bb5\/12&Prime; el_class=\u00a0\u00bblineleft\u00a0\u00bb][vc_column_text]Les <strong>jardins pour mus\u00e9es, \u00e9coles, r\u00e9sidences de soins et h\u00f4tels<\/strong> sont adapt\u00e9s au style de chaque b\u00e2timent et de son contexte. Les aspects historiques sont soigneusement refl\u00e9t\u00e9s et int\u00e9gr\u00e9s dans une <strong>conception de jardin contemporaine<\/strong>. Chaque jardin forme un lieu de rencontre arbor\u00e9 o\u00f9 espaces int\u00e9rieur et ext\u00e9rieur se confondent.<\/p>\n<p>Nous estimons important de laisser s\u2019exprimer l\u2019esprit d\u2019un endroit. Avec tout l\u2019\u00e9merveillement inspir\u00e9 par la nature et le respect pour les caract\u00e9ristiques du domaine. Selon nous, c\u2019est la cl\u00e9 d\u2019une exp\u00e9rience enrichissante. M\u00eame les conceptions les plus foisonnantes et somptueuses nous semblent toujours fascinantes, jamais pr\u00e9tentieuses ni ostentatoires. Car <strong>un jardin est plein de vie et ne cesse de s\u2019\u00e9panouir<\/strong>. L\u2019ensemble n\u2019atteint son plein potentiel que lorsque les <strong>arbres<\/strong> et <strong>buissons<\/strong> sont en pleine maturit\u00e9.[\/vc_column_text][\/vc_column][vc_column width=\u00a0\u00bb1\/12&Prime;][\/vc_column][\/vc_row][vc_row el_class=\u00a0\u00bbseoprojectenrow\u00a0\u00bb][vc_column]<div class=\"edgtf-portfolio-slider-holder\"><div class=\"edgtf-portfolio-list-holder edgtf-grid-list edgtf-disable-bottom-space edgtf-pl-gallery edgtf-three-columns edgtf-medium-space edgtf-pl-gallery-overlay    edgtf-pl-pag-no-pagination      edgtf-pag-below-slider \"  data-type=gallery data-number-of-columns=three data-lower-even-columns=no data-space-between-items=medium data-additional-spacing=no data-number-of-items=-1 data-image-proportions=large data-enable-fixed-proportions=no data-enable-image-shadow=no data-category=musea-scholen-woonzorgcentra-hotels data-orderby=date data-order=ASC data-item-style=gallery-overlay data-advanced-hover=no data-enable-title=yes data-title-tag=h4 data-enable-category=no data-enable-count-images=yes data-enable-excerpt=no data-excerpt-length=20 data-pagination-type=no-pagination data-filter=no data-filter-order-by=name data-enable-article-animation=no data-portfolio-slider-on=yes data-enable-loop=yes data-enable-autoplay=yes data-slider-speed=3000 data-slider-speed-animation=600 data-enable-navigation=yes data-enable-pagination=yes data-pagination-position=below-slider data-title-skin=light data-enable-article-parallax=no data-max-num-pages=0 data-next-page=2>\n\t\t<div class=\"edgtf-pl-inner edgtf-outer-space edgtf-owl-slider edgtf-list-is-slider clearfix\">\n\t\t<article class=\"edgtf-pl-item edgtf-item-space  post-6513 portfolio-item type-portfolio-item status-publish has-post-thumbnail hentry portfolio-category-musees-ecoles-soins-residentiels-hotels\" >\n\t<div class=\"edgtf-pl-item-inner\">\n        <div class=\"edgtf-pl-inner-content\">\n            \n\n\t\n    <div class=\"edgtf-pli-image\" data-src=\"https:\/\/wirtznv.com\/wp-content\/uploads\/2024\/01\/20220601_171426-scaled.jpg\" data-height=\"2560\" data-width=\"1920\">\n\n\t\t<img decoding=\"async\" width=\"768\" height=\"1024\" data-src=\"https:\/\/wirtznv.com\/wp-content\/uploads\/2024\/01\/20220601_171426-768x1024.jpg\" class=\"attachment-large size-large wp-post-image lazyload\" alt=\"\" data-srcset=\"https:\/\/wirtznv.com\/wp-content\/uploads\/2024\/01\/20220601_171426-768x1024.jpg 768w, https:\/\/wirtznv.com\/wp-content\/uploads\/2024\/01\/20220601_171426-225x300.jpg 225w, https:\/\/wirtznv.com\/wp-content\/uploads\/2024\/01\/20220601_171426-1152x1536.jpg 1152w, https:\/\/wirtznv.com\/wp-content\/uploads\/2024\/01\/20220601_171426-1536x2048.jpg 1536w, https:\/\/wirtznv.com\/wp-content\/uploads\/2024\/01\/20220601_171426-scaled.jpg 1920w\" data-sizes=\"(max-width: 768px) 100vw, 768px\" src=\"data:image\/svg+xml;base64,PHN2ZyB3aWR0aD0iMSIgaGVpZ2h0PSIxIiB4bWxucz0iaHR0cDovL3d3dy53My5vcmcvMjAwMC9zdmciPjwvc3ZnPg==\" style=\"--smush-placeholder-width: 768px; --smush-placeholder-aspect-ratio: 768\/1024;\" \/>    <\/div>\n\t\t\n\n<div class=\"edgtf-pli-text-holder\" >\n\t<div class=\"edgtf-pli-text-wrapper\">\n\t\t<div class=\"edgtf-pli-text\">\n\t\t\t\t<h4 itemprop=\"name\" class=\"edgtf-pli-title entry-title\" >\n        \t\t    Hufkens Art Gallery        \t<\/h4>\n                <div class=\"edgtf-hspl-item-title-holder locatie\">\n            Bruxelles (BE)            <\/div>\n\n\t\t\t\n\t\t\t\t\t\t\n\t\t\t\t\t<\/div>\n\t<\/div>\n<\/div>\n            <a itemprop=\"url\" class=\"edgtf-pli-link edgtf-block-drag-link\" href=\"https:\/\/wirtznv.com\/fr\/projet\/hufkens-art-gallery-bruxelles\/\" target=\"_self\"><\/a>\n\n        <\/div>\n    <\/div>\n<\/article><article class=\"edgtf-pl-item edgtf-item-space  post-6499 portfolio-item type-portfolio-item status-publish has-post-thumbnail hentry portfolio-category-musees-ecoles-soins-residentiels-hotels\" >\n\t<div class=\"edgtf-pl-item-inner\">\n        <div class=\"edgtf-pl-inner-content\">\n            \n\n\t\n    <div class=\"edgtf-pli-image\" data-src=\"https:\/\/wirtznv.com\/wp-content\/uploads\/2021\/04\/Wirtz_Hotels-Guesthouse-Cabosse.jpg\" data-height=\"2000\" data-width=\"1500\">\n\n\t\t<img decoding=\"async\" width=\"768\" height=\"1024\" data-src=\"https:\/\/wirtznv.com\/wp-content\/uploads\/2021\/04\/Wirtz_Hotels-Guesthouse-Cabosse-768x1024.jpg\" class=\"attachment-large size-large wp-post-image lazyload\" alt=\"\" data-srcset=\"https:\/\/wirtznv.com\/wp-content\/uploads\/2021\/04\/Wirtz_Hotels-Guesthouse-Cabosse-768x1024.jpg 768w, https:\/\/wirtznv.com\/wp-content\/uploads\/2021\/04\/Wirtz_Hotels-Guesthouse-Cabosse-225x300.jpg 225w, https:\/\/wirtznv.com\/wp-content\/uploads\/2021\/04\/Wirtz_Hotels-Guesthouse-Cabosse-1152x1536.jpg 1152w, https:\/\/wirtznv.com\/wp-content\/uploads\/2021\/04\/Wirtz_Hotels-Guesthouse-Cabosse.jpg 1500w\" data-sizes=\"(max-width: 768px) 100vw, 768px\" src=\"data:image\/svg+xml;base64,PHN2ZyB3aWR0aD0iMSIgaGVpZ2h0PSIxIiB4bWxucz0iaHR0cDovL3d3dy53My5vcmcvMjAwMC9zdmciPjwvc3ZnPg==\" style=\"--smush-placeholder-width: 768px; --smush-placeholder-aspect-ratio: 768\/1024;\" \/>    <\/div>\n\t\t\n\n<div class=\"edgtf-pli-text-holder\" >\n\t<div class=\"edgtf-pli-text-wrapper\">\n\t\t<div class=\"edgtf-pli-text\">\n\t\t\t\t<h4 itemprop=\"name\" class=\"edgtf-pli-title entry-title\" >\n        \t\t    Guesthouse Cabosse        \t<\/h4>\n                <div class=\"edgtf-hspl-item-title-holder locatie\">\n            Anvers (BE)            <\/div>\n\n\t\t\t\n\t\t\t\t\t\t\n\t\t\t\t\t<\/div>\n\t<\/div>\n<\/div>\n            <a itemprop=\"url\" class=\"edgtf-pli-link edgtf-block-drag-link\" href=\"https:\/\/wirtznv.com\/fr\/projet\/guesthouse-cabosse\/\" target=\"_self\"><\/a>\n\n        <\/div>\n    <\/div>\n<\/article><article class=\"edgtf-pl-item edgtf-item-space  post-6463 portfolio-item type-portfolio-item status-publish has-post-thumbnail hentry portfolio-category-featured-3 portfolio-category-musees-ecoles-soins-residentiels-hotels\" >\n\t<div class=\"edgtf-pl-item-inner\">\n        <div class=\"edgtf-pl-inner-content\">\n            \n\n\t\n    <div class=\"edgtf-pli-image\" data-src=\"https:\/\/wirtznv.com\/wp-content\/uploads\/2021\/04\/15.-Privemuseum-T-Kristallijn-Mol-Belgie-scaled.jpg\" data-height=\"1707\" data-width=\"2560\">\n\n\t\t<img decoding=\"async\" width=\"1024\" height=\"683\" data-src=\"https:\/\/wirtznv.com\/wp-content\/uploads\/2021\/04\/15.-Privemuseum-T-Kristallijn-Mol-Belgie-1024x683.jpg\" class=\"attachment-large size-large wp-post-image lazyload\" alt=\"\" data-srcset=\"https:\/\/wirtznv.com\/wp-content\/uploads\/2021\/04\/15.-Privemuseum-T-Kristallijn-Mol-Belgie-1024x683.jpg 1024w, https:\/\/wirtznv.com\/wp-content\/uploads\/2021\/04\/15.-Privemuseum-T-Kristallijn-Mol-Belgie-300x200.jpg 300w, https:\/\/wirtznv.com\/wp-content\/uploads\/2021\/04\/15.-Privemuseum-T-Kristallijn-Mol-Belgie-768x512.jpg 768w, https:\/\/wirtznv.com\/wp-content\/uploads\/2021\/04\/15.-Privemuseum-T-Kristallijn-Mol-Belgie-1536x1024.jpg 1536w\" data-sizes=\"(max-width: 1024px) 100vw, 1024px\" src=\"data:image\/svg+xml;base64,PHN2ZyB3aWR0aD0iMSIgaGVpZ2h0PSIxIiB4bWxucz0iaHR0cDovL3d3dy53My5vcmcvMjAwMC9zdmciPjwvc3ZnPg==\" style=\"--smush-placeholder-width: 1024px; --smush-placeholder-aspect-ratio: 1024\/683;\" \/>    <\/div>\n\t\t\n\n<div class=\"edgtf-pli-text-holder\" >\n\t<div class=\"edgtf-pli-text-wrapper\">\n\t\t<div class=\"edgtf-pli-text\">\n\t\t\t\t<h4 itemprop=\"name\" class=\"edgtf-pli-title entry-title\" >\n        \t\t    Mus\u00e9e priv\u00e9 \u2018t Kristallijn        \t<\/h4>\n                <div class=\"edgtf-hspl-item-title-holder locatie\">\n            Mol (BE)            <\/div>\n\n\t\t\t\n\t\t\t\t\t\t\n\t\t\t\t\t<\/div>\n\t<\/div>\n<\/div>\n            <a itemprop=\"url\" class=\"edgtf-pli-link edgtf-block-drag-link\" href=\"https:\/\/wirtznv.com\/fr\/projet\/musee-prive-t-kristallijn\/\" target=\"_self\"><\/a>\n\n        <\/div>\n    <\/div>\n<\/article><article class=\"edgtf-pl-item edgtf-item-space  post-6455 portfolio-item type-portfolio-item status-publish has-post-thumbnail hentry portfolio-category-musees-ecoles-soins-residentiels-hotels\" >\n\t<div class=\"edgtf-pl-item-inner\">\n        <div class=\"edgtf-pl-inner-content\">\n            \n\n\t\n    <div class=\"edgtf-pli-image\" data-src=\"https:\/\/wirtznv.com\/wp-content\/uploads\/2021\/04\/ua5.jpg\" data-height=\"600\" data-width=\"900\">\n\n\t\t<img decoding=\"async\" width=\"900\" height=\"600\" data-src=\"https:\/\/wirtznv.com\/wp-content\/uploads\/2021\/04\/ua5.jpg\" class=\"attachment-large size-large wp-post-image lazyload\" alt=\"\" data-srcset=\"https:\/\/wirtznv.com\/wp-content\/uploads\/2021\/04\/ua5.jpg 900w, https:\/\/wirtznv.com\/wp-content\/uploads\/2021\/04\/ua5-300x200.jpg 300w, https:\/\/wirtznv.com\/wp-content\/uploads\/2021\/04\/ua5-768x512.jpg 768w\" data-sizes=\"(max-width: 900px) 100vw, 900px\" src=\"data:image\/svg+xml;base64,PHN2ZyB3aWR0aD0iMSIgaGVpZ2h0PSIxIiB4bWxucz0iaHR0cDovL3d3dy53My5vcmcvMjAwMC9zdmciPjwvc3ZnPg==\" style=\"--smush-placeholder-width: 900px; --smush-placeholder-aspect-ratio: 900\/600;\" \/>    <\/div>\n\t\t\n\n<div class=\"edgtf-pli-text-holder\" >\n\t<div class=\"edgtf-pli-text-wrapper\">\n\t\t<div class=\"edgtf-pli-text\">\n\t\t\t\t<h4 itemprop=\"name\" class=\"edgtf-pli-title entry-title\" >\n        \t\t    Universit\u00e9 d\u2019Anvers \u2013 Campus Wilrijk        \t<\/h4>\n                <div class=\"edgtf-hspl-item-title-holder locatie\">\n            Wilrijk (BE)            <\/div>\n\n\t\t\t\n\t\t\t\t\t\t\n\t\t\t\t\t<\/div>\n\t<\/div>\n<\/div>\n            <a itemprop=\"url\" class=\"edgtf-pli-link edgtf-block-drag-link\" href=\"https:\/\/wirtznv.com\/fr\/projet\/universite-danvers-campus-wilrijk\/\" target=\"_self\"><\/a>\n\n        <\/div>\n    <\/div>\n<\/article><article class=\"edgtf-pl-item edgtf-item-space  post-6449 portfolio-item type-portfolio-item status-publish has-post-thumbnail hentry portfolio-category-musees-ecoles-soins-residentiels-hotels\" >\n\t<div class=\"edgtf-pl-item-inner\">\n        <div class=\"edgtf-pl-inner-content\">\n            \n\n\t\n    <div class=\"edgtf-pli-image\" data-src=\"https:\/\/wirtznv.com\/wp-content\/uploads\/2021\/04\/Wirtz_Scholen-Universiteit-van-Antwerpen-Stadscampus.jpg\" data-height=\"2000\" data-width=\"1490\">\n\n\t\t<img decoding=\"async\" width=\"763\" height=\"1024\" data-src=\"https:\/\/wirtznv.com\/wp-content\/uploads\/2021\/04\/Wirtz_Scholen-Universiteit-van-Antwerpen-Stadscampus-763x1024.jpg\" class=\"attachment-large size-large wp-post-image lazyload\" alt=\"\" data-srcset=\"https:\/\/wirtznv.com\/wp-content\/uploads\/2021\/04\/Wirtz_Scholen-Universiteit-van-Antwerpen-Stadscampus-763x1024.jpg 763w, https:\/\/wirtznv.com\/wp-content\/uploads\/2021\/04\/Wirtz_Scholen-Universiteit-van-Antwerpen-Stadscampus-224x300.jpg 224w, https:\/\/wirtznv.com\/wp-content\/uploads\/2021\/04\/Wirtz_Scholen-Universiteit-van-Antwerpen-Stadscampus-768x1031.jpg 768w, https:\/\/wirtznv.com\/wp-content\/uploads\/2021\/04\/Wirtz_Scholen-Universiteit-van-Antwerpen-Stadscampus-1144x1536.jpg 1144w, https:\/\/wirtznv.com\/wp-content\/uploads\/2021\/04\/Wirtz_Scholen-Universiteit-van-Antwerpen-Stadscampus.jpg 1490w\" data-sizes=\"(max-width: 763px) 100vw, 763px\" src=\"data:image\/svg+xml;base64,PHN2ZyB3aWR0aD0iMSIgaGVpZ2h0PSIxIiB4bWxucz0iaHR0cDovL3d3dy53My5vcmcvMjAwMC9zdmciPjwvc3ZnPg==\" style=\"--smush-placeholder-width: 763px; --smush-placeholder-aspect-ratio: 763\/1024;\" \/>    <\/div>\n\t\t\n\n<div class=\"edgtf-pli-text-holder\" >\n\t<div class=\"edgtf-pli-text-wrapper\">\n\t\t<div class=\"edgtf-pli-text\">\n\t\t\t\t<h4 itemprop=\"name\" class=\"edgtf-pli-title entry-title\" >\n        \t\t    Universit\u00e9 d\u2019Anvers \u2013 Campus urbain        \t<\/h4>\n                <div class=\"edgtf-hspl-item-title-holder locatie\">\n            Anvers (BE)            <\/div>\n\n\t\t\t\n\t\t\t\t\t\t\n\t\t\t\t\t<\/div>\n\t<\/div>\n<\/div>\n            <a itemprop=\"url\" class=\"edgtf-pli-link edgtf-block-drag-link\" href=\"https:\/\/wirtznv.com\/fr\/projet\/universite-danvers-campus-urbain\/\" target=\"_self\"><\/a>\n\n        <\/div>\n    <\/div>\n<\/article><article class=\"edgtf-pl-item edgtf-item-space  post-6417 portfolio-item type-portfolio-item status-publish has-post-thumbnail hentry portfolio-category-musees-ecoles-soins-residentiels-hotels\" >\n\t<div class=\"edgtf-pl-item-inner\">\n        <div class=\"edgtf-pl-inner-content\">\n            \n\n\t\n    <div class=\"edgtf-pli-image\" data-src=\"https:\/\/wirtznv.com\/wp-content\/uploads\/2021\/04\/10.-Christian-Dior-Parijs-Frankrijk-scaled.jpg\" data-height=\"1707\" data-width=\"2560\">\n\n\t\t<img decoding=\"async\" width=\"1024\" height=\"683\" data-src=\"https:\/\/wirtznv.com\/wp-content\/uploads\/2021\/04\/10.-Christian-Dior-Parijs-Frankrijk-1024x683.jpg\" class=\"attachment-large size-large wp-post-image lazyload\" alt=\"\" data-srcset=\"https:\/\/wirtznv.com\/wp-content\/uploads\/2021\/04\/10.-Christian-Dior-Parijs-Frankrijk-1024x683.jpg 1024w, https:\/\/wirtznv.com\/wp-content\/uploads\/2021\/04\/10.-Christian-Dior-Parijs-Frankrijk-300x200.jpg 300w, https:\/\/wirtznv.com\/wp-content\/uploads\/2021\/04\/10.-Christian-Dior-Parijs-Frankrijk-768x512.jpg 768w, https:\/\/wirtznv.com\/wp-content\/uploads\/2021\/04\/10.-Christian-Dior-Parijs-Frankrijk-1536x1024.jpg 1536w\" data-sizes=\"(max-width: 1024px) 100vw, 1024px\" src=\"data:image\/svg+xml;base64,PHN2ZyB3aWR0aD0iMSIgaGVpZ2h0PSIxIiB4bWxucz0iaHR0cDovL3d3dy53My5vcmcvMjAwMC9zdmciPjwvc3ZnPg==\" style=\"--smush-placeholder-width: 1024px; --smush-placeholder-aspect-ratio: 1024\/683;\" \/>    <\/div>\n\t\t\n\n<div class=\"edgtf-pli-text-holder\" >\n\t<div class=\"edgtf-pli-text-wrapper\">\n\t\t<div class=\"edgtf-pli-text\">\n\t\t\t\t<h4 itemprop=\"name\" class=\"edgtf-pli-title entry-title\" >\n        \t\t    D\u00e9fil\u00e9 de mode Christian Dior Haute Couture Printemps-\u00c9t\u00e9        \t<\/h4>\n                <div class=\"edgtf-hspl-item-title-holder locatie\">\n            Paris (FR)            <\/div>\n\n\t\t\t\n\t\t\t\t\t\t\n\t\t\t\t\t<\/div>\n\t<\/div>\n<\/div>\n            <a itemprop=\"url\" class=\"edgtf-pli-link edgtf-block-drag-link\" href=\"https:\/\/wirtznv.com\/fr\/projet\/defile-de-mode-christian-dior-haute-couture-printemps-ete\/\" target=\"_self\"><\/a>\n\n        <\/div>\n    <\/div>\n<\/article><article class=\"edgtf-pl-item edgtf-item-space  post-6338 portfolio-item type-portfolio-item status-publish has-post-thumbnail hentry portfolio-category-musees-ecoles-soins-residentiels-hotels\" >\n\t<div class=\"edgtf-pl-item-inner\">\n        <div class=\"edgtf-pl-inner-content\">\n            \n\n\t\n    <div class=\"edgtf-pli-image\" data-src=\"https:\/\/wirtznv.com\/wp-content\/uploads\/2021\/04\/20.-Art-Center-Hugo-Voeten-Herentals-Belgie-scaled.jpg\" data-height=\"1708\" data-width=\"2560\">\n\n\t\t<img decoding=\"async\" width=\"1024\" height=\"683\" data-src=\"https:\/\/wirtznv.com\/wp-content\/uploads\/2021\/04\/20.-Art-Center-Hugo-Voeten-Herentals-Belgie-1024x683.jpg\" class=\"attachment-large size-large wp-post-image lazyload\" alt=\"\" data-srcset=\"https:\/\/wirtznv.com\/wp-content\/uploads\/2021\/04\/20.-Art-Center-Hugo-Voeten-Herentals-Belgie-1024x683.jpg 1024w, https:\/\/wirtznv.com\/wp-content\/uploads\/2021\/04\/20.-Art-Center-Hugo-Voeten-Herentals-Belgie-300x200.jpg 300w, https:\/\/wirtznv.com\/wp-content\/uploads\/2021\/04\/20.-Art-Center-Hugo-Voeten-Herentals-Belgie-768x513.jpg 768w, https:\/\/wirtznv.com\/wp-content\/uploads\/2021\/04\/20.-Art-Center-Hugo-Voeten-Herentals-Belgie-1536x1025.jpg 1536w\" data-sizes=\"(max-width: 1024px) 100vw, 1024px\" src=\"data:image\/svg+xml;base64,PHN2ZyB3aWR0aD0iMSIgaGVpZ2h0PSIxIiB4bWxucz0iaHR0cDovL3d3dy53My5vcmcvMjAwMC9zdmciPjwvc3ZnPg==\" style=\"--smush-placeholder-width: 1024px; --smush-placeholder-aspect-ratio: 1024\/683;\" \/>    <\/div>\n\t\t\n\n<div class=\"edgtf-pli-text-holder\" >\n\t<div class=\"edgtf-pli-text-wrapper\">\n\t\t<div class=\"edgtf-pli-text\">\n\t\t\t\t<h4 itemprop=\"name\" class=\"edgtf-pli-title entry-title\" >\n        \t\t    Centre d\u2019art Hugo Voeten        \t<\/h4>\n                <div class=\"edgtf-hspl-item-title-holder locatie\">\n            Herentals (BE)            <\/div>\n\n\t\t\t\n\t\t\t\t\t\t\n\t\t\t\t\t<\/div>\n\t<\/div>\n<\/div>\n            <a itemprop=\"url\" class=\"edgtf-pli-link edgtf-block-drag-link\" href=\"https:\/\/wirtznv.com\/fr\/projet\/centre-dart-hugo-voeten\/\" target=\"_self\"><\/a>\n\n        <\/div>\n    <\/div>\n<\/article><article class=\"edgtf-pl-item edgtf-item-space  post-6323 portfolio-item type-portfolio-item status-publish has-post-thumbnail hentry portfolio-category-musees-ecoles-soins-residentiels-hotels\" >\n\t<div class=\"edgtf-pl-item-inner\">\n        <div class=\"edgtf-pl-inner-content\">\n            \n\n\t\n    <div class=\"edgtf-pli-image\" data-src=\"https:\/\/wirtznv.com\/wp-content\/uploads\/2021\/04\/19.-Kunstgalerij-De-Ziener-Asse-Belgie.jpeg\" data-height=\"960\" data-width=\"1280\">\n\n\t\t<img decoding=\"async\" width=\"1024\" height=\"768\" data-src=\"https:\/\/wirtznv.com\/wp-content\/uploads\/2021\/04\/19.-Kunstgalerij-De-Ziener-Asse-Belgie-1024x768.jpeg\" class=\"attachment-large size-large wp-post-image lazyload\" alt=\"\" data-srcset=\"https:\/\/wirtznv.com\/wp-content\/uploads\/2021\/04\/19.-Kunstgalerij-De-Ziener-Asse-Belgie-1024x768.jpeg 1024w, https:\/\/wirtznv.com\/wp-content\/uploads\/2021\/04\/19.-Kunstgalerij-De-Ziener-Asse-Belgie-300x225.jpeg 300w, https:\/\/wirtznv.com\/wp-content\/uploads\/2021\/04\/19.-Kunstgalerij-De-Ziener-Asse-Belgie-768x576.jpeg 768w, https:\/\/wirtznv.com\/wp-content\/uploads\/2021\/04\/19.-Kunstgalerij-De-Ziener-Asse-Belgie.jpeg 1280w\" data-sizes=\"(max-width: 1024px) 100vw, 1024px\" src=\"data:image\/svg+xml;base64,PHN2ZyB3aWR0aD0iMSIgaGVpZ2h0PSIxIiB4bWxucz0iaHR0cDovL3d3dy53My5vcmcvMjAwMC9zdmciPjwvc3ZnPg==\" style=\"--smush-placeholder-width: 1024px; --smush-placeholder-aspect-ratio: 1024\/768;\" \/>    <\/div>\n\t\t\n\n<div class=\"edgtf-pli-text-holder\" >\n\t<div class=\"edgtf-pli-text-wrapper\">\n\t\t<div class=\"edgtf-pli-text\">\n\t\t\t\t<h4 itemprop=\"name\" class=\"edgtf-pli-title entry-title\" >\n        \t\t    Galerie d\u2019art \u00ab De Ziener \u00bb        \t<\/h4>\n                <div class=\"edgtf-hspl-item-title-holder locatie\">\n            Asse (BE)            <\/div>\n\n\t\t\t\n\t\t\t\t\t\t\n\t\t\t\t\t<\/div>\n\t<\/div>\n<\/div>\n            <a itemprop=\"url\" class=\"edgtf-pli-link edgtf-block-drag-link\" href=\"https:\/\/wirtznv.com\/fr\/projet\/galerie-dart-de-ziener\/\" target=\"_self\"><\/a>\n\n        <\/div>\n    <\/div>\n<\/article><article class=\"edgtf-pl-item edgtf-item-space  post-6238 portfolio-item type-portfolio-item status-publish has-post-thumbnail hentry portfolio-category-musees-ecoles-soins-residentiels-hotels\" >\n\t<div class=\"edgtf-pl-item-inner\">\n        <div class=\"edgtf-pl-inner-content\">\n            \n\n\t\n    <div class=\"edgtf-pli-image\" data-src=\"https:\/\/wirtznv.com\/wp-content\/uploads\/2021\/04\/Anco_4.jpg\" data-height=\"600\" data-width=\"900\">\n\n\t\t<img decoding=\"async\" width=\"900\" height=\"600\" data-src=\"https:\/\/wirtznv.com\/wp-content\/uploads\/2021\/04\/Anco_4.jpg\" class=\"attachment-large size-large wp-post-image lazyload\" alt=\"\" data-srcset=\"https:\/\/wirtznv.com\/wp-content\/uploads\/2021\/04\/Anco_4.jpg 900w, https:\/\/wirtznv.com\/wp-content\/uploads\/2021\/04\/Anco_4-300x200.jpg 300w, https:\/\/wirtznv.com\/wp-content\/uploads\/2021\/04\/Anco_4-768x512.jpg 768w\" data-sizes=\"(max-width: 900px) 100vw, 900px\" src=\"data:image\/svg+xml;base64,PHN2ZyB3aWR0aD0iMSIgaGVpZ2h0PSIxIiB4bWxucz0iaHR0cDovL3d3dy53My5vcmcvMjAwMC9zdmciPjwvc3ZnPg==\" style=\"--smush-placeholder-width: 900px; --smush-placeholder-aspect-ratio: 900\/600;\" \/>    <\/div>\n\t\t\n\n<div class=\"edgtf-pli-text-holder\" >\n\t<div class=\"edgtf-pli-text-wrapper\">\n\t\t<div class=\"edgtf-pli-text\">\n\t\t\t\t<h4 itemprop=\"name\" class=\"edgtf-pli-title entry-title\" >\n        \t\t    Anco        \t<\/h4>\n                <div class=\"edgtf-hspl-item-title-holder locatie\">\n            Turnhout (BE)            <\/div>\n\n\t\t\t\n\t\t\t\t\t\t\n\t\t\t\t\t<\/div>\n\t<\/div>\n<\/div>\n            <a itemprop=\"url\" class=\"edgtf-pli-link edgtf-block-drag-link\" href=\"https:\/\/wirtznv.com\/fr\/projet\/anco\/\" target=\"_self\"><\/a>\n\n        <\/div>\n    <\/div>\n<\/article>\t<\/div>\n\t\n\t<\/div><\/div>[vc_column_text el_class=\u00a0\u00bbmeerprojecten\u00a0\u00bb]<a href=\"https:\/\/wirtznv.com\/fr\/projets\/\">Plus de projets<\/a>[\/vc_column_text][\/vc_column][\/vc_row][vc_row gap=\u00a0\u00bb35&Prime; equal_height=\u00a0\u00bbyes\u00a0\u00bb][vc_column width=\u00a0\u00bb1\/12&Prime;][\/vc_column][vc_column width=\u00a0\u00bb5\/12&Prime;][vc_column_text el_class=\u00a0\u00bbseoh1&Prime;]<\/p>\n<h2>L\u2019utilisateur final en point de d\u00e9part<\/h2>\n<p>[\/vc_column_text][\/vc_column][vc_column width=\u00a0\u00bb5\/12&Prime; el_class=\u00a0\u00bblineleft\u00a0\u00bb][vc_column_text]Lors de toutes nos conceptions, le ressenti et l\u2019accessibilit\u00e9 de l\u2019utilisateur final sont essentiels. Qu\u2019il s\u2019agisse d\u2019un <a href=\"https:\/\/wirtznv.com\/fr\/projets\/espaces-publics\/\">campus d\u2019universit\u00e9 anim\u00e9<\/a> ou d\u2019un <a href=\"https:\/\/wirtznv.com\/fr\/projets\/jardins-prives\/\">parc de sculptures intime<\/a>, les jardins sont toujours am\u00e9nag\u00e9s en gardant le groupe cible \u00e0 l\u2019esprit. Ce sont des endroits de rencontre et d\u2019apaisement. L\u2019environnement verdoyant procure en outre un sentiment de s\u00e9curit\u00e9 et de confiance. Nous accordons par ailleurs les plantations de mani\u00e8re \u00e0 ce qu\u2019il ait quelque chose \u00e0 offrir en toute saison. Cet agr\u00e9ment du jardin au fil des saisons participe \u00e9galement au sentiment d\u2019appartenance et \u00e0 la reconnaissance des habitants et\/ou visiteurs.[\/vc_column_text][\/vc_column][vc_column width=\u00a0\u00bb1\/12&Prime;][\/vc_column][\/vc_row][vc_row gap=\u00a0\u00bb35&Prime; equal_height=\u00a0\u00bbyes\u00a0\u00bb][vc_column width=\u00a0\u00bb1\/12&Prime;][\/vc_column][vc_column width=\u00a0\u00bb5\/12&Prime;][vc_column_text el_class=\u00a0\u00bbseoh1&Prime;]<\/p>\n<h2>Composition \u00e0 la fois forte et identifiable<\/h2>\n<p>[\/vc_column_text][\/vc_column][vc_column width=\u00a0\u00bb5\/12&Prime; el_class=\u00a0\u00bblineleft\u00a0\u00bb][vc_column_text]Nous fusionnons forme et fonction en une composition forte et identifiable, o\u00f9 espaces int\u00e9rieur et ext\u00e9rieur se superposent. Dans les mus\u00e9es, les \u00e9coles et les r\u00e9sidences de soins, la <a href=\"https:\/\/wirtznv.com\/fr\/construction\/\">conception de jardin<\/a> sera royale dans ses lignes de force, avec toutefois la sobri\u00e9t\u00e9 n\u00e9cessaire. Ils se caract\u00e9riseront par des <strong>massifs de haies<\/strong>, des <strong>groupes d\u2019arbres<\/strong> et des <a href=\"https:\/\/wirtznv.com\/fr\/projets\/espaces-publics\/\">espaces d\u00e9gag\u00e9s<\/a>. Les <strong>jardins d\u2019h\u00f4tels<\/strong> pr\u00e9sentent par contre une structure plus intense, dans laquelle sont cr\u00e9\u00e9s des espaces d\u00e9limit\u00e9s et o\u00f9 les h\u00f4tes peuvent fl\u00e2ner agr\u00e9ablement.[\/vc_column_text][vc_column_text css=\u00a0\u00bb.vc_custom_1620220769061{margin-top: 50px !important;}\u00a0\u00bb]<a href=\"https:\/\/wirtznv.com\/fr\/contact\/\"><span style=\"text-decoration: underline;\"><strong>CONTACTEZ-NOUS<\/strong><\/span><\/a>[\/vc_column_text][\/vc_column][vc_column width=\u00a0\u00bb1\/12&Prime;][\/vc_column][\/vc_row][vc_row full_width=\u00a0\u00bbstretch_row\u00a0\u00bb content_placement=\u00a0\u00bbmiddle\u00a0\u00bb css=\u00a0\u00bb.vc_custom_1617800696269{background-color: #f0f0f0 !important;}\u00a0\u00bb el_class=\u00a0\u00bbmoreprojectsrow\u00a0\u00bb][vc_column width=\u00a0\u00bb2\/3&Prime;][vc_column_text el_class=\u00a0\u00bbseoh1&Prime;]<\/p>\n<h2 style=\"text-align: left;\">Autres cat\u00e9gories<\/h2>\n<p>[\/vc_column_text][vc_basic_grid post_type=\u00a0\u00bbpage\u00a0\u00bb max_items=\u00a0\u00bb3&Prime; item=\u00a0\u00bb3590&Prime; grid_id=\u00a0\u00bbvc_gid:1678894744687-a25ba926-7584-1&Prime; taxonomies=\u00a0\u00bb133&Prime;][\/vc_column][vc_column width=\u00a0\u00bb1\/3&Prime;][vc_column_text el_class=\u00a0\u00bbmeerprojecten\u00a0\u00bb]<\/p>\n<h5 style=\"text-align: center;\"><a href=\"https:\/\/wirtznv.com\/fr\/projets\/\">Tous projets<\/a><\/h5>\n<p>[\/vc_column_text][\/vc_column][\/vc_row]<\/p>\n<\/div>","protected":false},"excerpt":{"rendered":"<p>[vc_row css=\u00a0\u00bb.vc_custom_1616406220785{padding-top: 50px !important;padding-bottom: 50px !important;}\u00a0\u00bb][vc_column][vc_raw_html el_class=\u00a0\u00bbbreadcrumb\u00a0\u00bb]JTVCd3BzZW9fYnJlYWRjcnVtYiU1RA==[\/vc_raw_html][\/vc_column][\/vc_row][vc_row gap=\u00a0\u00bb35&Prime; equal_height=\u00a0\u00bbyes\u00a0\u00bb][vc_column width=\u00a0\u00bb1\/12&Prime;][\/vc_column][vc_column width=\u00a0\u00bb5\/12&Prime;][vc_column_text el_class=\u00a0\u00bbseoh1&Prime;] Jardins pour mus\u00e9es, \u00e9coles, soins r\u00e9sidentiels, h\u00f4tels [\/vc_column_text][\/vc_column][vc_column width=\u00a0\u00bb5\/12&Prime; el_class=\u00a0\u00bblineleft\u00a0\u00bb][vc_column_text]Les jardins pour mus\u00e9es, \u00e9coles, r\u00e9sidences de soins et h\u00f4tels sont adapt\u00e9s au style de chaque b\u00e2timent et de [&hellip;]<\/p>\n","protected":false},"author":1,"featured_media":7281,"parent":6342,"menu_order":5,"comment_status":"closed","ping_status":"closed","template":"","meta":{"_acf_changed":false,"footnotes":""},"categories":[157],"tags":[],"class_list":["post-6654","page","type-page","status-publish","has-post-thumbnail","hentry","category-categoriepagina-fr"],"acf":[],"yoast_head":"<!-- This site is optimized with the Yoast SEO plugin v27.4 - https:\/\/yoast.com\/product\/yoast-seo-wordpress\/ -->\n<title>Jardins pour mus\u00e9es | Wirtz International Landscape Architects<\/title>\n<meta name=\"description\" content=\"Les jardins pour mus\u00e9es, \u00e9coles, r\u00e9sidences de soins et h\u00f4tels sont adapt\u00e9s au style de chaque b\u00e2timent et de son contexte.\" \/>\n<meta name=\"robots\" content=\"index, follow, max-snippet:-1, max-image-preview:large, max-video-preview:-1\" \/>\n<link rel=\"canonical\" href=\"https:\/\/wirtznv.com\/fr\/projets\/musees-ecoles-soins-residentiels-hotels\/\" \/>\n<meta property=\"og:locale\" content=\"fr_FR\" \/>\n<meta property=\"og:type\" content=\"article\" \/>\n<meta property=\"og:title\" content=\"Jardins pour mus\u00e9es | Wirtz International Landscape Architects\" \/>\n<meta property=\"og:description\" content=\"Les jardins pour mus\u00e9es, \u00e9coles, r\u00e9sidences de soins et h\u00f4tels sont adapt\u00e9s au style de chaque b\u00e2timent et de son contexte.\" \/>\n<meta property=\"og:url\" content=\"https:\/\/wirtznv.com\/fr\/projets\/musees-ecoles-soins-residentiels-hotels\/\" \/>\n<meta property=\"og:site_name\" content=\"Wirtz NV\" \/>\n<meta property=\"article:modified_time\" content=\"2023-03-15T15:49:15+00:00\" \/>\n<meta property=\"og:image\" content=\"https:\/\/wirtznv.com\/wp-content\/uploads\/2021\/05\/Kristallijn-1.jpeg\" \/>\n\t<meta property=\"og:image:width\" content=\"900\" \/>\n\t<meta property=\"og:image:height\" content=\"600\" \/>\n\t<meta property=\"og:image:type\" content=\"image\/jpeg\" \/>\n<meta name=\"twitter:card\" content=\"summary_large_image\" \/>\n<meta name=\"twitter:label1\" content=\"Dur\u00e9e de lecture estim\u00e9e\" \/>\n\t<meta name=\"twitter:data1\" content=\"2 minutes\" \/>\n<script type=\"application\/ld+json\" class=\"yoast-schema-graph\">{\"@context\":\"https:\\\/\\\/schema.org\",\"@graph\":[{\"@type\":\"WebPage\",\"@id\":\"https:\\\/\\\/wirtznv.com\\\/fr\\\/projets\\\/musees-ecoles-soins-residentiels-hotels\\\/\",\"url\":\"https:\\\/\\\/wirtznv.com\\\/fr\\\/projets\\\/musees-ecoles-soins-residentiels-hotels\\\/\",\"name\":\"Jardins pour mus\u00e9es | Wirtz International Landscape Architects\",\"isPartOf\":{\"@id\":\"https:\\\/\\\/wirtznv.com\\\/fr\\\/#website\"},\"primaryImageOfPage\":{\"@id\":\"https:\\\/\\\/wirtznv.com\\\/fr\\\/projets\\\/musees-ecoles-soins-residentiels-hotels\\\/#primaryimage\"},\"image\":{\"@id\":\"https:\\\/\\\/wirtznv.com\\\/fr\\\/projets\\\/musees-ecoles-soins-residentiels-hotels\\\/#primaryimage\"},\"thumbnailUrl\":\"https:\\\/\\\/wirtznv.com\\\/wp-content\\\/uploads\\\/2021\\\/05\\\/Kristallijn-1.jpeg\",\"datePublished\":\"2021-04-28T11:07:50+00:00\",\"dateModified\":\"2023-03-15T15:49:15+00:00\",\"description\":\"Les jardins pour mus\u00e9es, \u00e9coles, r\u00e9sidences de soins et h\u00f4tels sont adapt\u00e9s au style de chaque b\u00e2timent et de son contexte.\",\"breadcrumb\":{\"@id\":\"https:\\\/\\\/wirtznv.com\\\/fr\\\/projets\\\/musees-ecoles-soins-residentiels-hotels\\\/#breadcrumb\"},\"inLanguage\":\"fr-FR\",\"potentialAction\":[{\"@type\":\"ReadAction\",\"target\":[\"https:\\\/\\\/wirtznv.com\\\/fr\\\/projets\\\/musees-ecoles-soins-residentiels-hotels\\\/\"]}]},{\"@type\":\"ImageObject\",\"inLanguage\":\"fr-FR\",\"@id\":\"https:\\\/\\\/wirtznv.com\\\/fr\\\/projets\\\/musees-ecoles-soins-residentiels-hotels\\\/#primaryimage\",\"url\":\"https:\\\/\\\/wirtznv.com\\\/wp-content\\\/uploads\\\/2021\\\/05\\\/Kristallijn-1.jpeg\",\"contentUrl\":\"https:\\\/\\\/wirtznv.com\\\/wp-content\\\/uploads\\\/2021\\\/05\\\/Kristallijn-1.jpeg\",\"width\":900,\"height\":600},{\"@type\":\"BreadcrumbList\",\"@id\":\"https:\\\/\\\/wirtznv.com\\\/fr\\\/projets\\\/musees-ecoles-soins-residentiels-hotels\\\/#breadcrumb\",\"itemListElement\":[{\"@type\":\"ListItem\",\"position\":1,\"name\":\"Home\",\"item\":\"https:\\\/\\\/wirtznv.com\\\/fr\\\/\"},{\"@type\":\"ListItem\",\"position\":2,\"name\":\"Projets\",\"item\":\"https:\\\/\\\/wirtznv.com\\\/fr\\\/projets\\\/\"},{\"@type\":\"ListItem\",\"position\":3,\"name\":\"Mus\u00e9es &#8211; Ecoles &#8211; Soins r\u00e9sidentiels &#8211; H\u00f4tels\"}]},{\"@type\":\"WebSite\",\"@id\":\"https:\\\/\\\/wirtznv.com\\\/fr\\\/#website\",\"url\":\"https:\\\/\\\/wirtznv.com\\\/fr\\\/\",\"name\":\"Wirtz NV\",\"description\":\"\",\"publisher\":{\"@id\":\"https:\\\/\\\/wirtznv.com\\\/fr\\\/#organization\"},\"potentialAction\":[{\"@type\":\"SearchAction\",\"target\":{\"@type\":\"EntryPoint\",\"urlTemplate\":\"https:\\\/\\\/wirtznv.com\\\/fr\\\/?s={search_term_string}\"},\"query-input\":{\"@type\":\"PropertyValueSpecification\",\"valueRequired\":true,\"valueName\":\"search_term_string\"}}],\"inLanguage\":\"fr-FR\"},{\"@type\":\"Organization\",\"@id\":\"https:\\\/\\\/wirtznv.com\\\/fr\\\/#organization\",\"name\":\"Wirtz NV\",\"url\":\"https:\\\/\\\/wirtznv.com\\\/fr\\\/\",\"logo\":{\"@type\":\"ImageObject\",\"inLanguage\":\"fr-FR\",\"@id\":\"https:\\\/\\\/wirtznv.com\\\/fr\\\/#\\\/schema\\\/logo\\\/image\\\/\",\"url\":\"https:\\\/\\\/mk0wirtznvw3r6n59kw4.kinstacdn.com\\\/wp-content\\\/uploads\\\/2021\\\/03\\\/logo_header@2x-1.png\",\"contentUrl\":\"https:\\\/\\\/mk0wirtznvw3r6n59kw4.kinstacdn.com\\\/wp-content\\\/uploads\\\/2021\\\/03\\\/logo_header@2x-1.png\",\"width\":177,\"height\":161,\"caption\":\"Wirtz NV\"},\"image\":{\"@id\":\"https:\\\/\\\/wirtznv.com\\\/fr\\\/#\\\/schema\\\/logo\\\/image\\\/\"}}]}<\/script>\n<!-- \/ Yoast SEO plugin. -->","yoast_head_json":{"title":"Jardins pour mus\u00e9es | Wirtz International Landscape Architects","description":"Les jardins pour mus\u00e9es, \u00e9coles, r\u00e9sidences de soins et h\u00f4tels sont adapt\u00e9s au style de chaque b\u00e2timent et de son contexte.","robots":{"index":"index","follow":"follow","max-snippet":"max-snippet:-1","max-image-preview":"max-image-preview:large","max-video-preview":"max-video-preview:-1"},"canonical":"https:\/\/wirtznv.com\/fr\/projets\/musees-ecoles-soins-residentiels-hotels\/","og_locale":"fr_FR","og_type":"article","og_title":"Jardins pour mus\u00e9es | Wirtz International Landscape Architects","og_description":"Les jardins pour mus\u00e9es, \u00e9coles, r\u00e9sidences de soins et h\u00f4tels sont adapt\u00e9s au style de chaque b\u00e2timent et de son contexte.","og_url":"https:\/\/wirtznv.com\/fr\/projets\/musees-ecoles-soins-residentiels-hotels\/","og_site_name":"Wirtz NV","article_modified_time":"2023-03-15T15:49:15+00:00","og_image":[{"width":900,"height":600,"url":"https:\/\/wirtznv.com\/wp-content\/uploads\/2021\/05\/Kristallijn-1.jpeg","type":"image\/jpeg"}],"twitter_card":"summary_large_image","twitter_misc":{"Dur\u00e9e de lecture estim\u00e9e":"2 minutes"},"schema":{"@context":"https:\/\/schema.org","@graph":[{"@type":"WebPage","@id":"https:\/\/wirtznv.com\/fr\/projets\/musees-ecoles-soins-residentiels-hotels\/","url":"https:\/\/wirtznv.com\/fr\/projets\/musees-ecoles-soins-residentiels-hotels\/","name":"Jardins pour mus\u00e9es | Wirtz International Landscape Architects","isPartOf":{"@id":"https:\/\/wirtznv.com\/fr\/#website"},"primaryImageOfPage":{"@id":"https:\/\/wirtznv.com\/fr\/projets\/musees-ecoles-soins-residentiels-hotels\/#primaryimage"},"image":{"@id":"https:\/\/wirtznv.com\/fr\/projets\/musees-ecoles-soins-residentiels-hotels\/#primaryimage"},"thumbnailUrl":"https:\/\/wirtznv.com\/wp-content\/uploads\/2021\/05\/Kristallijn-1.jpeg","datePublished":"2021-04-28T11:07:50+00:00","dateModified":"2023-03-15T15:49:15+00:00","description":"Les jardins pour mus\u00e9es, \u00e9coles, r\u00e9sidences de soins et h\u00f4tels sont adapt\u00e9s au style de chaque b\u00e2timent et de son contexte.","breadcrumb":{"@id":"https:\/\/wirtznv.com\/fr\/projets\/musees-ecoles-soins-residentiels-hotels\/#breadcrumb"},"inLanguage":"fr-FR","potentialAction":[{"@type":"ReadAction","target":["https:\/\/wirtznv.com\/fr\/projets\/musees-ecoles-soins-residentiels-hotels\/"]}]},{"@type":"ImageObject","inLanguage":"fr-FR","@id":"https:\/\/wirtznv.com\/fr\/projets\/musees-ecoles-soins-residentiels-hotels\/#primaryimage","url":"https:\/\/wirtznv.com\/wp-content\/uploads\/2021\/05\/Kristallijn-1.jpeg","contentUrl":"https:\/\/wirtznv.com\/wp-content\/uploads\/2021\/05\/Kristallijn-1.jpeg","width":900,"height":600},{"@type":"BreadcrumbList","@id":"https:\/\/wirtznv.com\/fr\/projets\/musees-ecoles-soins-residentiels-hotels\/#breadcrumb","itemListElement":[{"@type":"ListItem","position":1,"name":"Home","item":"https:\/\/wirtznv.com\/fr\/"},{"@type":"ListItem","position":2,"name":"Projets","item":"https:\/\/wirtznv.com\/fr\/projets\/"},{"@type":"ListItem","position":3,"name":"Mus\u00e9es &#8211; Ecoles &#8211; Soins r\u00e9sidentiels &#8211; H\u00f4tels"}]},{"@type":"WebSite","@id":"https:\/\/wirtznv.com\/fr\/#website","url":"https:\/\/wirtznv.com\/fr\/","name":"Wirtz NV","description":"","publisher":{"@id":"https:\/\/wirtznv.com\/fr\/#organization"},"potentialAction":[{"@type":"SearchAction","target":{"@type":"EntryPoint","urlTemplate":"https:\/\/wirtznv.com\/fr\/?s={search_term_string}"},"query-input":{"@type":"PropertyValueSpecification","valueRequired":true,"valueName":"search_term_string"}}],"inLanguage":"fr-FR"},{"@type":"Organization","@id":"https:\/\/wirtznv.com\/fr\/#organization","name":"Wirtz NV","url":"https:\/\/wirtznv.com\/fr\/","logo":{"@type":"ImageObject","inLanguage":"fr-FR","@id":"https:\/\/wirtznv.com\/fr\/#\/schema\/logo\/image\/","url":"https:\/\/mk0wirtznvw3r6n59kw4.kinstacdn.com\/wp-content\/uploads\/2021\/03\/logo_header@2x-1.png","contentUrl":"https:\/\/mk0wirtznvw3r6n59kw4.kinstacdn.com\/wp-content\/uploads\/2021\/03\/logo_header@2x-1.png","width":177,"height":161,"caption":"Wirtz NV"},"image":{"@id":"https:\/\/wirtznv.com\/fr\/#\/schema\/logo\/image\/"}}]}},"_links":{"self":[{"href":"https:\/\/wirtznv.com\/fr\/wp-json\/wp\/v2\/pages\/6654","targetHints":{"allow":["GET"]}}],"collection":[{"href":"https:\/\/wirtznv.com\/fr\/wp-json\/wp\/v2\/pages"}],"about":[{"href":"https:\/\/wirtznv.com\/fr\/wp-json\/wp\/v2\/types\/page"}],"author":[{"embeddable":true,"href":"https:\/\/wirtznv.com\/fr\/wp-json\/wp\/v2\/users\/1"}],"replies":[{"embeddable":true,"href":"https:\/\/wirtznv.com\/fr\/wp-json\/wp\/v2\/comments?post=6654"}],"version-history":[{"count":0,"href":"https:\/\/wirtznv.com\/fr\/wp-json\/wp\/v2\/pages\/6654\/revisions"}],"up":[{"embeddable":true,"href":"https:\/\/wirtznv.com\/fr\/wp-json\/wp\/v2\/pages\/6342"}],"wp:featuredmedia":[{"embeddable":true,"href":"https:\/\/wirtznv.com\/fr\/wp-json\/wp\/v2\/media\/7281"}],"wp:attachment":[{"href":"https:\/\/wirtznv.com\/fr\/wp-json\/wp\/v2\/media?parent=6654"}],"wp:term":[{"taxonomy":"category","embeddable":true,"href":"https:\/\/wirtznv.com\/fr\/wp-json\/wp\/v2\/categories?post=6654"},{"taxonomy":"post_tag","embeddable":true,"href":"https:\/\/wirtznv.com\/fr\/wp-json\/wp\/v2\/tags?post=6654"}],"curies":[{"name":"wp","href":"https:\/\/api.w.org\/{rel}","templated":true}]}}