{"id":7834,"date":"2022-04-27T11:18:27","date_gmt":"2022-04-27T11:18:27","guid":{"rendered":"https:\/\/wirtznv.com\/?page_id=7834"},"modified":"2023-06-07T16:17:22","modified_gmt":"2023-06-07T14:17:22","slug":"dachgaerten","status":"publish","type":"page","link":"https:\/\/wirtznv.com\/de\/projekte\/dachgaerten\/","title":{"rendered":"Dachg\u00e4rten"},"content":{"rendered":"<div class=\"wpb-content-wrapper\"><p>[vc_row css=&#8220;.vc_custom_1616406220785{padding-top: 50px !important;padding-bottom: 50px !important;}&#8220;][vc_column][vc_raw_html el_class=&#8220;breadcrumb&#8220;]JTVCd3BzZW9fYnJlYWRjcnVtYiU1RA==[\/vc_raw_html][\/vc_column][\/vc_row][vc_row gap=&#8220;35&#8243; equal_height=&#8220;yes&#8220;][vc_column width=&#8220;1\/12&#8243;][\/vc_column][vc_column width=&#8220;5\/12&#8243;][vc_column_text el_class=&#8220;seoh1&#8243;]<\/p>\n<h1>Dachg\u00e4rten<\/h1>\n<p>[\/vc_column_text][\/vc_column][vc_column width=&#8220;5\/12&#8243; el_class=&#8220;lineleft&#8220;][vc_column_text]<strong>Dachg\u00e4rten<\/strong> bieten ungeahnte M\u00f6glichkeiten in unserer urbanen Lebenswelt. Wie in einem gew\u00f6hnlichen Garten k\u00f6nnen Sie auf einem Dachgarten alles genie\u00dfen, was w\u00e4chst und bl\u00fcht. Bei der <a href=\"https:\/\/wirtznv.com\/de\/design\/\">Planung<\/a> ber\u00fccksichtigen wir immer die Dachkonstruktion und die maximal zul\u00e4ssige Last. Um die Qualit\u00e4t \u00fcber Jahre hinweg zu garantieren und Sie nicht mit unangenehmen \u00dcberraschungen zu konfrontieren, arbeiten wir eng mit <a href=\"https:\/\/wirtznv.com\/de\/projekte\/quartiersentwicklungen\/\">Architekten und Bauherren<\/a> zusammen.<\/p>\n<p>Unsere Pflanzenkomposition orientiert sich an der H\u00f6he und der Beschaffenheit des Substrats, sodass die ausgew\u00e4hlten <strong>B\u00e4ume<\/strong>, <strong>Str\u00e4ucher<\/strong>, <strong>Gr\u00e4ser<\/strong> und <strong>Stauden<\/strong> \u00fcber das Jahr hinweg ein ausgewogenes Ganzes voller D\u00fcfte und Farben bilden.[\/vc_column_text][\/vc_column][vc_column width=&#8220;1\/12&#8243;][\/vc_column][\/vc_row][vc_row el_class=&#8220;seoprojectenrow&#8220;][vc_column]<div class=\"edgtf-portfolio-slider-holder\"><div class=\"edgtf-portfolio-list-holder edgtf-grid-list edgtf-disable-bottom-space edgtf-pl-gallery edgtf-three-columns edgtf-medium-space edgtf-pl-gallery-overlay    edgtf-pl-pag-no-pagination      edgtf-pag-below-slider \"  data-type=gallery data-number-of-columns=three data-lower-even-columns=no data-space-between-items=medium data-additional-spacing=no data-number-of-items=-1 data-image-proportions=large data-enable-fixed-proportions=no data-enable-image-shadow=no data-category=dachgaerten data-orderby=date data-order=ASC data-item-style=gallery-overlay data-advanced-hover=no data-enable-title=yes data-title-tag=h4 data-enable-category=no data-enable-count-images=yes data-enable-excerpt=no data-excerpt-length=20 data-pagination-type=no-pagination data-filter=no data-filter-order-by=name data-enable-article-animation=no data-portfolio-slider-on=yes data-enable-loop=yes data-enable-autoplay=yes data-slider-speed=3000 data-slider-speed-animation=600 data-enable-navigation=yes data-enable-pagination=yes data-pagination-position=below-slider data-title-skin=light data-enable-article-parallax=no data-max-num-pages=0 data-next-page=2>\n\t\t<div class=\"edgtf-pl-inner edgtf-outer-space edgtf-owl-slider edgtf-list-is-slider clearfix\">\n\t\t<article class=\"edgtf-pl-item edgtf-item-space  post-6542 portfolio-item type-portfolio-item status-publish has-post-thumbnail hentry portfolio-category-dachgaerten portfolio-category-quartiersentwicklungen\" >\n\t<div class=\"edgtf-pl-item-inner\">\n        <div class=\"edgtf-pl-inner-content\">\n            \n\n\t\n    <div class=\"edgtf-pli-image\" data-src=\"https:\/\/wirtznv.com\/wp-content\/uploads\/2021\/04\/41.-Rheinblick-residences-Bonn-Duitsland.jpg\" data-height=\"1080\" data-width=\"1920\">\n\n\t\t<img decoding=\"async\" width=\"1024\" height=\"576\" data-src=\"https:\/\/wirtznv.com\/wp-content\/uploads\/2021\/04\/41.-Rheinblick-residences-Bonn-Duitsland-1024x576.jpg\" class=\"attachment-large size-large wp-post-image lazyload\" alt=\"\" data-srcset=\"https:\/\/wirtznv.com\/wp-content\/uploads\/2021\/04\/41.-Rheinblick-residences-Bonn-Duitsland-1024x576.jpg 1024w, https:\/\/wirtznv.com\/wp-content\/uploads\/2021\/04\/41.-Rheinblick-residences-Bonn-Duitsland-300x169.jpg 300w, https:\/\/wirtznv.com\/wp-content\/uploads\/2021\/04\/41.-Rheinblick-residences-Bonn-Duitsland-768x432.jpg 768w, https:\/\/wirtznv.com\/wp-content\/uploads\/2021\/04\/41.-Rheinblick-residences-Bonn-Duitsland-1536x864.jpg 1536w, https:\/\/wirtznv.com\/wp-content\/uploads\/2021\/04\/41.-Rheinblick-residences-Bonn-Duitsland.jpg 1920w\" data-sizes=\"(max-width: 1024px) 100vw, 1024px\" src=\"data:image\/svg+xml;base64,PHN2ZyB3aWR0aD0iMSIgaGVpZ2h0PSIxIiB4bWxucz0iaHR0cDovL3d3dy53My5vcmcvMjAwMC9zdmciPjwvc3ZnPg==\" style=\"--smush-placeholder-width: 1024px; --smush-placeholder-aspect-ratio: 1024\/576;\" \/>    <\/div>\n\t\t\n\n<div class=\"edgtf-pli-text-holder\" >\n\t<div class=\"edgtf-pli-text-wrapper\">\n\t\t<div class=\"edgtf-pli-text\">\n\t\t\t\t<h4 itemprop=\"name\" class=\"edgtf-pli-title entry-title\" >\n        \t\t    Rheinblick Residences        \t<\/h4>\n                <div class=\"edgtf-hspl-item-title-holder locatie\">\n            Bonn (DE)            <\/div>\n\n\t\t\t\n\t\t\t\t\t\t\n\t\t\t\t\t<\/div>\n\t<\/div>\n<\/div>\n            <a itemprop=\"url\" class=\"edgtf-pli-link edgtf-block-drag-link\" href=\"https:\/\/wirtznv.com\/de\/projekt\/rheinblick-residences-bonn-de\/\" target=\"_self\"><\/a>\n\n        <\/div>\n    <\/div>\n<\/article><article class=\"edgtf-pl-item edgtf-item-space  post-6485 portfolio-item type-portfolio-item status-publish has-post-thumbnail hentry portfolio-category-dachgaerten portfolio-category-featured-4 portfolio-category-quartiersentwicklungen\" >\n\t<div class=\"edgtf-pl-item-inner\">\n        <div class=\"edgtf-pl-inner-content\">\n            \n\n\t\n    <div class=\"edgtf-pli-image\" data-src=\"https:\/\/wirtznv.com\/wp-content\/uploads\/2021\/04\/Wirtz_Projectontwikkeling-7even-Tuinen.jpg\" data-height=\"2000\" data-width=\"1498\">\n\n\t\t<img decoding=\"async\" width=\"767\" height=\"1024\" data-src=\"https:\/\/wirtznv.com\/wp-content\/uploads\/2021\/04\/Wirtz_Projectontwikkeling-7even-Tuinen-767x1024.jpg\" class=\"attachment-large size-large wp-post-image lazyload\" alt=\"\" data-srcset=\"https:\/\/wirtznv.com\/wp-content\/uploads\/2021\/04\/Wirtz_Projectontwikkeling-7even-Tuinen-767x1024.jpg 767w, https:\/\/wirtznv.com\/wp-content\/uploads\/2021\/04\/Wirtz_Projectontwikkeling-7even-Tuinen-225x300.jpg 225w, https:\/\/wirtznv.com\/wp-content\/uploads\/2021\/04\/Wirtz_Projectontwikkeling-7even-Tuinen-768x1025.jpg 768w, https:\/\/wirtznv.com\/wp-content\/uploads\/2021\/04\/Wirtz_Projectontwikkeling-7even-Tuinen-1150x1536.jpg 1150w, https:\/\/wirtznv.com\/wp-content\/uploads\/2021\/04\/Wirtz_Projectontwikkeling-7even-Tuinen.jpg 1498w\" data-sizes=\"(max-width: 767px) 100vw, 767px\" src=\"data:image\/svg+xml;base64,PHN2ZyB3aWR0aD0iMSIgaGVpZ2h0PSIxIiB4bWxucz0iaHR0cDovL3d3dy53My5vcmcvMjAwMC9zdmciPjwvc3ZnPg==\" style=\"--smush-placeholder-width: 767px; --smush-placeholder-aspect-ratio: 767\/1024;\" \/>    <\/div>\n\t\t\n\n<div class=\"edgtf-pli-text-holder\" >\n\t<div class=\"edgtf-pli-text-wrapper\">\n\t\t<div class=\"edgtf-pli-text\">\n\t\t\t\t<h4 itemprop=\"name\" class=\"edgtf-pli-title entry-title\" >\n        \t\t    7even Tuinen        \t<\/h4>\n                <div class=\"edgtf-hspl-item-title-holder locatie\">\n            L\u00f6wen (BE)            <\/div>\n\n\t\t\t\n\t\t\t\t\t\t\n\t\t\t\t\t<\/div>\n\t<\/div>\n<\/div>\n            <a itemprop=\"url\" class=\"edgtf-pli-link edgtf-block-drag-link\" href=\"https:\/\/wirtznv.com\/de\/projekt\/7even-tuinen-loewen\/\" target=\"_self\"><\/a>\n\n        <\/div>\n    <\/div>\n<\/article><article class=\"edgtf-pl-item edgtf-item-space  post-6257 portfolio-item type-portfolio-item status-publish has-post-thumbnail hentry portfolio-category-betriebsgaerten portfolio-category-dachgaerten\" >\n\t<div class=\"edgtf-pl-item-inner\">\n        <div class=\"edgtf-pl-inner-content\">\n            \n\n\t\n    <div class=\"edgtf-pli-image\" data-src=\"https:\/\/wirtznv.com\/wp-content\/uploads\/2021\/04\/Wirtz_Bedrijfstuinen-MG-Tower-scaled.jpg\" data-height=\"2560\" data-width=\"1914\">\n\n\t\t<img decoding=\"async\" width=\"765\" height=\"1024\" data-src=\"https:\/\/wirtznv.com\/wp-content\/uploads\/2021\/04\/Wirtz_Bedrijfstuinen-MG-Tower-765x1024.jpg\" class=\"attachment-large size-large wp-post-image lazyload\" alt=\"\" data-srcset=\"https:\/\/wirtznv.com\/wp-content\/uploads\/2021\/04\/Wirtz_Bedrijfstuinen-MG-Tower-765x1024.jpg 765w, https:\/\/wirtznv.com\/wp-content\/uploads\/2021\/04\/Wirtz_Bedrijfstuinen-MG-Tower-224x300.jpg 224w, https:\/\/wirtznv.com\/wp-content\/uploads\/2021\/04\/Wirtz_Bedrijfstuinen-MG-Tower-768x1027.jpg 768w, https:\/\/wirtznv.com\/wp-content\/uploads\/2021\/04\/Wirtz_Bedrijfstuinen-MG-Tower-1148x1536.jpg 1148w, https:\/\/wirtznv.com\/wp-content\/uploads\/2021\/04\/Wirtz_Bedrijfstuinen-MG-Tower-1531x2048.jpg 1531w, https:\/\/wirtznv.com\/wp-content\/uploads\/2021\/04\/Wirtz_Bedrijfstuinen-MG-Tower-scaled.jpg 1914w\" data-sizes=\"(max-width: 765px) 100vw, 765px\" src=\"data:image\/svg+xml;base64,PHN2ZyB3aWR0aD0iMSIgaGVpZ2h0PSIxIiB4bWxucz0iaHR0cDovL3d3dy53My5vcmcvMjAwMC9zdmciPjwvc3ZnPg==\" style=\"--smush-placeholder-width: 765px; --smush-placeholder-aspect-ratio: 765\/1024;\" \/>    <\/div>\n\t\t\n\n<div class=\"edgtf-pli-text-holder\" >\n\t<div class=\"edgtf-pli-text-wrapper\">\n\t\t<div class=\"edgtf-pli-text\">\n\t\t\t\t<h4 itemprop=\"name\" class=\"edgtf-pli-title entry-title\" >\n        \t\t    MG Toren        \t<\/h4>\n                <div class=\"edgtf-hspl-item-title-holder locatie\">\n            Gent            <\/div>\n\n\t\t\t\n\t\t\t\t\t\t\n\t\t\t\t\t<\/div>\n\t<\/div>\n<\/div>\n            <a itemprop=\"url\" class=\"edgtf-pli-link edgtf-block-drag-link\" href=\"https:\/\/wirtznv.com\/de\/projekt\/mg-tower\/\" target=\"_self\"><\/a>\n\n        <\/div>\n    <\/div>\n<\/article><article class=\"edgtf-pl-item edgtf-item-space  post-6293 portfolio-item type-portfolio-item status-publish has-post-thumbnail hentry portfolio-category-betriebsgaerten portfolio-category-dachgaerten\" >\n\t<div class=\"edgtf-pl-item-inner\">\n        <div class=\"edgtf-pl-inner-content\">\n            \n\n\t\n    <div class=\"edgtf-pli-image\" data-src=\"https:\/\/wirtznv.com\/wp-content\/uploads\/2021\/04\/Wirtz_Bedrijfstuinen-Novartis.jpg\" data-height=\"900\" data-width=\"600\">\n\n\t\t<img decoding=\"async\" width=\"600\" height=\"900\" data-src=\"https:\/\/wirtznv.com\/wp-content\/uploads\/2021\/04\/Wirtz_Bedrijfstuinen-Novartis.jpg\" class=\"attachment-large size-large wp-post-image lazyload\" alt=\"\" data-srcset=\"https:\/\/wirtznv.com\/wp-content\/uploads\/2021\/04\/Wirtz_Bedrijfstuinen-Novartis.jpg 600w, https:\/\/wirtznv.com\/wp-content\/uploads\/2021\/04\/Wirtz_Bedrijfstuinen-Novartis-200x300.jpg 200w\" data-sizes=\"(max-width: 600px) 100vw, 600px\" src=\"data:image\/svg+xml;base64,PHN2ZyB3aWR0aD0iMSIgaGVpZ2h0PSIxIiB4bWxucz0iaHR0cDovL3d3dy53My5vcmcvMjAwMC9zdmciPjwvc3ZnPg==\" style=\"--smush-placeholder-width: 600px; --smush-placeholder-aspect-ratio: 600\/900;\" \/>    <\/div>\n\t\t\n\n<div class=\"edgtf-pli-text-holder\" >\n\t<div class=\"edgtf-pli-text-wrapper\">\n\t\t<div class=\"edgtf-pli-text\">\n\t\t\t\t<h4 itemprop=\"name\" class=\"edgtf-pli-title entry-title\" >\n        \t\t    Novartis        \t<\/h4>\n                <div class=\"edgtf-hspl-item-title-holder locatie\">\n            Basel (CH)            <\/div>\n\n\t\t\t\n\t\t\t\t\t\t\n\t\t\t\t\t<\/div>\n\t<\/div>\n<\/div>\n            <a itemprop=\"url\" class=\"edgtf-pli-link edgtf-block-drag-link\" href=\"https:\/\/wirtznv.com\/de\/projekt\/novartis-ch\/\" target=\"_self\"><\/a>\n\n        <\/div>\n    <\/div>\n<\/article><article class=\"edgtf-pl-item edgtf-item-space  post-6279 portfolio-item type-portfolio-item status-publish has-post-thumbnail hentry portfolio-category-betriebsgaerten portfolio-category-dachgaerten\" >\n\t<div class=\"edgtf-pl-item-inner\">\n        <div class=\"edgtf-pl-inner-content\">\n            \n\n\t\n    <div class=\"edgtf-pli-image\" data-src=\"https:\/\/wirtznv.com\/wp-content\/uploads\/2021\/04\/26.-Espace-Jacqmotte-Brussel-Belgie-scaled.jpg\" data-height=\"1709\" data-width=\"2560\">\n\n\t\t<img decoding=\"async\" width=\"1024\" height=\"683\" data-src=\"https:\/\/wirtznv.com\/wp-content\/uploads\/2021\/04\/26.-Espace-Jacqmotte-Brussel-Belgie-1024x683.jpg\" class=\"attachment-large size-large wp-post-image lazyload\" alt=\"\" data-srcset=\"https:\/\/wirtznv.com\/wp-content\/uploads\/2021\/04\/26.-Espace-Jacqmotte-Brussel-Belgie-1024x683.jpg 1024w, https:\/\/wirtznv.com\/wp-content\/uploads\/2021\/04\/26.-Espace-Jacqmotte-Brussel-Belgie-300x200.jpg 300w, https:\/\/wirtznv.com\/wp-content\/uploads\/2021\/04\/26.-Espace-Jacqmotte-Brussel-Belgie-768x513.jpg 768w, https:\/\/wirtznv.com\/wp-content\/uploads\/2021\/04\/26.-Espace-Jacqmotte-Brussel-Belgie-1536x1025.jpg 1536w\" data-sizes=\"(max-width: 1024px) 100vw, 1024px\" src=\"data:image\/svg+xml;base64,PHN2ZyB3aWR0aD0iMSIgaGVpZ2h0PSIxIiB4bWxucz0iaHR0cDovL3d3dy53My5vcmcvMjAwMC9zdmciPjwvc3ZnPg==\" style=\"--smush-placeholder-width: 1024px; --smush-placeholder-aspect-ratio: 1024\/683;\" \/>    <\/div>\n\t\t\n\n<div class=\"edgtf-pli-text-holder\" >\n\t<div class=\"edgtf-pli-text-wrapper\">\n\t\t<div class=\"edgtf-pli-text\">\n\t\t\t\t<h4 itemprop=\"name\" class=\"edgtf-pli-title entry-title\" >\n        \t\t    Espace Jacqmotte        \t<\/h4>\n                <div class=\"edgtf-hspl-item-title-holder locatie\">\n            Br\u00fcssel (BE)            <\/div>\n\n\t\t\t\n\t\t\t\t\t\t\n\t\t\t\t\t<\/div>\n\t<\/div>\n<\/div>\n            <a itemprop=\"url\" class=\"edgtf-pli-link edgtf-block-drag-link\" href=\"https:\/\/wirtznv.com\/de\/projekt\/espace-jacqmotte\/\" target=\"_self\"><\/a>\n\n        <\/div>\n    <\/div>\n<\/article><article class=\"edgtf-pl-item edgtf-item-space  post-6382 portfolio-item type-portfolio-item status-publish has-post-thumbnail hentry portfolio-category-dachgaerten portfolio-category-oeffentliche-raum\" >\n\t<div class=\"edgtf-pl-item-inner\">\n        <div class=\"edgtf-pl-inner-content\">\n            \n\n\t\n    <div class=\"edgtf-pli-image\" data-src=\"https:\/\/wirtznv.com\/wp-content\/uploads\/2021\/04\/Wirtz_Openbare-ruimtes-Jubilee-Parc.jpg\" data-height=\"2000\" data-width=\"1500\">\n\n\t\t<img decoding=\"async\" width=\"768\" height=\"1024\" data-src=\"https:\/\/wirtznv.com\/wp-content\/uploads\/2021\/04\/Wirtz_Openbare-ruimtes-Jubilee-Parc-768x1024.jpg\" class=\"attachment-large size-large wp-post-image lazyload\" alt=\"\" data-srcset=\"https:\/\/wirtznv.com\/wp-content\/uploads\/2021\/04\/Wirtz_Openbare-ruimtes-Jubilee-Parc-768x1024.jpg 768w, https:\/\/wirtznv.com\/wp-content\/uploads\/2021\/04\/Wirtz_Openbare-ruimtes-Jubilee-Parc-225x300.jpg 225w, https:\/\/wirtznv.com\/wp-content\/uploads\/2021\/04\/Wirtz_Openbare-ruimtes-Jubilee-Parc-1152x1536.jpg 1152w, https:\/\/wirtznv.com\/wp-content\/uploads\/2021\/04\/Wirtz_Openbare-ruimtes-Jubilee-Parc.jpg 1500w\" data-sizes=\"(max-width: 768px) 100vw, 768px\" src=\"data:image\/svg+xml;base64,PHN2ZyB3aWR0aD0iMSIgaGVpZ2h0PSIxIiB4bWxucz0iaHR0cDovL3d3dy53My5vcmcvMjAwMC9zdmciPjwvc3ZnPg==\" style=\"--smush-placeholder-width: 768px; --smush-placeholder-aspect-ratio: 768\/1024;\" \/>    <\/div>\n\t\t\n\n<div class=\"edgtf-pli-text-holder\" >\n\t<div class=\"edgtf-pli-text-wrapper\">\n\t\t<div class=\"edgtf-pli-text\">\n\t\t\t\t<h4 itemprop=\"name\" class=\"edgtf-pli-title entry-title\" >\n        \t\t    Jubilee Park        \t<\/h4>\n                <div class=\"edgtf-hspl-item-title-holder locatie\">\n            London (GB)            <\/div>\n\n\t\t\t\n\t\t\t\t\t\t\n\t\t\t\t\t<\/div>\n\t<\/div>\n<\/div>\n            <a itemprop=\"url\" class=\"edgtf-pli-link edgtf-block-drag-link\" href=\"https:\/\/wirtznv.com\/de\/projekt\/jubilee-park-londres-royaume-uni\/\" target=\"_self\"><\/a>\n\n        <\/div>\n    <\/div>\n<\/article>\t<\/div>\n\t\n\t<\/div><\/div>[vc_column_text el_class=&#8220;meerprojecten&#8220;]<a href=\"https:\/\/wirtznv.com\/de\/projekte\/\">Mehr projekte<br \/>\n<\/a>[\/vc_column_text][\/vc_column][\/vc_row][vc_row gap=&#8220;35&#8243; equal_height=&#8220;yes&#8220;][vc_column width=&#8220;1\/12&#8243;][\/vc_column][vc_column width=&#8220;5\/12&#8243;][vc_column_text el_class=&#8220;seoh1&#8243;]<\/p>\n<h2>Garten auf hohem Niveau<\/h2>\n<p>[\/vc_column_text][\/vc_column][vc_column width=&#8220;5\/12&#8243; el_class=&#8220;lineleft&#8220;][vc_column_text]Das Bed\u00fcrfnis nach <strong>Dachg\u00e4rten<\/strong> steigt mit der zunehmenden urbanen Dichte. Geb\u00e4ude wachsen in die H\u00f6he und der verf\u00fcgbare Raum wird immer effizienter genutzt. Dies bietet viele Chancen, erfordert aber ein <a href=\"https:\/\/wirtznv.com\/de\/konstruktion\/\">wohl\u00fcberlegtes und professionelles Vorgehen<\/a>. Ein Dachgarten verwandelt einen anspruchsvollen Raum in eine eigene Welt voller Identit\u00e4t und Charakter.[\/vc_column_text][vc_column_text css=&#8220;.vc_custom_1658148026192{margin-top: 50px !important;}&#8220;]<a href=\"https:\/\/wirtznv.com\/de\/kontakt\/\"><span style=\"text-decoration: underline;\"><strong>NEHMEN SIE KONTAKT AUF<\/strong><\/span><\/a>[\/vc_column_text][\/vc_column][vc_column width=&#8220;1\/12&#8243;][\/vc_column][\/vc_row][vc_row full_width=&#8220;stretch_row&#8220; content_placement=&#8220;middle&#8220; css=&#8220;.vc_custom_1617800696269{background-color: #f0f0f0 !important;}&#8220; el_class=&#8220;moreprojectsrow&#8220;][vc_column width=&#8220;2\/3&#8243;][vc_column_text el_class=&#8220;seoh1&#8243;]<\/p>\n<h2 style=\"text-align: left;\">Andere kategorien<\/h2>\n<p>[\/vc_column_text][vc_basic_grid post_type=&#8220;page&#8220; max_items=&#8220;3&#8243; item=&#8220;3590&#8243; grid_id=&#8220;vc_gid:1686147067062-fa05b581-ecb2-7&#8243; taxonomies=&#8220;133&#8243;][\/vc_column][vc_column width=&#8220;1\/3&#8243;][vc_column_text el_class=&#8220;meerprojecten&#8220;]<\/p>\n<h5 style=\"text-align: center;\"><a href=\"https:\/\/wirtznv.com\/de\/projekte\/\">Alle projekte<br \/>\n<\/a><\/h5>\n<p>[\/vc_column_text][\/vc_column][\/vc_row]<\/p>\n<\/div>","protected":false},"excerpt":{"rendered":"<p>[vc_row css=&#8220;.vc_custom_1616406220785{padding-top: 50px !important;padding-bottom: 50px !important;}&#8220;][vc_column][vc_raw_html el_class=&#8220;breadcrumb&#8220;]JTVCd3BzZW9fYnJlYWRjcnVtYiU1RA==[\/vc_raw_html][\/vc_column][\/vc_row][vc_row gap=&#8220;35&#8243; equal_height=&#8220;yes&#8220;][vc_column width=&#8220;1\/12&#8243;][\/vc_column][vc_column width=&#8220;5\/12&#8243;][vc_column_text el_class=&#8220;seoh1&#8243;] Dachg\u00e4rten [\/vc_column_text][\/vc_column][vc_column width=&#8220;5\/12&#8243; el_class=&#8220;lineleft&#8220;][vc_column_text]Dachg\u00e4rten bieten ungeahnte M\u00f6glichkeiten in unserer urbanen Lebenswelt. Wie in einem gew\u00f6hnlichen Garten k\u00f6nnen Sie auf einem Dachgarten alles genie\u00dfen, was w\u00e4chst und bl\u00fcht. Bei [&hellip;]<\/p>\n","protected":false},"author":1,"featured_media":7868,"parent":6343,"menu_order":6,"comment_status":"closed","ping_status":"closed","template":"","meta":{"_acf_changed":false,"footnotes":""},"categories":[158],"tags":[],"class_list":["post-7834","page","type-page","status-publish","has-post-thumbnail","hentry","category-categoriepagina-de"],"acf":[],"yoast_head":"<!-- This site is optimized with the Yoast SEO plugin v27.4 - https:\/\/yoast.com\/product\/yoast-seo-wordpress\/ -->\n<title>Dachg\u00e4rten | Wirtz International Landschaftsarchitekten<\/title>\n<meta name=\"description\" content=\"Das Bed\u00fcrfnis nach Dachg\u00e4rten steigt mit der zunehmenden urbanen Dichte. Der verf\u00fcgbare Raum wird immer effizienter genutzt.\" \/>\n<meta name=\"robots\" content=\"index, follow, max-snippet:-1, max-image-preview:large, max-video-preview:-1\" \/>\n<link rel=\"canonical\" href=\"https:\/\/wirtznv.com\/de\/projekte\/dachgaerten\/\" \/>\n<meta property=\"og:locale\" content=\"de_DE\" \/>\n<meta property=\"og:type\" content=\"article\" \/>\n<meta property=\"og:title\" content=\"Dachg\u00e4rten | Wirtz International Landschaftsarchitekten\" \/>\n<meta property=\"og:description\" content=\"Das Bed\u00fcrfnis nach Dachg\u00e4rten steigt mit der zunehmenden urbanen Dichte. Der verf\u00fcgbare Raum wird immer effizienter genutzt.\" \/>\n<meta property=\"og:url\" content=\"https:\/\/wirtznv.com\/de\/projekte\/dachgaerten\/\" \/>\n<meta property=\"og:site_name\" content=\"Wirtz NV\" \/>\n<meta property=\"article:modified_time\" content=\"2023-06-07T14:17:22+00:00\" \/>\n<meta property=\"og:image\" content=\"https:\/\/wirtznv.com\/wp-content\/uploads\/2022\/04\/Hoofdfoto-Daktuinen.jpg\" \/>\n\t<meta property=\"og:image:width\" content=\"1332\" \/>\n\t<meta property=\"og:image:height\" content=\"2000\" \/>\n\t<meta property=\"og:image:type\" content=\"image\/jpeg\" \/>\n<meta name=\"twitter:card\" content=\"summary_large_image\" \/>\n<meta name=\"twitter:label1\" content=\"Gesch\u00e4tzte Lesezeit\" \/>\n\t<meta name=\"twitter:data1\" content=\"1\u00a0Minute\" \/>\n<script type=\"application\/ld+json\" class=\"yoast-schema-graph\">{\"@context\":\"https:\\\/\\\/schema.org\",\"@graph\":[{\"@type\":\"WebPage\",\"@id\":\"https:\\\/\\\/wirtznv.com\\\/de\\\/projekte\\\/dachgaerten\\\/\",\"url\":\"https:\\\/\\\/wirtznv.com\\\/de\\\/projekte\\\/dachgaerten\\\/\",\"name\":\"Dachg\u00e4rten | Wirtz International Landschaftsarchitekten\",\"isPartOf\":{\"@id\":\"https:\\\/\\\/wirtznv.com\\\/de\\\/#website\"},\"primaryImageOfPage\":{\"@id\":\"https:\\\/\\\/wirtznv.com\\\/de\\\/projekte\\\/dachgaerten\\\/#primaryimage\"},\"image\":{\"@id\":\"https:\\\/\\\/wirtznv.com\\\/de\\\/projekte\\\/dachgaerten\\\/#primaryimage\"},\"thumbnailUrl\":\"https:\\\/\\\/wirtznv.com\\\/wp-content\\\/uploads\\\/2022\\\/04\\\/Hoofdfoto-Daktuinen.jpg\",\"datePublished\":\"2022-04-27T11:18:27+00:00\",\"dateModified\":\"2023-06-07T14:17:22+00:00\",\"description\":\"Das Bed\u00fcrfnis nach Dachg\u00e4rten steigt mit der zunehmenden urbanen Dichte. Der verf\u00fcgbare Raum wird immer effizienter genutzt.\",\"breadcrumb\":{\"@id\":\"https:\\\/\\\/wirtznv.com\\\/de\\\/projekte\\\/dachgaerten\\\/#breadcrumb\"},\"inLanguage\":\"de\",\"potentialAction\":[{\"@type\":\"ReadAction\",\"target\":[\"https:\\\/\\\/wirtznv.com\\\/de\\\/projekte\\\/dachgaerten\\\/\"]}]},{\"@type\":\"ImageObject\",\"inLanguage\":\"de\",\"@id\":\"https:\\\/\\\/wirtznv.com\\\/de\\\/projekte\\\/dachgaerten\\\/#primaryimage\",\"url\":\"https:\\\/\\\/wirtznv.com\\\/wp-content\\\/uploads\\\/2022\\\/04\\\/Hoofdfoto-Daktuinen.jpg\",\"contentUrl\":\"https:\\\/\\\/wirtznv.com\\\/wp-content\\\/uploads\\\/2022\\\/04\\\/Hoofdfoto-Daktuinen.jpg\",\"width\":1332,\"height\":2000},{\"@type\":\"BreadcrumbList\",\"@id\":\"https:\\\/\\\/wirtznv.com\\\/de\\\/projekte\\\/dachgaerten\\\/#breadcrumb\",\"itemListElement\":[{\"@type\":\"ListItem\",\"position\":1,\"name\":\"Home\",\"item\":\"https:\\\/\\\/wirtznv.com\\\/de\\\/\"},{\"@type\":\"ListItem\",\"position\":2,\"name\":\"Projekte\",\"item\":\"https:\\\/\\\/wirtznv.com\\\/de\\\/projekte\\\/\"},{\"@type\":\"ListItem\",\"position\":3,\"name\":\"Dachg\u00e4rten\"}]},{\"@type\":\"WebSite\",\"@id\":\"https:\\\/\\\/wirtznv.com\\\/de\\\/#website\",\"url\":\"https:\\\/\\\/wirtznv.com\\\/de\\\/\",\"name\":\"Wirtz NV\",\"description\":\"\",\"publisher\":{\"@id\":\"https:\\\/\\\/wirtznv.com\\\/de\\\/#organization\"},\"potentialAction\":[{\"@type\":\"SearchAction\",\"target\":{\"@type\":\"EntryPoint\",\"urlTemplate\":\"https:\\\/\\\/wirtznv.com\\\/de\\\/?s={search_term_string}\"},\"query-input\":{\"@type\":\"PropertyValueSpecification\",\"valueRequired\":true,\"valueName\":\"search_term_string\"}}],\"inLanguage\":\"de\"},{\"@type\":\"Organization\",\"@id\":\"https:\\\/\\\/wirtznv.com\\\/de\\\/#organization\",\"name\":\"Wirtz NV\",\"url\":\"https:\\\/\\\/wirtznv.com\\\/de\\\/\",\"logo\":{\"@type\":\"ImageObject\",\"inLanguage\":\"de\",\"@id\":\"https:\\\/\\\/wirtznv.com\\\/de\\\/#\\\/schema\\\/logo\\\/image\\\/\",\"url\":\"https:\\\/\\\/mk0wirtznvw3r6n59kw4.kinstacdn.com\\\/wp-content\\\/uploads\\\/2021\\\/03\\\/logo_header@2x-1.png\",\"contentUrl\":\"https:\\\/\\\/mk0wirtznvw3r6n59kw4.kinstacdn.com\\\/wp-content\\\/uploads\\\/2021\\\/03\\\/logo_header@2x-1.png\",\"width\":177,\"height\":161,\"caption\":\"Wirtz NV\"},\"image\":{\"@id\":\"https:\\\/\\\/wirtznv.com\\\/de\\\/#\\\/schema\\\/logo\\\/image\\\/\"}}]}<\/script>\n<!-- \/ Yoast SEO plugin. -->","yoast_head_json":{"title":"Dachg\u00e4rten | Wirtz International Landschaftsarchitekten","description":"Das Bed\u00fcrfnis nach Dachg\u00e4rten steigt mit der zunehmenden urbanen Dichte. Der verf\u00fcgbare Raum wird immer effizienter genutzt.","robots":{"index":"index","follow":"follow","max-snippet":"max-snippet:-1","max-image-preview":"max-image-preview:large","max-video-preview":"max-video-preview:-1"},"canonical":"https:\/\/wirtznv.com\/de\/projekte\/dachgaerten\/","og_locale":"de_DE","og_type":"article","og_title":"Dachg\u00e4rten | Wirtz International Landschaftsarchitekten","og_description":"Das Bed\u00fcrfnis nach Dachg\u00e4rten steigt mit der zunehmenden urbanen Dichte. Der verf\u00fcgbare Raum wird immer effizienter genutzt.","og_url":"https:\/\/wirtznv.com\/de\/projekte\/dachgaerten\/","og_site_name":"Wirtz NV","article_modified_time":"2023-06-07T14:17:22+00:00","og_image":[{"width":1332,"height":2000,"url":"https:\/\/wirtznv.com\/wp-content\/uploads\/2022\/04\/Hoofdfoto-Daktuinen.jpg","type":"image\/jpeg"}],"twitter_card":"summary_large_image","twitter_misc":{"Gesch\u00e4tzte Lesezeit":"1\u00a0Minute"},"schema":{"@context":"https:\/\/schema.org","@graph":[{"@type":"WebPage","@id":"https:\/\/wirtznv.com\/de\/projekte\/dachgaerten\/","url":"https:\/\/wirtznv.com\/de\/projekte\/dachgaerten\/","name":"Dachg\u00e4rten | Wirtz International Landschaftsarchitekten","isPartOf":{"@id":"https:\/\/wirtznv.com\/de\/#website"},"primaryImageOfPage":{"@id":"https:\/\/wirtznv.com\/de\/projekte\/dachgaerten\/#primaryimage"},"image":{"@id":"https:\/\/wirtznv.com\/de\/projekte\/dachgaerten\/#primaryimage"},"thumbnailUrl":"https:\/\/wirtznv.com\/wp-content\/uploads\/2022\/04\/Hoofdfoto-Daktuinen.jpg","datePublished":"2022-04-27T11:18:27+00:00","dateModified":"2023-06-07T14:17:22+00:00","description":"Das Bed\u00fcrfnis nach Dachg\u00e4rten steigt mit der zunehmenden urbanen Dichte. Der verf\u00fcgbare Raum wird immer effizienter genutzt.","breadcrumb":{"@id":"https:\/\/wirtznv.com\/de\/projekte\/dachgaerten\/#breadcrumb"},"inLanguage":"de","potentialAction":[{"@type":"ReadAction","target":["https:\/\/wirtznv.com\/de\/projekte\/dachgaerten\/"]}]},{"@type":"ImageObject","inLanguage":"de","@id":"https:\/\/wirtznv.com\/de\/projekte\/dachgaerten\/#primaryimage","url":"https:\/\/wirtznv.com\/wp-content\/uploads\/2022\/04\/Hoofdfoto-Daktuinen.jpg","contentUrl":"https:\/\/wirtznv.com\/wp-content\/uploads\/2022\/04\/Hoofdfoto-Daktuinen.jpg","width":1332,"height":2000},{"@type":"BreadcrumbList","@id":"https:\/\/wirtznv.com\/de\/projekte\/dachgaerten\/#breadcrumb","itemListElement":[{"@type":"ListItem","position":1,"name":"Home","item":"https:\/\/wirtznv.com\/de\/"},{"@type":"ListItem","position":2,"name":"Projekte","item":"https:\/\/wirtznv.com\/de\/projekte\/"},{"@type":"ListItem","position":3,"name":"Dachg\u00e4rten"}]},{"@type":"WebSite","@id":"https:\/\/wirtznv.com\/de\/#website","url":"https:\/\/wirtznv.com\/de\/","name":"Wirtz NV","description":"","publisher":{"@id":"https:\/\/wirtznv.com\/de\/#organization"},"potentialAction":[{"@type":"SearchAction","target":{"@type":"EntryPoint","urlTemplate":"https:\/\/wirtznv.com\/de\/?s={search_term_string}"},"query-input":{"@type":"PropertyValueSpecification","valueRequired":true,"valueName":"search_term_string"}}],"inLanguage":"de"},{"@type":"Organization","@id":"https:\/\/wirtznv.com\/de\/#organization","name":"Wirtz NV","url":"https:\/\/wirtznv.com\/de\/","logo":{"@type":"ImageObject","inLanguage":"de","@id":"https:\/\/wirtznv.com\/de\/#\/schema\/logo\/image\/","url":"https:\/\/mk0wirtznvw3r6n59kw4.kinstacdn.com\/wp-content\/uploads\/2021\/03\/logo_header@2x-1.png","contentUrl":"https:\/\/mk0wirtznvw3r6n59kw4.kinstacdn.com\/wp-content\/uploads\/2021\/03\/logo_header@2x-1.png","width":177,"height":161,"caption":"Wirtz NV"},"image":{"@id":"https:\/\/wirtznv.com\/de\/#\/schema\/logo\/image\/"}}]}},"_links":{"self":[{"href":"https:\/\/wirtznv.com\/de\/wp-json\/wp\/v2\/pages\/7834","targetHints":{"allow":["GET"]}}],"collection":[{"href":"https:\/\/wirtznv.com\/de\/wp-json\/wp\/v2\/pages"}],"about":[{"href":"https:\/\/wirtznv.com\/de\/wp-json\/wp\/v2\/types\/page"}],"author":[{"embeddable":true,"href":"https:\/\/wirtznv.com\/de\/wp-json\/wp\/v2\/users\/1"}],"replies":[{"embeddable":true,"href":"https:\/\/wirtznv.com\/de\/wp-json\/wp\/v2\/comments?post=7834"}],"version-history":[{"count":0,"href":"https:\/\/wirtznv.com\/de\/wp-json\/wp\/v2\/pages\/7834\/revisions"}],"up":[{"embeddable":true,"href":"https:\/\/wirtznv.com\/de\/wp-json\/wp\/v2\/pages\/6343"}],"wp:featuredmedia":[{"embeddable":true,"href":"https:\/\/wirtznv.com\/de\/wp-json\/wp\/v2\/media\/7868"}],"wp:attachment":[{"href":"https:\/\/wirtznv.com\/de\/wp-json\/wp\/v2\/media?parent=7834"}],"wp:term":[{"taxonomy":"category","embeddable":true,"href":"https:\/\/wirtznv.com\/de\/wp-json\/wp\/v2\/categories?post=7834"},{"taxonomy":"post_tag","embeddable":true,"href":"https:\/\/wirtznv.com\/de\/wp-json\/wp\/v2\/tags?post=7834"}],"curies":[{"name":"wp","href":"https:\/\/api.w.org\/{rel}","templated":true}]}}