{"id":6957,"date":"2021-03-19T12:18:25","date_gmt":"2021-03-19T12:18:25","guid":{"rendered":"https:\/\/wirtznv.com\/news\/"},"modified":"2024-05-17T14:58:21","modified_gmt":"2024-05-17T12:58:21","slug":"neuigkeiten","status":"publish","type":"page","link":"https:\/\/wirtznv.com\/de\/neuigkeiten\/","title":{"rendered":"Neuigkeiten"},"content":{"rendered":"<div class=\"wpb-content-wrapper\"><p>[vc_row css=&#8220;.vc_custom_1616406220785{padding-top: 50px !important;padding-bottom: 50px !important;}&#8220;][vc_column][vc_raw_html el_class=&#8220;breadcrumb&#8220;]JTVCd3BzZW9fYnJlYWRjcnVtYiU1RA==[\/vc_raw_html][\/vc_column][\/vc_row][vc_row][vc_column][vc_column_text]<\/p>\n<h1>Neuigkeiten<\/h1>\n<p>[\/vc_column_text][\/vc_column][\/vc_row][vc_row el_class=&#8220;bloglist&#8220;][vc_column]<div class=\"edgtf-blog-list-holder edgtf-grid-list edgtf-disable-bottom-space edgtf-bl-standard edgtf-three-columns edgtf-huge-space edgtf-bl-pag-infinite-scroll\"  data-type=standard data-number-of-posts=-1 data-number-of-columns=three data-space-between-items=huge data-orderby=date data-order=DESC data-image-size=full data-title-tag=h3 data-title-transform=capitalize data-excerpt-length=10 data-post-info-section=yes data-post-info-image=yes data-post-info-author=no data-post-info-date=yes data-post-info-category=no data-post-info-comments=no data-post-info-like=no data-post-info-share=no data-post-info-read-more=no data-pagination-type=infinite-scroll data-max-num-pages=0 data-next-page=2>\n\t<div class=\"edgtf-bl-wrapper edgtf-outer-space\">\n\t\t<ul class=\"edgtf-blog-list\">\n\t\t\t<li class=\"edgtf-bl-item edgtf-item-space\">\n\t<div class=\"edgtf-bli-inner\">\n\t\t \n\t<div class=\"edgtf-post-image\">\n\t\t\t\t\t<a itemprop=\"url\" href=\"https:\/\/wirtznv.com\/de\/office-closing-for-christmas-and-new-year-holidays-2\/\" title=\"Office closing for Christmas and New Year holidays\">\n\t\t\t\t\t<img decoding=\"async\" width=\"2560\" height=\"1920\" data-src=\"https:\/\/wirtznv.com\/wp-content\/uploads\/2023\/12\/Original-scaled.jpg\" class=\"attachment-full size-full wp-post-image lazyload\" alt=\"\" data-srcset=\"https:\/\/wirtznv.com\/wp-content\/uploads\/2023\/12\/Original-scaled.jpg 2560w, https:\/\/wirtznv.com\/wp-content\/uploads\/2023\/12\/Original-300x225.jpg 300w, https:\/\/wirtznv.com\/wp-content\/uploads\/2023\/12\/Original-1024x768.jpg 1024w, https:\/\/wirtznv.com\/wp-content\/uploads\/2023\/12\/Original-768x576.jpg 768w, https:\/\/wirtznv.com\/wp-content\/uploads\/2023\/12\/Original-1536x1152.jpg 1536w\" data-sizes=\"(max-width: 2560px) 100vw, 2560px\" src=\"data:image\/svg+xml;base64,PHN2ZyB3aWR0aD0iMSIgaGVpZ2h0PSIxIiB4bWxucz0iaHR0cDovL3d3dy53My5vcmcvMjAwMC9zdmciPjwvc3ZnPg==\" style=\"--smush-placeholder-width: 2560px; --smush-placeholder-aspect-ratio: 2560\/1920;\" \/>\t\t\t\t\t<\/a>\n\t\t        \n\t\t\t<\/div>\n        <div class=\"edgtf-bli-content\" >\n                            <div class=\"edgtf-bli-info\">\n\t                <div itemprop=\"dateCreated\" class=\"edgtf-post-info-date entry-date published updated\">\n            <a itemprop=\"url\" href=\"https:\/\/wirtznv.com\/de\/2023\/12\/\">\n    \n        15. Dezember 2023        <\/a>\n    <meta itemprop=\"interactionCount\" content=\"UserComments: 0\"\/>\n<\/div>                <\/div>\n            \t\n\t        \n<h3 itemprop=\"name\" class=\"entry-title edgtf-post-title\" style=\"text-transform: capitalize\">\n            <a itemprop=\"url\" href=\"https:\/\/wirtznv.com\/de\/office-closing-for-christmas-and-new-year-holidays-2\/\" title=\"Office closing for Christmas and New Year holidays\">\n            Office closing for Christmas and New Year holidays            <\/a>\n    <\/h3>\t\n\t        <div class=\"edgtf-bli-excerpt\">\n\t\t        \t\t<div class=\"edgtf-post-excerpt-holder\">\n\t\t\t<p itemprop=\"description\" class=\"edgtf-post-excerpt\">\n\t\t\t\tWirtz International will close the office on Friday 22nd December\t\t\t<\/p>\n\t\t<\/div>\n\t                \t        <\/div>\n        <\/div>\n\t<\/div>\n<\/li><li class=\"edgtf-bl-item edgtf-item-space\">\n\t<div class=\"edgtf-bli-inner\">\n\t\t \n\t<div class=\"edgtf-post-image\">\n\t\t\t\t\t<a itemprop=\"url\" href=\"https:\/\/wirtznv.com\/de\/wirtz-erhaelt-zuschlag-fuer-wissenschaftszentrum-in-kortrijk-be\/\" title=\"Wirtz erh\u00e4lt Zuschlag f\u00fcr Wissenschaftszentrum in Kortrijk (BE)\">\n\t\t\t\t\t<img decoding=\"async\" width=\"2482\" height=\"1321\" data-src=\"https:\/\/wirtznv.com\/wp-content\/uploads\/2023\/12\/Kortrijk-Rozentuin-_-2023-02-20_zicht1_page-0001.jpg\" class=\"attachment-full size-full lazyload\" alt=\"\" data-srcset=\"https:\/\/wirtznv.com\/wp-content\/uploads\/2023\/12\/Kortrijk-Rozentuin-_-2023-02-20_zicht1_page-0001.jpg 2482w, https:\/\/wirtznv.com\/wp-content\/uploads\/2023\/12\/Kortrijk-Rozentuin-_-2023-02-20_zicht1_page-0001-300x160.jpg 300w, https:\/\/wirtznv.com\/wp-content\/uploads\/2023\/12\/Kortrijk-Rozentuin-_-2023-02-20_zicht1_page-0001-1024x545.jpg 1024w, https:\/\/wirtznv.com\/wp-content\/uploads\/2023\/12\/Kortrijk-Rozentuin-_-2023-02-20_zicht1_page-0001-768x409.jpg 768w, https:\/\/wirtznv.com\/wp-content\/uploads\/2023\/12\/Kortrijk-Rozentuin-_-2023-02-20_zicht1_page-0001-1536x818.jpg 1536w\" data-sizes=\"(max-width: 2482px) 100vw, 2482px\" src=\"data:image\/svg+xml;base64,PHN2ZyB3aWR0aD0iMSIgaGVpZ2h0PSIxIiB4bWxucz0iaHR0cDovL3d3dy53My5vcmcvMjAwMC9zdmciPjwvc3ZnPg==\" style=\"--smush-placeholder-width: 2482px; --smush-placeholder-aspect-ratio: 2482\/1321;\" \/>\t\t\t\t\t<\/a>\n\t\t        \n\t\t\t<\/div>\n        <div class=\"edgtf-bli-content\" >\n                            <div class=\"edgtf-bli-info\">\n\t                <div itemprop=\"dateCreated\" class=\"edgtf-post-info-date entry-date published updated\">\n            <a itemprop=\"url\" href=\"https:\/\/wirtznv.com\/de\/2023\/06\/\">\n    \n        6. Juni 2023        <\/a>\n    <meta itemprop=\"interactionCount\" content=\"UserComments: 0\"\/>\n<\/div>                <\/div>\n            \t\n\t        \n<h3 itemprop=\"name\" class=\"entry-title edgtf-post-title\" style=\"text-transform: capitalize\">\n            <a itemprop=\"url\" href=\"https:\/\/wirtznv.com\/de\/wirtz-erhaelt-zuschlag-fuer-wissenschaftszentrum-in-kortrijk-be\/\" title=\"Wirtz erh\u00e4lt Zuschlag f\u00fcr Wissenschaftszentrum in Kortrijk (BE)\">\n            Wirtz erh\u00e4lt Zuschlag f\u00fcr Wissenschaftszentrum in Kortrijk (BE)            <\/a>\n    <\/h3>\t\n\t        <div class=\"edgtf-bli-excerpt\">\n\t\t        \t\t<div class=\"edgtf-post-excerpt-holder\">\n\t\t\t<p itemprop=\"description\" class=\"edgtf-post-excerpt\">\n\t\t\t\tWir freuen uns, zusammen mit\u202fClaeys\/Haelvoet Architects\u202fund\u202fBaumschlager Eberle Architekten den Zuschlag\t\t\t<\/p>\n\t\t<\/div>\n\t                \t        <\/div>\n        <\/div>\n\t<\/div>\n<\/li><li class=\"edgtf-bl-item edgtf-item-space\">\n\t<div class=\"edgtf-bli-inner\">\n\t\t \n\t<div class=\"edgtf-post-image\">\n\t\t\t\t\t<a itemprop=\"url\" href=\"https:\/\/wirtznv.com\/de\/wirtz-erhaelt-zuschlag-fuer-die-neue-bibliothek-und-kindertaggesstaette-in-antwerpen-be\/\" title=\"Wirtz erh\u00e4lt Zuschlag f\u00fcr die neue Bibliothek und Kindertagesst\u00e4tte in Antwerpen (BE)\">\n\t\t\t\t\t<img decoding=\"async\" width=\"1350\" height=\"1080\" data-src=\"https:\/\/wirtznv.com\/wp-content\/uploads\/2023\/12\/bbfbc1c3-bd78-4666-b6df-1b22a83c4589_1080.png\" class=\"attachment-full size-full lazyload\" alt=\"New library and daycare center in Antwerp\" data-srcset=\"https:\/\/wirtznv.com\/wp-content\/uploads\/2023\/12\/bbfbc1c3-bd78-4666-b6df-1b22a83c4589_1080.png 1350w, https:\/\/wirtznv.com\/wp-content\/uploads\/2023\/12\/bbfbc1c3-bd78-4666-b6df-1b22a83c4589_1080-300x240.png 300w, https:\/\/wirtznv.com\/wp-content\/uploads\/2023\/12\/bbfbc1c3-bd78-4666-b6df-1b22a83c4589_1080-1024x819.png 1024w, https:\/\/wirtznv.com\/wp-content\/uploads\/2023\/12\/bbfbc1c3-bd78-4666-b6df-1b22a83c4589_1080-768x614.png 768w\" data-sizes=\"(max-width: 1350px) 100vw, 1350px\" src=\"data:image\/svg+xml;base64,PHN2ZyB3aWR0aD0iMSIgaGVpZ2h0PSIxIiB4bWxucz0iaHR0cDovL3d3dy53My5vcmcvMjAwMC9zdmciPjwvc3ZnPg==\" style=\"--smush-placeholder-width: 1350px; --smush-placeholder-aspect-ratio: 1350\/1080;\" \/>\t\t\t\t\t<\/a>\n\t\t        \n\t\t\t<\/div>\n        <div class=\"edgtf-bli-content\" >\n                            <div class=\"edgtf-bli-info\">\n\t                <div itemprop=\"dateCreated\" class=\"edgtf-post-info-date entry-date published updated\">\n            <a itemprop=\"url\" href=\"https:\/\/wirtznv.com\/de\/2023\/05\/\">\n    \n        25. Mai 2023        <\/a>\n    <meta itemprop=\"interactionCount\" content=\"UserComments: 0\"\/>\n<\/div>                <\/div>\n            \t\n\t        \n<h3 itemprop=\"name\" class=\"entry-title edgtf-post-title\" style=\"text-transform: capitalize\">\n            <a itemprop=\"url\" href=\"https:\/\/wirtznv.com\/de\/wirtz-erhaelt-zuschlag-fuer-die-neue-bibliothek-und-kindertaggesstaette-in-antwerpen-be\/\" title=\"Wirtz erh\u00e4lt Zuschlag f\u00fcr die neue Bibliothek und Kindertagesst\u00e4tte in Antwerpen (BE)\">\n            Wirtz erh\u00e4lt Zuschlag f\u00fcr die neue Bibliothek und Kindertagesst\u00e4tte in Antwerpen (BE)            <\/a>\n    <\/h3>\t\n\t        <div class=\"edgtf-bli-excerpt\">\n\t\t        \t\t<div class=\"edgtf-post-excerpt-holder\">\n\t\t\t<p itemprop=\"description\" class=\"edgtf-post-excerpt\">\n\t\t\t\tWir sind stolz, ank\u00fcndigen zu k\u00f6nnen, dass wir gemeinsam mit\t\t\t<\/p>\n\t\t<\/div>\n\t                \t        <\/div>\n        <\/div>\n\t<\/div>\n<\/li><li class=\"edgtf-bl-item edgtf-item-space\">\n\t<div class=\"edgtf-bli-inner\">\n\t\t \n\t<div class=\"edgtf-post-image\">\n\t\t\t\t\t<a itemprop=\"url\" href=\"https:\/\/wirtznv.com\/de\/zuschlag-fuer-die-erweiterung-des-archaelogischen-nationalmuseums-in-athen-gr\/\" title=\"Wirtz erh\u00e4lt Zuschlag f\u00fcr die Erweiterung des Arch\u00e4ologischen Nationalmuseums in Athen (GR)\">\n\t\t\t\t\t<img decoding=\"async\" width=\"2560\" height=\"1828\" data-src=\"https:\/\/wirtznv.com\/wp-content\/uploads\/2023\/02\/1648_08_A_FBI_N19-scaled.jpg\" class=\"attachment-full size-full wp-post-image lazyload\" alt=\"Erweiterung des\u202fArch\u00e4ologischen Nationalmuseums in Athen\" data-srcset=\"https:\/\/wirtznv.com\/wp-content\/uploads\/2023\/02\/1648_08_A_FBI_N19-scaled.jpg 2560w, https:\/\/wirtznv.com\/wp-content\/uploads\/2023\/02\/1648_08_A_FBI_N19-300x214.jpg 300w, https:\/\/wirtznv.com\/wp-content\/uploads\/2023\/02\/1648_08_A_FBI_N19-1024x731.jpg 1024w, https:\/\/wirtznv.com\/wp-content\/uploads\/2023\/02\/1648_08_A_FBI_N19-768x548.jpg 768w, https:\/\/wirtznv.com\/wp-content\/uploads\/2023\/02\/1648_08_A_FBI_N19-1536x1097.jpg 1536w\" data-sizes=\"(max-width: 2560px) 100vw, 2560px\" src=\"data:image\/svg+xml;base64,PHN2ZyB3aWR0aD0iMSIgaGVpZ2h0PSIxIiB4bWxucz0iaHR0cDovL3d3dy53My5vcmcvMjAwMC9zdmciPjwvc3ZnPg==\" style=\"--smush-placeholder-width: 2560px; --smush-placeholder-aspect-ratio: 2560\/1828;\" \/>\t\t\t\t\t<\/a>\n\t\t        \n\t\t\t<\/div>\n        <div class=\"edgtf-bli-content\" >\n                            <div class=\"edgtf-bli-info\">\n\t                <div itemprop=\"dateCreated\" class=\"edgtf-post-info-date entry-date published updated\">\n            <a itemprop=\"url\" href=\"https:\/\/wirtznv.com\/de\/2023\/02\/\">\n    \n        20. Februar 2023        <\/a>\n    <meta itemprop=\"interactionCount\" content=\"UserComments: 0\"\/>\n<\/div>                <\/div>\n            \t\n\t        \n<h3 itemprop=\"name\" class=\"entry-title edgtf-post-title\" style=\"text-transform: capitalize\">\n            <a itemprop=\"url\" href=\"https:\/\/wirtznv.com\/de\/zuschlag-fuer-die-erweiterung-des-archaelogischen-nationalmuseums-in-athen-gr\/\" title=\"Wirtz erh\u00e4lt Zuschlag f\u00fcr die Erweiterung des Arch\u00e4ologischen Nationalmuseums in Athen (GR)\">\n            Wirtz erh\u00e4lt Zuschlag f\u00fcr die Erweiterung des Arch\u00e4ologischen Nationalmuseums in Athen (GR)            <\/a>\n    <\/h3>\t\n\t        <div class=\"edgtf-bli-excerpt\">\n\t\t        \t\t<div class=\"edgtf-post-excerpt-holder\">\n\t\t\t<p itemprop=\"description\" class=\"edgtf-post-excerpt\">\n\t\t\t\tWirtz erh\u00e4lt Zuschlag f\u00fcr die Erweiterung des Arch\u00e4ologischen Nationalmuseums in\t\t\t<\/p>\n\t\t<\/div>\n\t                \t        <\/div>\n        <\/div>\n\t<\/div>\n<\/li><li class=\"edgtf-bl-item edgtf-item-space\">\n\t<div class=\"edgtf-bli-inner\">\n\t\t \n\t<div class=\"edgtf-post-image\">\n\t\t\t\t\t<a itemprop=\"url\" href=\"https:\/\/wirtznv.com\/de\/notice-of-office-closure-during-christmas-and-new-years-holidays-2\/\" title=\"Notice of office closure during Christmas and New Year\u2019s Holidays\">\n\t\t\t\t\t<img decoding=\"async\" width=\"2560\" height=\"1924\" data-src=\"https:\/\/wirtznv.com\/wp-content\/uploads\/2022\/12\/CF01770620120204Bellem-scaled.jpg\" class=\"attachment-full size-full wp-post-image lazyload\" alt=\"\" data-srcset=\"https:\/\/wirtznv.com\/wp-content\/uploads\/2022\/12\/CF01770620120204Bellem-scaled.jpg 2560w, https:\/\/wirtznv.com\/wp-content\/uploads\/2022\/12\/CF01770620120204Bellem-300x225.jpg 300w, https:\/\/wirtznv.com\/wp-content\/uploads\/2022\/12\/CF01770620120204Bellem-1024x769.jpg 1024w, https:\/\/wirtznv.com\/wp-content\/uploads\/2022\/12\/CF01770620120204Bellem-768x577.jpg 768w, https:\/\/wirtznv.com\/wp-content\/uploads\/2022\/12\/CF01770620120204Bellem-1536x1154.jpg 1536w\" data-sizes=\"(max-width: 2560px) 100vw, 2560px\" src=\"data:image\/svg+xml;base64,PHN2ZyB3aWR0aD0iMSIgaGVpZ2h0PSIxIiB4bWxucz0iaHR0cDovL3d3dy53My5vcmcvMjAwMC9zdmciPjwvc3ZnPg==\" style=\"--smush-placeholder-width: 2560px; --smush-placeholder-aspect-ratio: 2560\/1924;\" \/>\t\t\t\t\t<\/a>\n\t\t        \n\t\t\t<\/div>\n        <div class=\"edgtf-bli-content\" >\n                            <div class=\"edgtf-bli-info\">\n\t                <div itemprop=\"dateCreated\" class=\"edgtf-post-info-date entry-date published updated\">\n            <a itemprop=\"url\" href=\"https:\/\/wirtznv.com\/de\/2022\/12\/\">\n    \n        22. Dezember 2022        <\/a>\n    <meta itemprop=\"interactionCount\" content=\"UserComments: 0\"\/>\n<\/div>                <\/div>\n            \t\n\t        \n<h3 itemprop=\"name\" class=\"entry-title edgtf-post-title\" style=\"text-transform: capitalize\">\n            <a itemprop=\"url\" href=\"https:\/\/wirtznv.com\/de\/notice-of-office-closure-during-christmas-and-new-years-holidays-2\/\" title=\"Notice of office closure during Christmas and New Year\u2019s Holidays\">\n            Notice of office closure during Christmas and New Year\u2019s Holidays            <\/a>\n    <\/h3>\t\n\t        <div class=\"edgtf-bli-excerpt\">\n\t\t        \t\t<div class=\"edgtf-post-excerpt-holder\">\n\t\t\t<p itemprop=\"description\" class=\"edgtf-post-excerpt\">\n\t\t\t\tNotice of office closure during Christmas and New Year\u2019s Holidays.\t\t\t<\/p>\n\t\t<\/div>\n\t                \t        <\/div>\n        <\/div>\n\t<\/div>\n<\/li><li class=\"edgtf-bl-item edgtf-item-space\">\n\t<div class=\"edgtf-bli-inner\">\n\t\t \n\t<div class=\"edgtf-post-image\">\n\t\t\t\t\t<a itemprop=\"url\" href=\"https:\/\/wirtznv.com\/de\/wirtz-erhaelt-zuschlag-fuer-den-neuen-park-st-benedictus-in-mortsel-be\/\" title=\"Wirtz erh\u00e4lt Zuschlag f\u00fcr den neuen Park St. Benedictus in Mortsel (BE)\">\n\t\t\t\t\t<img decoding=\"async\" width=\"633\" height=\"427\" data-src=\"https:\/\/wirtznv.com\/wp-content\/uploads\/2022\/08\/Afbeelding3-ping.png\" class=\"attachment-full size-full lazyload\" alt=\"new Park St. Benedictus in Mortsel\" data-srcset=\"https:\/\/wirtznv.com\/wp-content\/uploads\/2022\/08\/Afbeelding3-ping.png 633w, https:\/\/wirtznv.com\/wp-content\/uploads\/2022\/08\/Afbeelding3-ping-300x202.png 300w\" data-sizes=\"(max-width: 633px) 100vw, 633px\" src=\"data:image\/svg+xml;base64,PHN2ZyB3aWR0aD0iMSIgaGVpZ2h0PSIxIiB4bWxucz0iaHR0cDovL3d3dy53My5vcmcvMjAwMC9zdmciPjwvc3ZnPg==\" style=\"--smush-placeholder-width: 633px; --smush-placeholder-aspect-ratio: 633\/427;\" \/>\t\t\t\t\t<\/a>\n\t\t        \n\t\t\t<\/div>\n        <div class=\"edgtf-bli-content\" >\n                            <div class=\"edgtf-bli-info\">\n\t                <div itemprop=\"dateCreated\" class=\"edgtf-post-info-date entry-date published updated\">\n            <a itemprop=\"url\" href=\"https:\/\/wirtznv.com\/de\/2022\/08\/\">\n    \n        22. August 2022        <\/a>\n    <meta itemprop=\"interactionCount\" content=\"UserComments: 0\"\/>\n<\/div>                <\/div>\n            \t\n\t        \n<h3 itemprop=\"name\" class=\"entry-title edgtf-post-title\" style=\"text-transform: capitalize\">\n            <a itemprop=\"url\" href=\"https:\/\/wirtznv.com\/de\/wirtz-erhaelt-zuschlag-fuer-den-neuen-park-st-benedictus-in-mortsel-be\/\" title=\"Wirtz erh\u00e4lt Zuschlag f\u00fcr den neuen Park St. Benedictus in Mortsel (BE)\">\n            Wirtz erh\u00e4lt Zuschlag f\u00fcr den neuen Park St. Benedictus in Mortsel (BE)            <\/a>\n    <\/h3>\t\n\t        <div class=\"edgtf-bli-excerpt\">\n\t\t        \t\t<div class=\"edgtf-post-excerpt-holder\">\n\t\t\t<p itemprop=\"description\" class=\"edgtf-post-excerpt\">\n\t\t\t\tZusammen mit Ciril (Projektentwickler), Bovenbouw Architecture\u202fund\u202fBart Dehaene Architects haben wir\t\t\t<\/p>\n\t\t<\/div>\n\t                \t        <\/div>\n        <\/div>\n\t<\/div>\n<\/li><li class=\"edgtf-bl-item edgtf-item-space\">\n\t<div class=\"edgtf-bli-inner\">\n\t\t \n\t<div class=\"edgtf-post-image\">\n\t\t\t\t\t<a itemprop=\"url\" href=\"https:\/\/wirtznv.com\/de\/berliner-boetzow-brauerei-soll-in-ein-pulsierendes-urbanes-zentrum-verwandelt-werden\/\" title=\"Berliner B\u00f6tzow-Brauerei soll in ein pulsierendes urbanes Zentrum verwandelt werden\">\n\t\t\t\t\t<img decoding=\"async\" width=\"1907\" height=\"2000\" data-src=\"https:\/\/wirtznv.com\/wp-content\/uploads\/2022\/07\/News-Bo\u0308tzow-Brewery-in-Berlin-to-be-transformed-into-a-bustling-urban-hub.jpg\" class=\"attachment-full size-full wp-post-image lazyload\" alt=\"\" data-srcset=\"https:\/\/wirtznv.com\/wp-content\/uploads\/2022\/07\/News-Bo\u0308tzow-Brewery-in-Berlin-to-be-transformed-into-a-bustling-urban-hub.jpg 1907w, https:\/\/wirtznv.com\/wp-content\/uploads\/2022\/07\/News-Bo\u0308tzow-Brewery-in-Berlin-to-be-transformed-into-a-bustling-urban-hub-286x300.jpg 286w, https:\/\/wirtznv.com\/wp-content\/uploads\/2022\/07\/News-Bo\u0308tzow-Brewery-in-Berlin-to-be-transformed-into-a-bustling-urban-hub-976x1024.jpg 976w, https:\/\/wirtznv.com\/wp-content\/uploads\/2022\/07\/News-Bo\u0308tzow-Brewery-in-Berlin-to-be-transformed-into-a-bustling-urban-hub-768x805.jpg 768w, https:\/\/wirtznv.com\/wp-content\/uploads\/2022\/07\/News-Bo\u0308tzow-Brewery-in-Berlin-to-be-transformed-into-a-bustling-urban-hub-1465x1536.jpg 1465w\" data-sizes=\"(max-width: 1907px) 100vw, 1907px\" src=\"data:image\/svg+xml;base64,PHN2ZyB3aWR0aD0iMSIgaGVpZ2h0PSIxIiB4bWxucz0iaHR0cDovL3d3dy53My5vcmcvMjAwMC9zdmciPjwvc3ZnPg==\" style=\"--smush-placeholder-width: 1907px; --smush-placeholder-aspect-ratio: 1907\/2000;\" \/>\t\t\t\t\t<\/a>\n\t\t        \n\t\t\t<\/div>\n        <div class=\"edgtf-bli-content\" >\n                            <div class=\"edgtf-bli-info\">\n\t                <div itemprop=\"dateCreated\" class=\"edgtf-post-info-date entry-date published updated\">\n            <a itemprop=\"url\" href=\"https:\/\/wirtznv.com\/de\/2022\/01\/\">\n    \n        17. Januar 2022        <\/a>\n    <meta itemprop=\"interactionCount\" content=\"UserComments: 0\"\/>\n<\/div>                <\/div>\n            \t\n\t        \n<h3 itemprop=\"name\" class=\"entry-title edgtf-post-title\" style=\"text-transform: capitalize\">\n            <a itemprop=\"url\" href=\"https:\/\/wirtznv.com\/de\/berliner-boetzow-brauerei-soll-in-ein-pulsierendes-urbanes-zentrum-verwandelt-werden\/\" title=\"Berliner B\u00f6tzow-Brauerei soll in ein pulsierendes urbanes Zentrum verwandelt werden\">\n            Berliner B\u00f6tzow-Brauerei soll in ein pulsierendes urbanes Zentrum verwandelt werden            <\/a>\n    <\/h3>\t\n\t        <div class=\"edgtf-bli-excerpt\">\n\t\t        \t\t<div class=\"edgtf-post-excerpt-holder\">\n\t\t\t<p itemprop=\"description\" class=\"edgtf-post-excerpt\">\n\t\t\t\tDas\u202fProjekt der Neugestaltung des historischen Geb\u00e4udeensembles der B\u00f6tzow-Brauerei im Berliner\t\t\t<\/p>\n\t\t<\/div>\n\t                \t        <\/div>\n        <\/div>\n\t<\/div>\n<\/li><li class=\"edgtf-bl-item edgtf-item-space\">\n\t<div class=\"edgtf-bli-inner\">\n\t\t \n\t<div class=\"edgtf-post-image\">\n\t\t\t\t\t<a itemprop=\"url\" href=\"https:\/\/wirtznv.com\/de\/shida-evaluation-garden-im-chicago-botanic-garden-offiziell-eroeffnet\/\" title=\"Shida Evaluation Garden im Chicago Botanic Garden offiziell er\u00f6ffnet\">\n\t\t\t\t\t<img decoding=\"async\" width=\"2000\" height=\"1335\" data-src=\"https:\/\/wirtznv.com\/wp-content\/uploads\/2022\/07\/News-Shida-Evaluation-Garden-at-the-Chicago-Botanic-Garden-officially-opened.jpg\" class=\"attachment-full size-full wp-post-image lazyload\" alt=\"\" data-srcset=\"https:\/\/wirtznv.com\/wp-content\/uploads\/2022\/07\/News-Shida-Evaluation-Garden-at-the-Chicago-Botanic-Garden-officially-opened.jpg 2000w, https:\/\/wirtznv.com\/wp-content\/uploads\/2022\/07\/News-Shida-Evaluation-Garden-at-the-Chicago-Botanic-Garden-officially-opened-300x200.jpg 300w, https:\/\/wirtznv.com\/wp-content\/uploads\/2022\/07\/News-Shida-Evaluation-Garden-at-the-Chicago-Botanic-Garden-officially-opened-1024x684.jpg 1024w, https:\/\/wirtznv.com\/wp-content\/uploads\/2022\/07\/News-Shida-Evaluation-Garden-at-the-Chicago-Botanic-Garden-officially-opened-768x513.jpg 768w, https:\/\/wirtznv.com\/wp-content\/uploads\/2022\/07\/News-Shida-Evaluation-Garden-at-the-Chicago-Botanic-Garden-officially-opened-1536x1025.jpg 1536w\" data-sizes=\"(max-width: 2000px) 100vw, 2000px\" src=\"data:image\/svg+xml;base64,PHN2ZyB3aWR0aD0iMSIgaGVpZ2h0PSIxIiB4bWxucz0iaHR0cDovL3d3dy53My5vcmcvMjAwMC9zdmciPjwvc3ZnPg==\" style=\"--smush-placeholder-width: 2000px; --smush-placeholder-aspect-ratio: 2000\/1335;\" \/>\t\t\t\t\t<\/a>\n\t\t        \n\t\t\t<\/div>\n        <div class=\"edgtf-bli-content\" >\n                            <div class=\"edgtf-bli-info\">\n\t                <div itemprop=\"dateCreated\" class=\"edgtf-post-info-date entry-date published updated\">\n            <a itemprop=\"url\" href=\"https:\/\/wirtznv.com\/de\/2021\/12\/\">\n    \n        22. Dezember 2021        <\/a>\n    <meta itemprop=\"interactionCount\" content=\"UserComments: 0\"\/>\n<\/div>                <\/div>\n            \t\n\t        \n<h3 itemprop=\"name\" class=\"entry-title edgtf-post-title\" style=\"text-transform: capitalize\">\n            <a itemprop=\"url\" href=\"https:\/\/wirtznv.com\/de\/shida-evaluation-garden-im-chicago-botanic-garden-offiziell-eroeffnet\/\" title=\"Shida Evaluation Garden im Chicago Botanic Garden offiziell er\u00f6ffnet\">\n            Shida Evaluation Garden im Chicago Botanic Garden offiziell er\u00f6ffnet            <\/a>\n    <\/h3>\t\n\t        <div class=\"edgtf-bli-excerpt\">\n\t\t        \t\t<div class=\"edgtf-post-excerpt-holder\">\n\t\t\t<p itemprop=\"description\" class=\"edgtf-post-excerpt\">\n\t\t\t\tMitte November wurde dieser neue Garten im\u202fChicago Botanic Garden\u202foffiziell f\u00fcr\t\t\t<\/p>\n\t\t<\/div>\n\t                \t        <\/div>\n        <\/div>\n\t<\/div>\n<\/li><li class=\"edgtf-bl-item edgtf-item-space\">\n\t<div class=\"edgtf-bli-inner\">\n\t\t \n\t<div class=\"edgtf-post-image\">\n\t\t\t\t\t<a itemprop=\"url\" href=\"https:\/\/wirtznv.com\/de\/erweiterungsbau-des-kunsthauses-zuerich-oeffnet-seine-tueren-fuer-besucher-ch\/\" title=\"Erweiterungsbau des Kunsthauses Z\u00fcrich \u00f6ffnet seine T\u00fcren f\u00fcr Besucher (CH)\">\n\t\t\t\t\t<img decoding=\"async\" width=\"2000\" height=\"1028\" data-src=\"https:\/\/wirtznv.com\/wp-content\/uploads\/2021\/10\/News-Kunsthaus-Zu\u0308rich-extension-opens-to-the-public-CH.jpg\" class=\"attachment-full size-full wp-post-image lazyload\" alt=\"\" data-srcset=\"https:\/\/wirtznv.com\/wp-content\/uploads\/2021\/10\/News-Kunsthaus-Zu\u0308rich-extension-opens-to-the-public-CH.jpg 2000w, https:\/\/wirtznv.com\/wp-content\/uploads\/2021\/10\/News-Kunsthaus-Zu\u0308rich-extension-opens-to-the-public-CH-300x154.jpg 300w, https:\/\/wirtznv.com\/wp-content\/uploads\/2021\/10\/News-Kunsthaus-Zu\u0308rich-extension-opens-to-the-public-CH-1024x526.jpg 1024w, https:\/\/wirtznv.com\/wp-content\/uploads\/2021\/10\/News-Kunsthaus-Zu\u0308rich-extension-opens-to-the-public-CH-768x395.jpg 768w, https:\/\/wirtznv.com\/wp-content\/uploads\/2021\/10\/News-Kunsthaus-Zu\u0308rich-extension-opens-to-the-public-CH-1536x790.jpg 1536w\" data-sizes=\"(max-width: 2000px) 100vw, 2000px\" src=\"data:image\/svg+xml;base64,PHN2ZyB3aWR0aD0iMSIgaGVpZ2h0PSIxIiB4bWxucz0iaHR0cDovL3d3dy53My5vcmcvMjAwMC9zdmciPjwvc3ZnPg==\" style=\"--smush-placeholder-width: 2000px; --smush-placeholder-aspect-ratio: 2000\/1028;\" \/>\t\t\t\t\t<\/a>\n\t\t        \n\t\t\t<\/div>\n        <div class=\"edgtf-bli-content\" >\n                            <div class=\"edgtf-bli-info\">\n\t                <div itemprop=\"dateCreated\" class=\"edgtf-post-info-date entry-date published updated\">\n            <a itemprop=\"url\" href=\"https:\/\/wirtznv.com\/de\/2021\/10\/\">\n    \n        20. Oktober 2021        <\/a>\n    <meta itemprop=\"interactionCount\" content=\"UserComments: 0\"\/>\n<\/div>                <\/div>\n            \t\n\t        \n<h3 itemprop=\"name\" class=\"entry-title edgtf-post-title\" style=\"text-transform: capitalize\">\n            <a itemprop=\"url\" href=\"https:\/\/wirtznv.com\/de\/erweiterungsbau-des-kunsthauses-zuerich-oeffnet-seine-tueren-fuer-besucher-ch\/\" title=\"Erweiterungsbau des Kunsthauses Z\u00fcrich \u00f6ffnet seine T\u00fcren f\u00fcr Besucher (CH)\">\n            Erweiterungsbau des Kunsthauses Z\u00fcrich \u00f6ffnet seine T\u00fcren f\u00fcr Besucher (CH)            <\/a>\n    <\/h3>\t\n\t        <div class=\"edgtf-bli-excerpt\">\n\t\t        \t\t<div class=\"edgtf-post-excerpt-holder\">\n\t\t\t<p itemprop=\"description\" class=\"edgtf-post-excerpt\">\n\t\t\t\tDas vom Schweizer Architekten Karl Moser entworfene \u202fKunsthaus Z\u00fcrich wurde\t\t\t<\/p>\n\t\t<\/div>\n\t                \t        <\/div>\n        <\/div>\n\t<\/div>\n<\/li><li class=\"edgtf-bl-item edgtf-item-space\">\n\t<div class=\"edgtf-bli-inner\">\n\t\t \n\t<div class=\"edgtf-post-image\">\n\t\t\t\t\t<a itemprop=\"url\" href=\"https:\/\/wirtznv.com\/de\/entwurf-des-neuen-signal-iduna-quartiers-in-hamburg\/\" title=\"Entwurf des neuen Signal Iduna Quartiers in Hamburg\">\n\t\t\t\t\t<img decoding=\"async\" width=\"2000\" height=\"1229\" data-src=\"https:\/\/wirtznv.com\/wp-content\/uploads\/2022\/07\/News-Competition-win-for-new-office-development-in-Hamburg-DE.jpg\" class=\"attachment-full size-full wp-post-image lazyload\" alt=\"Signal Iduna Quartiers in Hamburg\" data-srcset=\"https:\/\/wirtznv.com\/wp-content\/uploads\/2022\/07\/News-Competition-win-for-new-office-development-in-Hamburg-DE.jpg 2000w, https:\/\/wirtznv.com\/wp-content\/uploads\/2022\/07\/News-Competition-win-for-new-office-development-in-Hamburg-DE-300x184.jpg 300w, https:\/\/wirtznv.com\/wp-content\/uploads\/2022\/07\/News-Competition-win-for-new-office-development-in-Hamburg-DE-1024x629.jpg 1024w, https:\/\/wirtznv.com\/wp-content\/uploads\/2022\/07\/News-Competition-win-for-new-office-development-in-Hamburg-DE-768x472.jpg 768w, https:\/\/wirtznv.com\/wp-content\/uploads\/2022\/07\/News-Competition-win-for-new-office-development-in-Hamburg-DE-1536x944.jpg 1536w\" data-sizes=\"(max-width: 2000px) 100vw, 2000px\" src=\"data:image\/svg+xml;base64,PHN2ZyB3aWR0aD0iMSIgaGVpZ2h0PSIxIiB4bWxucz0iaHR0cDovL3d3dy53My5vcmcvMjAwMC9zdmciPjwvc3ZnPg==\" style=\"--smush-placeholder-width: 2000px; --smush-placeholder-aspect-ratio: 2000\/1229;\" \/>\t\t\t\t\t<\/a>\n\t\t        \n\t\t\t<\/div>\n        <div class=\"edgtf-bli-content\" >\n                            <div class=\"edgtf-bli-info\">\n\t                <div itemprop=\"dateCreated\" class=\"edgtf-post-info-date entry-date published updated\">\n            <a itemprop=\"url\" href=\"https:\/\/wirtznv.com\/de\/2021\/08\/\">\n    \n        16. August 2021        <\/a>\n    <meta itemprop=\"interactionCount\" content=\"UserComments: 0\"\/>\n<\/div>                <\/div>\n            \t\n\t        \n<h3 itemprop=\"name\" class=\"entry-title edgtf-post-title\" style=\"text-transform: capitalize\">\n            <a itemprop=\"url\" href=\"https:\/\/wirtznv.com\/de\/entwurf-des-neuen-signal-iduna-quartiers-in-hamburg\/\" title=\"Entwurf des neuen Signal Iduna Quartiers in Hamburg\">\n            Entwurf des neuen Signal Iduna Quartiers in Hamburg            <\/a>\n    <\/h3>\t\n\t        <div class=\"edgtf-bli-excerpt\">\n\t\t        \t\t<div class=\"edgtf-post-excerpt-holder\">\n\t\t\t<p itemprop=\"description\" class=\"edgtf-post-excerpt\">\n\t\t\t\tDer eingereichte Entwurf, der in enger Zusammenarbeit zwischen Wirtz International\u202fund\u202fDavid\t\t\t<\/p>\n\t\t<\/div>\n\t                \t        <\/div>\n        <\/div>\n\t<\/div>\n<\/li><li class=\"edgtf-bl-item edgtf-item-space\">\n\t<div class=\"edgtf-bli-inner\">\n\t\t \n\t<div class=\"edgtf-post-image\">\n\t\t\t\t\t<a itemprop=\"url\" href=\"https:\/\/wirtznv.com\/de\/exklusiver-dachgarten-fuer-das-fuenf-sterne-hotel-cheval-blanc-im-warenhaus-la-samaritaine-paris\/\" title=\"Exklusiver Dachgarten f\u00fcr das F\u00fcnf-Sterne-Hotel Cheval Blanc im Warenhaus La Samaritaine, Paris\">\n\t\t\t\t\t<img decoding=\"async\" width=\"2000\" height=\"1125\" data-src=\"https:\/\/wirtznv.com\/wp-content\/uploads\/2022\/07\/News-Exclusive-roof-garden-for-five-star-hotel-Cheval-Blanc-at-La-Samaritaine-Paris.jpg\" class=\"attachment-full size-full wp-post-image lazyload\" alt=\"Exklusiver dachgarten Luxuswarenhaus\u202fLa Samaritaine\" data-srcset=\"https:\/\/wirtznv.com\/wp-content\/uploads\/2022\/07\/News-Exclusive-roof-garden-for-five-star-hotel-Cheval-Blanc-at-La-Samaritaine-Paris.jpg 2000w, https:\/\/wirtznv.com\/wp-content\/uploads\/2022\/07\/News-Exclusive-roof-garden-for-five-star-hotel-Cheval-Blanc-at-La-Samaritaine-Paris-300x169.jpg 300w, https:\/\/wirtznv.com\/wp-content\/uploads\/2022\/07\/News-Exclusive-roof-garden-for-five-star-hotel-Cheval-Blanc-at-La-Samaritaine-Paris-1024x576.jpg 1024w, https:\/\/wirtznv.com\/wp-content\/uploads\/2022\/07\/News-Exclusive-roof-garden-for-five-star-hotel-Cheval-Blanc-at-La-Samaritaine-Paris-768x432.jpg 768w, https:\/\/wirtznv.com\/wp-content\/uploads\/2022\/07\/News-Exclusive-roof-garden-for-five-star-hotel-Cheval-Blanc-at-La-Samaritaine-Paris-1536x864.jpg 1536w\" data-sizes=\"(max-width: 2000px) 100vw, 2000px\" src=\"data:image\/svg+xml;base64,PHN2ZyB3aWR0aD0iMSIgaGVpZ2h0PSIxIiB4bWxucz0iaHR0cDovL3d3dy53My5vcmcvMjAwMC9zdmciPjwvc3ZnPg==\" style=\"--smush-placeholder-width: 2000px; --smush-placeholder-aspect-ratio: 2000\/1125;\" \/>\t\t\t\t\t<\/a>\n\t\t        \n\t\t\t<\/div>\n        <div class=\"edgtf-bli-content\" >\n                            <div class=\"edgtf-bli-info\">\n\t                <div itemprop=\"dateCreated\" class=\"edgtf-post-info-date entry-date published updated\">\n            <a itemprop=\"url\" href=\"https:\/\/wirtznv.com\/de\/2021\/06\/\">\n    \n        22. Juni 2021        <\/a>\n    <meta itemprop=\"interactionCount\" content=\"UserComments: 0\"\/>\n<\/div>                <\/div>\n            \t\n\t        \n<h3 itemprop=\"name\" class=\"entry-title edgtf-post-title\" style=\"text-transform: capitalize\">\n            <a itemprop=\"url\" href=\"https:\/\/wirtznv.com\/de\/exklusiver-dachgarten-fuer-das-fuenf-sterne-hotel-cheval-blanc-im-warenhaus-la-samaritaine-paris\/\" title=\"Exklusiver Dachgarten f\u00fcr das F\u00fcnf-Sterne-Hotel Cheval Blanc im Warenhaus La Samaritaine, Paris\">\n            Exklusiver Dachgarten f\u00fcr das F\u00fcnf-Sterne-Hotel Cheval Blanc im Warenhaus La Samaritaine, Paris            <\/a>\n    <\/h3>\t\n\t        <div class=\"edgtf-bli-excerpt\">\n\t\t        \t\t<div class=\"edgtf-post-excerpt-holder\">\n\t\t\t<p itemprop=\"description\" class=\"edgtf-post-excerpt\">\n\t\t\t\tLa Samaritaine, das historische Warenhaus im Herzen von Paris, wurde\t\t\t<\/p>\n\t\t<\/div>\n\t                \t        <\/div>\n        <\/div>\n\t<\/div>\n<\/li><li class=\"edgtf-bl-item edgtf-item-space\">\n\t<div class=\"edgtf-bli-inner\">\n\t\t \n\t<div class=\"edgtf-post-image\">\n\t\t\t\t\t<a itemprop=\"url\" href=\"https:\/\/wirtznv.com\/de\/umbau-der-jacoby-studios-in-paderborn-gewinnt-zwei-preise\/\" title=\"Umbau der Jacoby Studios in Paderborn (DE) gewinnt zwei Preise\">\n\t\t\t\t\t<img decoding=\"async\" width=\"2000\" height=\"1569\" data-src=\"https:\/\/wirtznv.com\/wp-content\/uploads\/2021\/01\/News-Conversion-of-Jacoby-Studios-in-Padernborn-DE-receives-two-awards.jpg\" class=\"attachment-full size-full wp-post-image lazyload\" alt=\"\" data-srcset=\"https:\/\/wirtznv.com\/wp-content\/uploads\/2021\/01\/News-Conversion-of-Jacoby-Studios-in-Padernborn-DE-receives-two-awards.jpg 2000w, https:\/\/wirtznv.com\/wp-content\/uploads\/2021\/01\/News-Conversion-of-Jacoby-Studios-in-Padernborn-DE-receives-two-awards-300x235.jpg 300w, https:\/\/wirtznv.com\/wp-content\/uploads\/2021\/01\/News-Conversion-of-Jacoby-Studios-in-Padernborn-DE-receives-two-awards-1024x803.jpg 1024w, https:\/\/wirtznv.com\/wp-content\/uploads\/2021\/01\/News-Conversion-of-Jacoby-Studios-in-Padernborn-DE-receives-two-awards-768x602.jpg 768w, https:\/\/wirtznv.com\/wp-content\/uploads\/2021\/01\/News-Conversion-of-Jacoby-Studios-in-Padernborn-DE-receives-two-awards-1536x1205.jpg 1536w\" data-sizes=\"(max-width: 2000px) 100vw, 2000px\" src=\"data:image\/svg+xml;base64,PHN2ZyB3aWR0aD0iMSIgaGVpZ2h0PSIxIiB4bWxucz0iaHR0cDovL3d3dy53My5vcmcvMjAwMC9zdmciPjwvc3ZnPg==\" style=\"--smush-placeholder-width: 2000px; --smush-placeholder-aspect-ratio: 2000\/1569;\" \/>\t\t\t\t\t<\/a>\n\t\t        \n\t\t\t<\/div>\n        <div class=\"edgtf-bli-content\" >\n                            <div class=\"edgtf-bli-info\">\n\t                <div itemprop=\"dateCreated\" class=\"edgtf-post-info-date entry-date published updated\">\n            <a itemprop=\"url\" href=\"https:\/\/wirtznv.com\/de\/2021\/01\/\">\n    \n        4. Januar 2021        <\/a>\n    <meta itemprop=\"interactionCount\" content=\"UserComments: 0\"\/>\n<\/div>                <\/div>\n            \t\n\t        \n<h3 itemprop=\"name\" class=\"entry-title edgtf-post-title\" style=\"text-transform: capitalize\">\n            <a itemprop=\"url\" href=\"https:\/\/wirtznv.com\/de\/umbau-der-jacoby-studios-in-paderborn-gewinnt-zwei-preise\/\" title=\"Umbau der Jacoby Studios in Paderborn (DE) gewinnt zwei Preise\">\n            Umbau der Jacoby Studios in Paderborn (DE) gewinnt zwei Preise            <\/a>\n    <\/h3>\t\n\t        <div class=\"edgtf-bli-excerpt\">\n\t\t        \t\t<div class=\"edgtf-post-excerpt-holder\">\n\t\t\t<p itemprop=\"description\" class=\"edgtf-post-excerpt\">\n\t\t\t\tDas ehemalige St. Vincenz Krankenhaus liegt in der Altstadt Paderborns,\t\t\t<\/p>\n\t\t<\/div>\n\t                \t        <\/div>\n        <\/div>\n\t<\/div>\n<\/li><li class=\"edgtf-bl-item edgtf-item-space\">\n\t<div class=\"edgtf-bli-inner\">\n\t\t \n\t<div class=\"edgtf-post-image\">\n\t\t\t\t\t<a itemprop=\"url\" href=\"https:\/\/wirtznv.com\/de\/notice-of-office-closure-during-christmas-and-new-years-holidays\/\" title=\"Notice of office closure during Christmas and New Year\u2019s Holidays\">\n\t\t\t\t\t<img decoding=\"async\" width=\"600\" height=\"400\" data-src=\"https:\/\/wirtznv.com\/wp-content\/uploads\/2020\/12\/Wirtz-Garden-Schoten-3.jpg\" class=\"attachment-full size-full wp-post-image lazyload\" alt=\"\" data-srcset=\"https:\/\/wirtznv.com\/wp-content\/uploads\/2020\/12\/Wirtz-Garden-Schoten-3.jpg 600w, https:\/\/wirtznv.com\/wp-content\/uploads\/2020\/12\/Wirtz-Garden-Schoten-3-300x200.jpg 300w\" data-sizes=\"(max-width: 600px) 100vw, 600px\" src=\"data:image\/svg+xml;base64,PHN2ZyB3aWR0aD0iMSIgaGVpZ2h0PSIxIiB4bWxucz0iaHR0cDovL3d3dy53My5vcmcvMjAwMC9zdmciPjwvc3ZnPg==\" style=\"--smush-placeholder-width: 600px; --smush-placeholder-aspect-ratio: 600\/400;\" \/>\t\t\t\t\t<\/a>\n\t\t        \n\t\t\t<\/div>\n        <div class=\"edgtf-bli-content\" >\n                            <div class=\"edgtf-bli-info\">\n\t                <div itemprop=\"dateCreated\" class=\"edgtf-post-info-date entry-date published updated\">\n            <a itemprop=\"url\" href=\"https:\/\/wirtznv.com\/de\/2020\/12\/\">\n    \n        18. Dezember 2020        <\/a>\n    <meta itemprop=\"interactionCount\" content=\"UserComments: 0\"\/>\n<\/div>                <\/div>\n            \t\n\t        \n<h3 itemprop=\"name\" class=\"entry-title edgtf-post-title\" style=\"text-transform: capitalize\">\n            <a itemprop=\"url\" href=\"https:\/\/wirtznv.com\/de\/notice-of-office-closure-during-christmas-and-new-years-holidays\/\" title=\"Notice of office closure during Christmas and New Year\u2019s Holidays\">\n            Notice of office closure during Christmas and New Year\u2019s Holidays            <\/a>\n    <\/h3>\t\n\t        <div class=\"edgtf-bli-excerpt\">\n\t\t        \t\t<div class=\"edgtf-post-excerpt-holder\">\n\t\t\t<p itemprop=\"description\" class=\"edgtf-post-excerpt\">\n\t\t\t\tNotice of office closure during Christmas and New Year\u2019s Holidays.\t\t\t<\/p>\n\t\t<\/div>\n\t                \t        <\/div>\n        <\/div>\n\t<\/div>\n<\/li><li class=\"edgtf-bl-item edgtf-item-space\">\n\t<div class=\"edgtf-bli-inner\">\n\t\t \n\t<div class=\"edgtf-post-image\">\n\t\t\t\t\t<a itemprop=\"url\" href=\"https:\/\/wirtznv.com\/de\/phase-ii-des-baus-von-de-stadstuin-in-ronse-hat-begonnen\/\" title=\"Phase II des Baus von &#8222;De Stadstuin&#8220; in Ronse (BE) hat begonnen\">\n\t\t\t\t\t<img decoding=\"async\" width=\"2000\" height=\"1335\" data-src=\"https:\/\/wirtznv.com\/wp-content\/uploads\/2020\/10\/News-Construction-has-begun-on-\u2018De-Stadstuin-Phase-II-located-in-Ronse-Belgium.jpg\" class=\"attachment-full size-full wp-post-image lazyload\" alt=\"\" data-srcset=\"https:\/\/wirtznv.com\/wp-content\/uploads\/2020\/10\/News-Construction-has-begun-on-\u2018De-Stadstuin-Phase-II-located-in-Ronse-Belgium.jpg 2000w, https:\/\/wirtznv.com\/wp-content\/uploads\/2020\/10\/News-Construction-has-begun-on-\u2018De-Stadstuin-Phase-II-located-in-Ronse-Belgium-300x200.jpg 300w, https:\/\/wirtznv.com\/wp-content\/uploads\/2020\/10\/News-Construction-has-begun-on-\u2018De-Stadstuin-Phase-II-located-in-Ronse-Belgium-1024x684.jpg 1024w, https:\/\/wirtznv.com\/wp-content\/uploads\/2020\/10\/News-Construction-has-begun-on-\u2018De-Stadstuin-Phase-II-located-in-Ronse-Belgium-768x513.jpg 768w, https:\/\/wirtznv.com\/wp-content\/uploads\/2020\/10\/News-Construction-has-begun-on-\u2018De-Stadstuin-Phase-II-located-in-Ronse-Belgium-1536x1025.jpg 1536w\" data-sizes=\"(max-width: 2000px) 100vw, 2000px\" src=\"data:image\/svg+xml;base64,PHN2ZyB3aWR0aD0iMSIgaGVpZ2h0PSIxIiB4bWxucz0iaHR0cDovL3d3dy53My5vcmcvMjAwMC9zdmciPjwvc3ZnPg==\" style=\"--smush-placeholder-width: 2000px; --smush-placeholder-aspect-ratio: 2000\/1335;\" \/>\t\t\t\t\t<\/a>\n\t\t        \n\t\t\t<\/div>\n        <div class=\"edgtf-bli-content\" >\n                            <div class=\"edgtf-bli-info\">\n\t                <div itemprop=\"dateCreated\" class=\"edgtf-post-info-date entry-date published updated\">\n            <a itemprop=\"url\" href=\"https:\/\/wirtznv.com\/de\/2020\/10\/\">\n    \n        19. Oktober 2020        <\/a>\n    <meta itemprop=\"interactionCount\" content=\"UserComments: 0\"\/>\n<\/div>                <\/div>\n            \t\n\t        \n<h3 itemprop=\"name\" class=\"entry-title edgtf-post-title\" style=\"text-transform: capitalize\">\n            <a itemprop=\"url\" href=\"https:\/\/wirtznv.com\/de\/phase-ii-des-baus-von-de-stadstuin-in-ronse-hat-begonnen\/\" title=\"Phase II des Baus von &#8222;De Stadstuin&#8220; in Ronse (BE) hat begonnen\">\n            Phase II des Baus von &#8222;De Stadstuin&#8220; in Ronse (BE) hat begonnen            <\/a>\n    <\/h3>\t\n\t        <div class=\"edgtf-bli-excerpt\">\n\t\t        \t\t<div class=\"edgtf-post-excerpt-holder\">\n\t\t\t<p itemprop=\"description\" class=\"edgtf-post-excerpt\">\n\t\t\t\tDie Bauarbeiten f\u00fcr den zweiten und letzten Teil des \u00f6ffentlichen\t\t\t<\/p>\n\t\t<\/div>\n\t                \t        <\/div>\n        <\/div>\n\t<\/div>\n<\/li><li class=\"edgtf-bl-item edgtf-item-space\">\n\t<div class=\"edgtf-bli-inner\">\n\t\t \n\t<div class=\"edgtf-post-image\">\n\t\t\t\t\t<a itemprop=\"url\" href=\"https:\/\/wirtznv.com\/de\/neuer-schaugarten-shida-evaluation-im-chicago-botanic-garden\/\" title=\"Neuer Schaugarten Shida Evaluation im Chicago Botanic Garden\">\n\t\t\t\t\t<img decoding=\"async\" width=\"2000\" height=\"1333\" data-src=\"https:\/\/wirtznv.com\/wp-content\/uploads\/2020\/09\/News-New-Shade-Evaluation-Display-Garden-At-The-Chicago-Botanic-Garden-US.jpg\" class=\"attachment-full size-full wp-post-image lazyload\" alt=\"\" data-srcset=\"https:\/\/wirtznv.com\/wp-content\/uploads\/2020\/09\/News-New-Shade-Evaluation-Display-Garden-At-The-Chicago-Botanic-Garden-US.jpg 2000w, https:\/\/wirtznv.com\/wp-content\/uploads\/2020\/09\/News-New-Shade-Evaluation-Display-Garden-At-The-Chicago-Botanic-Garden-US-300x200.jpg 300w, https:\/\/wirtznv.com\/wp-content\/uploads\/2020\/09\/News-New-Shade-Evaluation-Display-Garden-At-The-Chicago-Botanic-Garden-US-1024x682.jpg 1024w, https:\/\/wirtznv.com\/wp-content\/uploads\/2020\/09\/News-New-Shade-Evaluation-Display-Garden-At-The-Chicago-Botanic-Garden-US-768x512.jpg 768w, https:\/\/wirtznv.com\/wp-content\/uploads\/2020\/09\/News-New-Shade-Evaluation-Display-Garden-At-The-Chicago-Botanic-Garden-US-1536x1024.jpg 1536w\" data-sizes=\"(max-width: 2000px) 100vw, 2000px\" src=\"data:image\/svg+xml;base64,PHN2ZyB3aWR0aD0iMSIgaGVpZ2h0PSIxIiB4bWxucz0iaHR0cDovL3d3dy53My5vcmcvMjAwMC9zdmciPjwvc3ZnPg==\" style=\"--smush-placeholder-width: 2000px; --smush-placeholder-aspect-ratio: 2000\/1333;\" \/>\t\t\t\t\t<\/a>\n\t\t        \n\t\t\t<\/div>\n        <div class=\"edgtf-bli-content\" >\n                            <div class=\"edgtf-bli-info\">\n\t                <div itemprop=\"dateCreated\" class=\"edgtf-post-info-date entry-date published updated\">\n            <a itemprop=\"url\" href=\"https:\/\/wirtznv.com\/de\/2020\/09\/\">\n    \n        28. September 2020        <\/a>\n    <meta itemprop=\"interactionCount\" content=\"UserComments: 0\"\/>\n<\/div>                <\/div>\n            \t\n\t        \n<h3 itemprop=\"name\" class=\"entry-title edgtf-post-title\" style=\"text-transform: capitalize\">\n            <a itemprop=\"url\" href=\"https:\/\/wirtznv.com\/de\/neuer-schaugarten-shida-evaluation-im-chicago-botanic-garden\/\" title=\"Neuer Schaugarten Shida Evaluation im Chicago Botanic Garden\">\n            Neuer Schaugarten Shida Evaluation im Chicago Botanic Garden            <\/a>\n    <\/h3>\t\n\t        <div class=\"edgtf-bli-excerpt\">\n\t\t        \t\t<div class=\"edgtf-post-excerpt-holder\">\n\t\t\t<p itemprop=\"description\" class=\"edgtf-post-excerpt\">\n\t\t\t\tDie Sch\u00f6nheit und die Wunder der Pflanzen sind ein wesentlicher\t\t\t<\/p>\n\t\t<\/div>\n\t                \t        <\/div>\n        <\/div>\n\t<\/div>\n<\/li><li class=\"edgtf-bl-item edgtf-item-space\">\n\t<div class=\"edgtf-bli-inner\">\n\t\t \n\t<div class=\"edgtf-post-image\">\n\t\t\t\t\t<a itemprop=\"url\" href=\"https:\/\/wirtznv.com\/de\/landschaftsarbeiten-am-kunsthaus-zuerich-in-vollem-gange\/\" title=\"Landschaftsarbeiten am Kunsthaus Z\u00fcrich in vollem Gange!\">\n\t\t\t\t\t<img decoding=\"async\" width=\"2000\" height=\"857\" data-src=\"https:\/\/wirtznv.com\/wp-content\/uploads\/2020\/09\/News-Landscape-works-at-the-Kunsthaus-Zu\u0308rich-CH-in-full-swing.jpg\" class=\"attachment-full size-full wp-post-image lazyload\" alt=\"\" data-srcset=\"https:\/\/wirtznv.com\/wp-content\/uploads\/2020\/09\/News-Landscape-works-at-the-Kunsthaus-Zu\u0308rich-CH-in-full-swing.jpg 2000w, https:\/\/wirtznv.com\/wp-content\/uploads\/2020\/09\/News-Landscape-works-at-the-Kunsthaus-Zu\u0308rich-CH-in-full-swing-300x129.jpg 300w, https:\/\/wirtznv.com\/wp-content\/uploads\/2020\/09\/News-Landscape-works-at-the-Kunsthaus-Zu\u0308rich-CH-in-full-swing-1024x439.jpg 1024w, https:\/\/wirtznv.com\/wp-content\/uploads\/2020\/09\/News-Landscape-works-at-the-Kunsthaus-Zu\u0308rich-CH-in-full-swing-768x329.jpg 768w, https:\/\/wirtznv.com\/wp-content\/uploads\/2020\/09\/News-Landscape-works-at-the-Kunsthaus-Zu\u0308rich-CH-in-full-swing-1536x658.jpg 1536w\" data-sizes=\"(max-width: 2000px) 100vw, 2000px\" src=\"data:image\/svg+xml;base64,PHN2ZyB3aWR0aD0iMSIgaGVpZ2h0PSIxIiB4bWxucz0iaHR0cDovL3d3dy53My5vcmcvMjAwMC9zdmciPjwvc3ZnPg==\" style=\"--smush-placeholder-width: 2000px; --smush-placeholder-aspect-ratio: 2000\/857;\" \/>\t\t\t\t\t<\/a>\n\t\t        \n\t\t\t<\/div>\n        <div class=\"edgtf-bli-content\" >\n                            <div class=\"edgtf-bli-info\">\n\t                <div itemprop=\"dateCreated\" class=\"edgtf-post-info-date entry-date published updated\">\n            <a itemprop=\"url\" href=\"https:\/\/wirtznv.com\/de\/2020\/09\/\">\n    \n        21. September 2020        <\/a>\n    <meta itemprop=\"interactionCount\" content=\"UserComments: 0\"\/>\n<\/div>                <\/div>\n            \t\n\t        \n<h3 itemprop=\"name\" class=\"entry-title edgtf-post-title\" style=\"text-transform: capitalize\">\n            <a itemprop=\"url\" href=\"https:\/\/wirtznv.com\/de\/landschaftsarbeiten-am-kunsthaus-zuerich-in-vollem-gange\/\" title=\"Landschaftsarbeiten am Kunsthaus Z\u00fcrich in vollem Gange!\">\n            Landschaftsarbeiten am Kunsthaus Z\u00fcrich in vollem Gange!            <\/a>\n    <\/h3>\t\n\t        <div class=\"edgtf-bli-excerpt\">\n\t\t        \t\t<div class=\"edgtf-post-excerpt-holder\">\n\t\t\t<p itemprop=\"description\" class=\"edgtf-post-excerpt\">\n\t\t\t\tDas vom Schweizer Architekten Karl Moser entworfene Kunsthaus Z\u00fcrich wurde\t\t\t<\/p>\n\t\t<\/div>\n\t                \t        <\/div>\n        <\/div>\n\t<\/div>\n<\/li><li class=\"edgtf-bl-item edgtf-item-space\">\n\t<div class=\"edgtf-bli-inner\">\n\t\t \n\t<div class=\"edgtf-post-image\">\n\t\t\t\t\t<a itemprop=\"url\" href=\"https:\/\/wirtznv.com\/de\/der-alnwick-garden-in-alnwick-in-der-englischen-grafschaft-northumberland-feiert-sein-20-jaehriges-bestehen\/\" title=\"Der Alnwick Garden in Alnwick in der englischen Grafschaft Northumberland feiert sein 20-j\u00e4hriges Bestehen!\">\n\t\t\t\t\t<img decoding=\"async\" width=\"2000\" height=\"1500\" data-src=\"https:\/\/wirtznv.com\/wp-content\/uploads\/2020\/05\/News-The-Alnwick-Garden-In-Alnwick-Northumberland-Marks-Its-20th-Anniversary.jpg\" class=\"attachment-full size-full wp-post-image lazyload\" alt=\"\" data-srcset=\"https:\/\/wirtznv.com\/wp-content\/uploads\/2020\/05\/News-The-Alnwick-Garden-In-Alnwick-Northumberland-Marks-Its-20th-Anniversary.jpg 2000w, https:\/\/wirtznv.com\/wp-content\/uploads\/2020\/05\/News-The-Alnwick-Garden-In-Alnwick-Northumberland-Marks-Its-20th-Anniversary-300x225.jpg 300w, https:\/\/wirtznv.com\/wp-content\/uploads\/2020\/05\/News-The-Alnwick-Garden-In-Alnwick-Northumberland-Marks-Its-20th-Anniversary-1024x768.jpg 1024w, https:\/\/wirtznv.com\/wp-content\/uploads\/2020\/05\/News-The-Alnwick-Garden-In-Alnwick-Northumberland-Marks-Its-20th-Anniversary-768x576.jpg 768w, https:\/\/wirtznv.com\/wp-content\/uploads\/2020\/05\/News-The-Alnwick-Garden-In-Alnwick-Northumberland-Marks-Its-20th-Anniversary-1536x1152.jpg 1536w\" data-sizes=\"(max-width: 2000px) 100vw, 2000px\" src=\"data:image\/svg+xml;base64,PHN2ZyB3aWR0aD0iMSIgaGVpZ2h0PSIxIiB4bWxucz0iaHR0cDovL3d3dy53My5vcmcvMjAwMC9zdmciPjwvc3ZnPg==\" style=\"--smush-placeholder-width: 2000px; --smush-placeholder-aspect-ratio: 2000\/1500;\" \/>\t\t\t\t\t<\/a>\n\t\t        \n\t\t\t<\/div>\n        <div class=\"edgtf-bli-content\" >\n                            <div class=\"edgtf-bli-info\">\n\t                <div itemprop=\"dateCreated\" class=\"edgtf-post-info-date entry-date published updated\">\n            <a itemprop=\"url\" href=\"https:\/\/wirtznv.com\/de\/2020\/05\/\">\n    \n        18. Mai 2020        <\/a>\n    <meta itemprop=\"interactionCount\" content=\"UserComments: 0\"\/>\n<\/div>                <\/div>\n            \t\n\t        \n<h3 itemprop=\"name\" class=\"entry-title edgtf-post-title\" style=\"text-transform: capitalize\">\n            <a itemprop=\"url\" href=\"https:\/\/wirtznv.com\/de\/der-alnwick-garden-in-alnwick-in-der-englischen-grafschaft-northumberland-feiert-sein-20-jaehriges-bestehen\/\" title=\"Der Alnwick Garden in Alnwick in der englischen Grafschaft Northumberland feiert sein 20-j\u00e4hriges Bestehen!\">\n            Der Alnwick Garden in Alnwick in der englischen Grafschaft Northumberland feiert sein 20-j\u00e4hriges Bestehen!            <\/a>\n    <\/h3>\t\n\t        <div class=\"edgtf-bli-excerpt\">\n\t\t        \t\t<div class=\"edgtf-post-excerpt-holder\">\n\t\t\t<p itemprop=\"description\" class=\"edgtf-post-excerpt\">\n\t\t\t\t1996 beauftragte die Herzogin von Northumberland\u202fWirtz International\u202fmit der Neugestaltung des\t\t\t<\/p>\n\t\t<\/div>\n\t                \t        <\/div>\n        <\/div>\n\t<\/div>\n<\/li><li class=\"edgtf-bl-item edgtf-item-space\">\n\t<div class=\"edgtf-bli-inner\">\n\t\t \n\t<div class=\"edgtf-post-image\">\n\t\t\t\t\t<a itemprop=\"url\" href=\"https:\/\/wirtznv.com\/de\/wirtz-international-mit-der-wiederbelebung-des-berliner-georg-knorr-parks-beauftragt\/\" title=\"Wirtz International mit der Wiederbelebung des Berliner Georg-Knorr-Parks beauftragt\">\n\t\t\t\t\t<img decoding=\"async\" width=\"2000\" height=\"1333\" data-src=\"https:\/\/wirtznv.com\/wp-content\/uploads\/2020\/03\/News-Wirtz-International-To-Revive-Berlins-Industrial-Georg-Knorr-Park.jpg\" class=\"attachment-full size-full wp-post-image lazyload\" alt=\"\" data-srcset=\"https:\/\/wirtznv.com\/wp-content\/uploads\/2020\/03\/News-Wirtz-International-To-Revive-Berlins-Industrial-Georg-Knorr-Park.jpg 2000w, https:\/\/wirtznv.com\/wp-content\/uploads\/2020\/03\/News-Wirtz-International-To-Revive-Berlins-Industrial-Georg-Knorr-Park-300x200.jpg 300w, https:\/\/wirtznv.com\/wp-content\/uploads\/2020\/03\/News-Wirtz-International-To-Revive-Berlins-Industrial-Georg-Knorr-Park-1024x682.jpg 1024w, https:\/\/wirtznv.com\/wp-content\/uploads\/2020\/03\/News-Wirtz-International-To-Revive-Berlins-Industrial-Georg-Knorr-Park-768x512.jpg 768w, https:\/\/wirtznv.com\/wp-content\/uploads\/2020\/03\/News-Wirtz-International-To-Revive-Berlins-Industrial-Georg-Knorr-Park-1536x1024.jpg 1536w\" data-sizes=\"(max-width: 2000px) 100vw, 2000px\" src=\"data:image\/svg+xml;base64,PHN2ZyB3aWR0aD0iMSIgaGVpZ2h0PSIxIiB4bWxucz0iaHR0cDovL3d3dy53My5vcmcvMjAwMC9zdmciPjwvc3ZnPg==\" style=\"--smush-placeholder-width: 2000px; --smush-placeholder-aspect-ratio: 2000\/1333;\" \/>\t\t\t\t\t<\/a>\n\t\t        \n\t\t\t<\/div>\n        <div class=\"edgtf-bli-content\" >\n                            <div class=\"edgtf-bli-info\">\n\t                <div itemprop=\"dateCreated\" class=\"edgtf-post-info-date entry-date published updated\">\n            <a itemprop=\"url\" href=\"https:\/\/wirtznv.com\/de\/2020\/03\/\">\n    \n        10. M\u00e4rz 2020        <\/a>\n    <meta itemprop=\"interactionCount\" content=\"UserComments: 0\"\/>\n<\/div>                <\/div>\n            \t\n\t        \n<h3 itemprop=\"name\" class=\"entry-title edgtf-post-title\" style=\"text-transform: capitalize\">\n            <a itemprop=\"url\" href=\"https:\/\/wirtznv.com\/de\/wirtz-international-mit-der-wiederbelebung-des-berliner-georg-knorr-parks-beauftragt\/\" title=\"Wirtz International mit der Wiederbelebung des Berliner Georg-Knorr-Parks beauftragt\">\n            Wirtz International mit der Wiederbelebung des Berliner Georg-Knorr-Parks beauftragt            <\/a>\n    <\/h3>\t\n\t        <div class=\"edgtf-bli-excerpt\">\n\t\t        \t\t<div class=\"edgtf-post-excerpt-holder\">\n\t\t\t<p itemprop=\"description\" class=\"edgtf-post-excerpt\">\n\t\t\t\tNach einer st\u00e4dtebaulichen Ausschreibung wurde der Entwurf f\u00fcr das Quartier\t\t\t<\/p>\n\t\t<\/div>\n\t                \t        <\/div>\n        <\/div>\n\t<\/div>\n<\/li><li class=\"edgtf-bl-item edgtf-item-space\">\n\t<div class=\"edgtf-bli-inner\">\n\t\t \n\t<div class=\"edgtf-post-image\">\n\t\t\t\t\t<a itemprop=\"url\" href=\"https:\/\/wirtznv.com\/de\/hertogensite-ein-stadterneuerungsprojekt-im-herzen-von-loewen-be\/\" title=\"Hertogensite, ein Stadterneuerungsprojekt im Herzen von L\u00f6wen (BE)\">\n\t\t\t\t\t<img decoding=\"async\" width=\"2000\" height=\"1335\" data-src=\"https:\/\/wirtznv.com\/wp-content\/uploads\/2020\/03\/News-Hertogensite-An-Urban-Renewal-Project-In-The-Heart-Of-Leuven-BE.jpg\" class=\"attachment-full size-full wp-post-image lazyload\" alt=\"\" data-srcset=\"https:\/\/wirtznv.com\/wp-content\/uploads\/2020\/03\/News-Hertogensite-An-Urban-Renewal-Project-In-The-Heart-Of-Leuven-BE.jpg 2000w, https:\/\/wirtznv.com\/wp-content\/uploads\/2020\/03\/News-Hertogensite-An-Urban-Renewal-Project-In-The-Heart-Of-Leuven-BE-300x200.jpg 300w, https:\/\/wirtznv.com\/wp-content\/uploads\/2020\/03\/News-Hertogensite-An-Urban-Renewal-Project-In-The-Heart-Of-Leuven-BE-1024x684.jpg 1024w, https:\/\/wirtznv.com\/wp-content\/uploads\/2020\/03\/News-Hertogensite-An-Urban-Renewal-Project-In-The-Heart-Of-Leuven-BE-768x513.jpg 768w, https:\/\/wirtznv.com\/wp-content\/uploads\/2020\/03\/News-Hertogensite-An-Urban-Renewal-Project-In-The-Heart-Of-Leuven-BE-1536x1025.jpg 1536w\" data-sizes=\"(max-width: 2000px) 100vw, 2000px\" src=\"data:image\/svg+xml;base64,PHN2ZyB3aWR0aD0iMSIgaGVpZ2h0PSIxIiB4bWxucz0iaHR0cDovL3d3dy53My5vcmcvMjAwMC9zdmciPjwvc3ZnPg==\" style=\"--smush-placeholder-width: 2000px; --smush-placeholder-aspect-ratio: 2000\/1335;\" \/>\t\t\t\t\t<\/a>\n\t\t        \n\t\t\t<\/div>\n        <div class=\"edgtf-bli-content\" >\n                            <div class=\"edgtf-bli-info\">\n\t                <div itemprop=\"dateCreated\" class=\"edgtf-post-info-date entry-date published updated\">\n            <a itemprop=\"url\" href=\"https:\/\/wirtznv.com\/de\/2020\/03\/\">\n    \n        5. M\u00e4rz 2020        <\/a>\n    <meta itemprop=\"interactionCount\" content=\"UserComments: 0\"\/>\n<\/div>                <\/div>\n            \t\n\t        \n<h3 itemprop=\"name\" class=\"entry-title edgtf-post-title\" style=\"text-transform: capitalize\">\n            <a itemprop=\"url\" href=\"https:\/\/wirtznv.com\/de\/hertogensite-ein-stadterneuerungsprojekt-im-herzen-von-loewen-be\/\" title=\"Hertogensite, ein Stadterneuerungsprojekt im Herzen von L\u00f6wen (BE)\">\n            Hertogensite, ein Stadterneuerungsprojekt im Herzen von L\u00f6wen (BE)            <\/a>\n    <\/h3>\t\n\t        <div class=\"edgtf-bli-excerpt\">\n\t\t        \t\t<div class=\"edgtf-post-excerpt-holder\">\n\t\t\t<p itemprop=\"description\" class=\"edgtf-post-excerpt\">\n\t\t\t\tHertogensite im Stadtzentrum von L\u00f6wen wird derzeit von einem grauen\t\t\t<\/p>\n\t\t<\/div>\n\t                \t        <\/div>\n        <\/div>\n\t<\/div>\n<\/li><li class=\"edgtf-bl-item edgtf-item-space\">\n\t<div class=\"edgtf-bli-inner\">\n\t\t \n\t<div class=\"edgtf-post-image\">\n\t\t\t\t\t<a itemprop=\"url\" href=\"https:\/\/wirtznv.com\/de\/bauarbeiten-in-den-south-dock-gardens-wood-wharf-haben-begonnen\/\" title=\"Bauarbeiten in den South Dock Gardens, Wood Wharf (GB), haben begonnen\">\n\t\t\t\t\t<img decoding=\"async\" width=\"1600\" height=\"2000\" data-src=\"https:\/\/wirtznv.com\/wp-content\/uploads\/2020\/03\/News-Construction-has-begun-at-South-dock-Gardens-Wood-Wharf-UK.jpg\" class=\"attachment-full size-full wp-post-image lazyload\" alt=\"\" data-srcset=\"https:\/\/wirtznv.com\/wp-content\/uploads\/2020\/03\/News-Construction-has-begun-at-South-dock-Gardens-Wood-Wharf-UK.jpg 1600w, https:\/\/wirtznv.com\/wp-content\/uploads\/2020\/03\/News-Construction-has-begun-at-South-dock-Gardens-Wood-Wharf-UK-240x300.jpg 240w, https:\/\/wirtznv.com\/wp-content\/uploads\/2020\/03\/News-Construction-has-begun-at-South-dock-Gardens-Wood-Wharf-UK-819x1024.jpg 819w, https:\/\/wirtznv.com\/wp-content\/uploads\/2020\/03\/News-Construction-has-begun-at-South-dock-Gardens-Wood-Wharf-UK-768x960.jpg 768w, https:\/\/wirtznv.com\/wp-content\/uploads\/2020\/03\/News-Construction-has-begun-at-South-dock-Gardens-Wood-Wharf-UK-1229x1536.jpg 1229w\" data-sizes=\"(max-width: 1600px) 100vw, 1600px\" src=\"data:image\/svg+xml;base64,PHN2ZyB3aWR0aD0iMSIgaGVpZ2h0PSIxIiB4bWxucz0iaHR0cDovL3d3dy53My5vcmcvMjAwMC9zdmciPjwvc3ZnPg==\" style=\"--smush-placeholder-width: 1600px; --smush-placeholder-aspect-ratio: 1600\/2000;\" \/>\t\t\t\t\t<\/a>\n\t\t        \n\t\t\t<\/div>\n        <div class=\"edgtf-bli-content\" >\n                            <div class=\"edgtf-bli-info\">\n\t                <div itemprop=\"dateCreated\" class=\"edgtf-post-info-date entry-date published updated\">\n            <a itemprop=\"url\" href=\"https:\/\/wirtznv.com\/de\/2020\/03\/\">\n    \n        3. M\u00e4rz 2020        <\/a>\n    <meta itemprop=\"interactionCount\" content=\"UserComments: 0\"\/>\n<\/div>                <\/div>\n            \t\n\t        \n<h3 itemprop=\"name\" class=\"entry-title edgtf-post-title\" style=\"text-transform: capitalize\">\n            <a itemprop=\"url\" href=\"https:\/\/wirtznv.com\/de\/bauarbeiten-in-den-south-dock-gardens-wood-wharf-haben-begonnen\/\" title=\"Bauarbeiten in den South Dock Gardens, Wood Wharf (GB), haben begonnen\">\n            Bauarbeiten in den South Dock Gardens, Wood Wharf (GB), haben begonnen            <\/a>\n    <\/h3>\t\n\t        <div class=\"edgtf-bli-excerpt\">\n\t\t        \t\t<div class=\"edgtf-post-excerpt-holder\">\n\t\t\t<p itemprop=\"description\" class=\"edgtf-post-excerpt\">\n\t\t\t\tIn\u202fLondons Canary Wharf entsteht ein neues Viertel, das nach seiner\t\t\t<\/p>\n\t\t<\/div>\n\t                \t        <\/div>\n        <\/div>\n\t<\/div>\n<\/li><li class=\"edgtf-bl-item edgtf-item-space\">\n\t<div class=\"edgtf-bli-inner\">\n\t\t \n\t<div class=\"edgtf-post-image\">\n\t\t\t\t\t<a itemprop=\"url\" href=\"https:\/\/wirtznv.com\/de\/office-closing-for-christmas-and-new-year-holidays\/\" title=\"Office closing for Christmas and New Year holidays\">\n\t\t\t\t\t<img decoding=\"async\" width=\"2000\" height=\"1500\" data-src=\"https:\/\/wirtznv.com\/wp-content\/uploads\/2019\/12\/News-Wirtz-International-Will-Be-Closed-For-The-Christmas-Holidays-2018.jpg\" class=\"attachment-full size-full wp-post-image lazyload\" alt=\"\" data-srcset=\"https:\/\/wirtznv.com\/wp-content\/uploads\/2019\/12\/News-Wirtz-International-Will-Be-Closed-For-The-Christmas-Holidays-2018.jpg 2000w, https:\/\/wirtznv.com\/wp-content\/uploads\/2019\/12\/News-Wirtz-International-Will-Be-Closed-For-The-Christmas-Holidays-2018-300x225.jpg 300w, https:\/\/wirtznv.com\/wp-content\/uploads\/2019\/12\/News-Wirtz-International-Will-Be-Closed-For-The-Christmas-Holidays-2018-1024x768.jpg 1024w, https:\/\/wirtznv.com\/wp-content\/uploads\/2019\/12\/News-Wirtz-International-Will-Be-Closed-For-The-Christmas-Holidays-2018-768x576.jpg 768w, https:\/\/wirtznv.com\/wp-content\/uploads\/2019\/12\/News-Wirtz-International-Will-Be-Closed-For-The-Christmas-Holidays-2018-1536x1152.jpg 1536w\" data-sizes=\"(max-width: 2000px) 100vw, 2000px\" src=\"data:image\/svg+xml;base64,PHN2ZyB3aWR0aD0iMSIgaGVpZ2h0PSIxIiB4bWxucz0iaHR0cDovL3d3dy53My5vcmcvMjAwMC9zdmciPjwvc3ZnPg==\" style=\"--smush-placeholder-width: 2000px; --smush-placeholder-aspect-ratio: 2000\/1500;\" \/>\t\t\t\t\t<\/a>\n\t\t        \n\t\t\t<\/div>\n        <div class=\"edgtf-bli-content\" >\n                            <div class=\"edgtf-bli-info\">\n\t                <div itemprop=\"dateCreated\" class=\"edgtf-post-info-date entry-date published updated\">\n            <a itemprop=\"url\" href=\"https:\/\/wirtznv.com\/de\/2019\/12\/\">\n    \n        18. Dezember 2019        <\/a>\n    <meta itemprop=\"interactionCount\" content=\"UserComments: 0\"\/>\n<\/div>                <\/div>\n            \t\n\t        \n<h3 itemprop=\"name\" class=\"entry-title edgtf-post-title\" style=\"text-transform: capitalize\">\n            <a itemprop=\"url\" href=\"https:\/\/wirtznv.com\/de\/office-closing-for-christmas-and-new-year-holidays\/\" title=\"Office closing for Christmas and New Year holidays\">\n            Office closing for Christmas and New Year holidays            <\/a>\n    <\/h3>\t\n\t        <div class=\"edgtf-bli-excerpt\">\n\t\t        \t\t<div class=\"edgtf-post-excerpt-holder\">\n\t\t\t<p itemprop=\"description\" class=\"edgtf-post-excerpt\">\n\t\t\t\tOffice closing for Christmas and New Year holidays\r\n\r\nWirtz International will\t\t\t<\/p>\n\t\t<\/div>\n\t                \t        <\/div>\n        <\/div>\n\t<\/div>\n<\/li><li class=\"edgtf-bl-item edgtf-item-space\">\n\t<div class=\"edgtf-bli-inner\">\n\t\t \n\t<div class=\"edgtf-post-image\">\n\t\t\t\t\t<a itemprop=\"url\" href=\"https:\/\/wirtznv.com\/de\/ueppiger-innengarten-fuer-das-seven-building-in-bruessel\/\" title=\"\u00dcppiger Innengarten f\u00fcr das &#8222;Seven Building&#8220; in Br\u00fcssel\">\n\t\t\t\t\t<img decoding=\"async\" width=\"1500\" height=\"2000\" data-src=\"https:\/\/wirtznv.com\/wp-content\/uploads\/2019\/11\/News-Lush-Inner-Garden-For-The-\u2018Seven-Building-In-Brussels-BE.jpg\" class=\"attachment-full size-full wp-post-image lazyload\" alt=\"\" data-srcset=\"https:\/\/wirtznv.com\/wp-content\/uploads\/2019\/11\/News-Lush-Inner-Garden-For-The-\u2018Seven-Building-In-Brussels-BE.jpg 1500w, https:\/\/wirtznv.com\/wp-content\/uploads\/2019\/11\/News-Lush-Inner-Garden-For-The-\u2018Seven-Building-In-Brussels-BE-225x300.jpg 225w, https:\/\/wirtznv.com\/wp-content\/uploads\/2019\/11\/News-Lush-Inner-Garden-For-The-\u2018Seven-Building-In-Brussels-BE-768x1024.jpg 768w, https:\/\/wirtznv.com\/wp-content\/uploads\/2019\/11\/News-Lush-Inner-Garden-For-The-\u2018Seven-Building-In-Brussels-BE-1152x1536.jpg 1152w\" data-sizes=\"(max-width: 1500px) 100vw, 1500px\" src=\"data:image\/svg+xml;base64,PHN2ZyB3aWR0aD0iMSIgaGVpZ2h0PSIxIiB4bWxucz0iaHR0cDovL3d3dy53My5vcmcvMjAwMC9zdmciPjwvc3ZnPg==\" style=\"--smush-placeholder-width: 1500px; --smush-placeholder-aspect-ratio: 1500\/2000;\" \/>\t\t\t\t\t<\/a>\n\t\t        \n\t\t\t<\/div>\n        <div class=\"edgtf-bli-content\" >\n                            <div class=\"edgtf-bli-info\">\n\t                <div itemprop=\"dateCreated\" class=\"edgtf-post-info-date entry-date published updated\">\n            <a itemprop=\"url\" href=\"https:\/\/wirtznv.com\/de\/2019\/11\/\">\n    \n        20. November 2019        <\/a>\n    <meta itemprop=\"interactionCount\" content=\"UserComments: 0\"\/>\n<\/div>                <\/div>\n            \t\n\t        \n<h3 itemprop=\"name\" class=\"entry-title edgtf-post-title\" style=\"text-transform: capitalize\">\n            <a itemprop=\"url\" href=\"https:\/\/wirtznv.com\/de\/ueppiger-innengarten-fuer-das-seven-building-in-bruessel\/\" title=\"\u00dcppiger Innengarten f\u00fcr das &#8222;Seven Building&#8220; in Br\u00fcssel\">\n            \u00dcppiger Innengarten f\u00fcr das &#8222;Seven Building&#8220; in Br\u00fcssel            <\/a>\n    <\/h3>\t\n\t        <div class=\"edgtf-bli-excerpt\">\n\t\t        \t\t<div class=\"edgtf-post-excerpt-holder\">\n\t\t\t<p itemprop=\"description\" class=\"edgtf-post-excerpt\">\n\t\t\t\tSeven Building\u202fist ein qualitativ hochwertiges Renovierungsprojekt im n\u00f6rdlichen Teil von\t\t\t<\/p>\n\t\t<\/div>\n\t                \t        <\/div>\n        <\/div>\n\t<\/div>\n<\/li><li class=\"edgtf-bl-item edgtf-item-space\">\n\t<div class=\"edgtf-bli-inner\">\n\t\t \n\t<div class=\"edgtf-post-image\">\n\t\t\t\t\t<a itemprop=\"url\" href=\"https:\/\/wirtznv.com\/de\/martin-wirtz-haelt-einen-vortrag-auf-der-antiques-und-garden-show-2020-of-nashville\/\" title=\"Martin Wirtz h\u00e4lt einen Vortrag auf der Antiques &#038; Garden Show 2020 of Nashville\">\n\t\t\t\t\t<img decoding=\"async\" width=\"2000\" height=\"1333\" data-src=\"https:\/\/wirtznv.com\/wp-content\/uploads\/2019\/10\/News-Martin-Wirtz-To-Deliver-Lecture-At-The-2020-Antiques-Garden-Show-Of-Nashville.jpg\" class=\"attachment-full size-full wp-post-image lazyload\" alt=\"\" data-srcset=\"https:\/\/wirtznv.com\/wp-content\/uploads\/2019\/10\/News-Martin-Wirtz-To-Deliver-Lecture-At-The-2020-Antiques-Garden-Show-Of-Nashville.jpg 2000w, https:\/\/wirtznv.com\/wp-content\/uploads\/2019\/10\/News-Martin-Wirtz-To-Deliver-Lecture-At-The-2020-Antiques-Garden-Show-Of-Nashville-300x200.jpg 300w, https:\/\/wirtznv.com\/wp-content\/uploads\/2019\/10\/News-Martin-Wirtz-To-Deliver-Lecture-At-The-2020-Antiques-Garden-Show-Of-Nashville-1024x682.jpg 1024w, https:\/\/wirtznv.com\/wp-content\/uploads\/2019\/10\/News-Martin-Wirtz-To-Deliver-Lecture-At-The-2020-Antiques-Garden-Show-Of-Nashville-768x512.jpg 768w, https:\/\/wirtznv.com\/wp-content\/uploads\/2019\/10\/News-Martin-Wirtz-To-Deliver-Lecture-At-The-2020-Antiques-Garden-Show-Of-Nashville-1536x1024.jpg 1536w\" data-sizes=\"(max-width: 2000px) 100vw, 2000px\" src=\"data:image\/svg+xml;base64,PHN2ZyB3aWR0aD0iMSIgaGVpZ2h0PSIxIiB4bWxucz0iaHR0cDovL3d3dy53My5vcmcvMjAwMC9zdmciPjwvc3ZnPg==\" style=\"--smush-placeholder-width: 2000px; --smush-placeholder-aspect-ratio: 2000\/1333;\" \/>\t\t\t\t\t<\/a>\n\t\t        \n\t\t\t<\/div>\n        <div class=\"edgtf-bli-content\" >\n                            <div class=\"edgtf-bli-info\">\n\t                <div itemprop=\"dateCreated\" class=\"edgtf-post-info-date entry-date published updated\">\n            <a itemprop=\"url\" href=\"https:\/\/wirtznv.com\/de\/2019\/10\/\">\n    \n        8. Oktober 2019        <\/a>\n    <meta itemprop=\"interactionCount\" content=\"UserComments: 0\"\/>\n<\/div>                <\/div>\n            \t\n\t        \n<h3 itemprop=\"name\" class=\"entry-title edgtf-post-title\" style=\"text-transform: capitalize\">\n            <a itemprop=\"url\" href=\"https:\/\/wirtznv.com\/de\/martin-wirtz-haelt-einen-vortrag-auf-der-antiques-und-garden-show-2020-of-nashville\/\" title=\"Martin Wirtz h\u00e4lt einen Vortrag auf der Antiques &#038; Garden Show 2020 of Nashville\">\n            Martin Wirtz h\u00e4lt einen Vortrag auf der Antiques &#038; Garden Show 2020 of Nashville            <\/a>\n    <\/h3>\t\n\t        <div class=\"edgtf-bli-excerpt\">\n\t\t        \t\t<div class=\"edgtf-post-excerpt-holder\">\n\t\t\t<p itemprop=\"description\" class=\"edgtf-post-excerpt\">\n\t\t\t\tDie 30. Ausgabe der Antiques &amp; Garden Show of Nashville\t\t\t<\/p>\n\t\t<\/div>\n\t                \t        <\/div>\n        <\/div>\n\t<\/div>\n<\/li><li class=\"edgtf-bl-item edgtf-item-space\">\n\t<div class=\"edgtf-bli-inner\">\n\t\t \n\t<div class=\"edgtf-post-image\">\n\t\t\t\t\t<a itemprop=\"url\" href=\"https:\/\/wirtznv.com\/de\/landschaftsbau-schreitet-voran-ernest-the-park-bruessel\/\" title=\"Landschaftsbau schreitet voran: Ernest The Park, Br\u00fcssel\">\n\t\t\t\t\t<img decoding=\"async\" width=\"2000\" height=\"1333\" data-src=\"https:\/\/wirtznv.com\/wp-content\/uploads\/2019\/07\/News-Landscape-Construction-In-Progress-Ernest-The-Park-Brussels.jpg\" class=\"attachment-full size-full wp-post-image lazyload\" alt=\"\" data-srcset=\"https:\/\/wirtznv.com\/wp-content\/uploads\/2019\/07\/News-Landscape-Construction-In-Progress-Ernest-The-Park-Brussels.jpg 2000w, https:\/\/wirtznv.com\/wp-content\/uploads\/2019\/07\/News-Landscape-Construction-In-Progress-Ernest-The-Park-Brussels-300x200.jpg 300w, https:\/\/wirtznv.com\/wp-content\/uploads\/2019\/07\/News-Landscape-Construction-In-Progress-Ernest-The-Park-Brussels-1024x682.jpg 1024w, https:\/\/wirtznv.com\/wp-content\/uploads\/2019\/07\/News-Landscape-Construction-In-Progress-Ernest-The-Park-Brussels-768x512.jpg 768w, https:\/\/wirtznv.com\/wp-content\/uploads\/2019\/07\/News-Landscape-Construction-In-Progress-Ernest-The-Park-Brussels-1536x1024.jpg 1536w\" data-sizes=\"(max-width: 2000px) 100vw, 2000px\" src=\"data:image\/svg+xml;base64,PHN2ZyB3aWR0aD0iMSIgaGVpZ2h0PSIxIiB4bWxucz0iaHR0cDovL3d3dy53My5vcmcvMjAwMC9zdmciPjwvc3ZnPg==\" style=\"--smush-placeholder-width: 2000px; --smush-placeholder-aspect-ratio: 2000\/1333;\" \/>\t\t\t\t\t<\/a>\n\t\t        \n\t\t\t<\/div>\n        <div class=\"edgtf-bli-content\" >\n                            <div class=\"edgtf-bli-info\">\n\t                <div itemprop=\"dateCreated\" class=\"edgtf-post-info-date entry-date published updated\">\n            <a itemprop=\"url\" href=\"https:\/\/wirtznv.com\/de\/2019\/07\/\">\n    \n        15. Juli 2019        <\/a>\n    <meta itemprop=\"interactionCount\" content=\"UserComments: 0\"\/>\n<\/div>                <\/div>\n            \t\n\t        \n<h3 itemprop=\"name\" class=\"entry-title edgtf-post-title\" style=\"text-transform: capitalize\">\n            <a itemprop=\"url\" href=\"https:\/\/wirtznv.com\/de\/landschaftsbau-schreitet-voran-ernest-the-park-bruessel\/\" title=\"Landschaftsbau schreitet voran: Ernest The Park, Br\u00fcssel\">\n            Landschaftsbau schreitet voran: Ernest The Park, Br\u00fcssel            <\/a>\n    <\/h3>\t\n\t        <div class=\"edgtf-bli-excerpt\">\n\t\t        \t\t<div class=\"edgtf-post-excerpt-holder\">\n\t\t\t<p itemprop=\"description\" class=\"edgtf-post-excerpt\">\n\t\t\t\tIm Rahmen eines Umbauprojekts rund um den renovierten Solvay-Hauptsitz in\t\t\t<\/p>\n\t\t<\/div>\n\t                \t        <\/div>\n        <\/div>\n\t<\/div>\n<\/li><li class=\"edgtf-bl-item edgtf-item-space\">\n\t<div class=\"edgtf-bli-inner\">\n\t\t \n\t<div class=\"edgtf-post-image\">\n\t\t\t\t\t<a itemprop=\"url\" href=\"https:\/\/wirtznv.com\/de\/internationaler-architekturpreis-fuer-den-masterplan-fuer-die-royal-academy-of-arts\/\" title=\"Internationaler Architekturpreis f\u00fcr den Masterplan f\u00fcr die Royal Academy of Arts\">\n\t\t\t\t\t<img decoding=\"async\" width=\"2000\" height=\"1569\" data-src=\"https:\/\/wirtznv.com\/wp-content\/uploads\/2019\/07\/News-International-Architecture-Award-For-The-Royal-Academy-Of-Arts-Masterplan.jpg\" class=\"attachment-full size-full wp-post-image lazyload\" alt=\"\" data-srcset=\"https:\/\/wirtznv.com\/wp-content\/uploads\/2019\/07\/News-International-Architecture-Award-For-The-Royal-Academy-Of-Arts-Masterplan.jpg 2000w, https:\/\/wirtznv.com\/wp-content\/uploads\/2019\/07\/News-International-Architecture-Award-For-The-Royal-Academy-Of-Arts-Masterplan-300x235.jpg 300w, https:\/\/wirtznv.com\/wp-content\/uploads\/2019\/07\/News-International-Architecture-Award-For-The-Royal-Academy-Of-Arts-Masterplan-1024x803.jpg 1024w, https:\/\/wirtznv.com\/wp-content\/uploads\/2019\/07\/News-International-Architecture-Award-For-The-Royal-Academy-Of-Arts-Masterplan-768x602.jpg 768w, https:\/\/wirtznv.com\/wp-content\/uploads\/2019\/07\/News-International-Architecture-Award-For-The-Royal-Academy-Of-Arts-Masterplan-1536x1205.jpg 1536w\" data-sizes=\"(max-width: 2000px) 100vw, 2000px\" src=\"data:image\/svg+xml;base64,PHN2ZyB3aWR0aD0iMSIgaGVpZ2h0PSIxIiB4bWxucz0iaHR0cDovL3d3dy53My5vcmcvMjAwMC9zdmciPjwvc3ZnPg==\" style=\"--smush-placeholder-width: 2000px; --smush-placeholder-aspect-ratio: 2000\/1569;\" \/>\t\t\t\t\t<\/a>\n\t\t        \n\t\t\t<\/div>\n        <div class=\"edgtf-bli-content\" >\n                            <div class=\"edgtf-bli-info\">\n\t                <div itemprop=\"dateCreated\" class=\"edgtf-post-info-date entry-date published updated\">\n            <a itemprop=\"url\" href=\"https:\/\/wirtznv.com\/de\/2019\/07\/\">\n    \n        9. Juli 2019        <\/a>\n    <meta itemprop=\"interactionCount\" content=\"UserComments: 0\"\/>\n<\/div>                <\/div>\n            \t\n\t        \n<h3 itemprop=\"name\" class=\"entry-title edgtf-post-title\" style=\"text-transform: capitalize\">\n            <a itemprop=\"url\" href=\"https:\/\/wirtznv.com\/de\/internationaler-architekturpreis-fuer-den-masterplan-fuer-die-royal-academy-of-arts\/\" title=\"Internationaler Architekturpreis f\u00fcr den Masterplan f\u00fcr die Royal Academy of Arts\">\n            Internationaler Architekturpreis f\u00fcr den Masterplan f\u00fcr die Royal Academy of Arts            <\/a>\n    <\/h3>\t\n\t        <div class=\"edgtf-bli-excerpt\">\n\t\t        \t\t<div class=\"edgtf-post-excerpt-holder\">\n\t\t\t<p itemprop=\"description\" class=\"edgtf-post-excerpt\">\n\t\t\t\tDie International Architectural Awards\u202fsind die h\u00f6chste und renommierteste Auszeichnung f\u00fcr\t\t\t<\/p>\n\t\t<\/div>\n\t                \t        <\/div>\n        <\/div>\n\t<\/div>\n<\/li><li class=\"edgtf-bl-item edgtf-item-space\">\n\t<div class=\"edgtf-bli-inner\">\n\t\t \n\t<div class=\"edgtf-post-image\">\n\t\t\t\t\t<a itemprop=\"url\" href=\"https:\/\/wirtznv.com\/de\/drei-exklusive-gaerten-fuer-das-hotel-august-in-antwerpen\/\" title=\"Drei exklusive G\u00e4rten f\u00fcr das Hotel August in Antwerpen\">\n\t\t\t\t\t<img decoding=\"async\" width=\"2000\" height=\"1333\" data-src=\"https:\/\/wirtznv.com\/wp-content\/uploads\/2019\/04\/News-Three-Exclusive-Gardens-For-The-August-Hotel-In-Antwerp-BE.jpg\" class=\"attachment-full size-full wp-post-image lazyload\" alt=\"\" data-srcset=\"https:\/\/wirtznv.com\/wp-content\/uploads\/2019\/04\/News-Three-Exclusive-Gardens-For-The-August-Hotel-In-Antwerp-BE.jpg 2000w, https:\/\/wirtznv.com\/wp-content\/uploads\/2019\/04\/News-Three-Exclusive-Gardens-For-The-August-Hotel-In-Antwerp-BE-300x200.jpg 300w, https:\/\/wirtznv.com\/wp-content\/uploads\/2019\/04\/News-Three-Exclusive-Gardens-For-The-August-Hotel-In-Antwerp-BE-1024x682.jpg 1024w, https:\/\/wirtznv.com\/wp-content\/uploads\/2019\/04\/News-Three-Exclusive-Gardens-For-The-August-Hotel-In-Antwerp-BE-768x512.jpg 768w, https:\/\/wirtznv.com\/wp-content\/uploads\/2019\/04\/News-Three-Exclusive-Gardens-For-The-August-Hotel-In-Antwerp-BE-1536x1024.jpg 1536w\" data-sizes=\"(max-width: 2000px) 100vw, 2000px\" src=\"data:image\/svg+xml;base64,PHN2ZyB3aWR0aD0iMSIgaGVpZ2h0PSIxIiB4bWxucz0iaHR0cDovL3d3dy53My5vcmcvMjAwMC9zdmciPjwvc3ZnPg==\" style=\"--smush-placeholder-width: 2000px; --smush-placeholder-aspect-ratio: 2000\/1333;\" \/>\t\t\t\t\t<\/a>\n\t\t        \n\t\t\t<\/div>\n        <div class=\"edgtf-bli-content\" >\n                            <div class=\"edgtf-bli-info\">\n\t                <div itemprop=\"dateCreated\" class=\"edgtf-post-info-date entry-date published updated\">\n            <a itemprop=\"url\" href=\"https:\/\/wirtznv.com\/de\/2019\/04\/\">\n    \n        24. April 2019        <\/a>\n    <meta itemprop=\"interactionCount\" content=\"UserComments: 0\"\/>\n<\/div>                <\/div>\n            \t\n\t        \n<h3 itemprop=\"name\" class=\"entry-title edgtf-post-title\" style=\"text-transform: capitalize\">\n            <a itemprop=\"url\" href=\"https:\/\/wirtznv.com\/de\/drei-exklusive-gaerten-fuer-das-hotel-august-in-antwerpen\/\" title=\"Drei exklusive G\u00e4rten f\u00fcr das Hotel August in Antwerpen\">\n            Drei exklusive G\u00e4rten f\u00fcr das Hotel August in Antwerpen            <\/a>\n    <\/h3>\t\n\t        <div class=\"edgtf-bli-excerpt\">\n\t\t        \t\t<div class=\"edgtf-post-excerpt-holder\">\n\t\t\t<p itemprop=\"description\" class=\"edgtf-post-excerpt\">\n\t\t\t\tDas August Hotel\u202fist ein sch\u00f6nes Fest der Geschichte und der\t\t\t<\/p>\n\t\t<\/div>\n\t                \t        <\/div>\n        <\/div>\n\t<\/div>\n<\/li><li class=\"edgtf-bl-item edgtf-item-space\">\n\t<div class=\"edgtf-bli-inner\">\n\t\t \n\t<div class=\"edgtf-post-image\">\n\t\t\t\t\t<a itemprop=\"url\" href=\"https:\/\/wirtznv.com\/de\/peter-wirtz-ueber-seine-vision-fuer-die-freiflaechen-von-wood-wharf\/\" title=\"Peter Wirtz \u00fcber seine Vision f\u00fcr die Freifl\u00e4chen von Wood Wharf\">\n\t\t\t\t\t<img decoding=\"async\" width=\"2000\" height=\"1072\" data-src=\"https:\/\/wirtznv.com\/wp-content\/uploads\/2019\/03\/News-Peter-Wirtz-On-His-Vision-For-Wood-Wharfs-Open-Spaces.jpg\" class=\"attachment-full size-full wp-post-image lazyload\" alt=\"\" data-srcset=\"https:\/\/wirtznv.com\/wp-content\/uploads\/2019\/03\/News-Peter-Wirtz-On-His-Vision-For-Wood-Wharfs-Open-Spaces.jpg 2000w, https:\/\/wirtznv.com\/wp-content\/uploads\/2019\/03\/News-Peter-Wirtz-On-His-Vision-For-Wood-Wharfs-Open-Spaces-300x161.jpg 300w, https:\/\/wirtznv.com\/wp-content\/uploads\/2019\/03\/News-Peter-Wirtz-On-His-Vision-For-Wood-Wharfs-Open-Spaces-1024x549.jpg 1024w, https:\/\/wirtznv.com\/wp-content\/uploads\/2019\/03\/News-Peter-Wirtz-On-His-Vision-For-Wood-Wharfs-Open-Spaces-768x412.jpg 768w, https:\/\/wirtznv.com\/wp-content\/uploads\/2019\/03\/News-Peter-Wirtz-On-His-Vision-For-Wood-Wharfs-Open-Spaces-1536x823.jpg 1536w\" data-sizes=\"(max-width: 2000px) 100vw, 2000px\" src=\"data:image\/svg+xml;base64,PHN2ZyB3aWR0aD0iMSIgaGVpZ2h0PSIxIiB4bWxucz0iaHR0cDovL3d3dy53My5vcmcvMjAwMC9zdmciPjwvc3ZnPg==\" style=\"--smush-placeholder-width: 2000px; --smush-placeholder-aspect-ratio: 2000\/1072;\" \/>\t\t\t\t\t<\/a>\n\t\t        \n\t\t\t<\/div>\n        <div class=\"edgtf-bli-content\" >\n                            <div class=\"edgtf-bli-info\">\n\t                <div itemprop=\"dateCreated\" class=\"edgtf-post-info-date entry-date published updated\">\n            <a itemprop=\"url\" href=\"https:\/\/wirtznv.com\/de\/2019\/03\/\">\n    \n        28. M\u00e4rz 2019        <\/a>\n    <meta itemprop=\"interactionCount\" content=\"UserComments: 0\"\/>\n<\/div>                <\/div>\n            \t\n\t        \n<h3 itemprop=\"name\" class=\"entry-title edgtf-post-title\" style=\"text-transform: capitalize\">\n            <a itemprop=\"url\" href=\"https:\/\/wirtznv.com\/de\/peter-wirtz-ueber-seine-vision-fuer-die-freiflaechen-von-wood-wharf\/\" title=\"Peter Wirtz \u00fcber seine Vision f\u00fcr die Freifl\u00e4chen von Wood Wharf\">\n            Peter Wirtz \u00fcber seine Vision f\u00fcr die Freifl\u00e4chen von Wood Wharf            <\/a>\n    <\/h3>\t\n\t        <div class=\"edgtf-bli-excerpt\">\n\t\t        \t\t<div class=\"edgtf-post-excerpt-holder\">\n\t\t\t<p itemprop=\"description\" class=\"edgtf-post-excerpt\">\n\t\t\t\t\"Die gr\u00f6\u00dfte Herausforderung war vielleicht, mit der m\u00e4chtigen Architektur von\t\t\t<\/p>\n\t\t<\/div>\n\t                \t        <\/div>\n        <\/div>\n\t<\/div>\n<\/li><li class=\"edgtf-bl-item edgtf-item-space\">\n\t<div class=\"edgtf-bli-inner\">\n\t\t \n\t<div class=\"edgtf-post-image\">\n\t\t\t\t\t<a itemprop=\"url\" href=\"https:\/\/wirtznv.com\/de\/landschaftsbau-schreitet-voran-toyota-material-handling-willebroek\/\" title=\"Landschaftsbau schreitet voran: Toyota Material Handling, Willebroek\">\n\t\t\t\t\t<img decoding=\"async\" width=\"2000\" height=\"1333\" data-src=\"https:\/\/wirtznv.com\/wp-content\/uploads\/2019\/02\/News-Landscape-Construction-In-Progress-Toyota-Material-Handling-Willebroek.jpg\" class=\"attachment-full size-full wp-post-image lazyload\" alt=\"\" data-srcset=\"https:\/\/wirtznv.com\/wp-content\/uploads\/2019\/02\/News-Landscape-Construction-In-Progress-Toyota-Material-Handling-Willebroek.jpg 2000w, https:\/\/wirtznv.com\/wp-content\/uploads\/2019\/02\/News-Landscape-Construction-In-Progress-Toyota-Material-Handling-Willebroek-300x200.jpg 300w, https:\/\/wirtznv.com\/wp-content\/uploads\/2019\/02\/News-Landscape-Construction-In-Progress-Toyota-Material-Handling-Willebroek-1024x682.jpg 1024w, https:\/\/wirtznv.com\/wp-content\/uploads\/2019\/02\/News-Landscape-Construction-In-Progress-Toyota-Material-Handling-Willebroek-768x512.jpg 768w, https:\/\/wirtznv.com\/wp-content\/uploads\/2019\/02\/News-Landscape-Construction-In-Progress-Toyota-Material-Handling-Willebroek-1536x1024.jpg 1536w\" data-sizes=\"(max-width: 2000px) 100vw, 2000px\" src=\"data:image\/svg+xml;base64,PHN2ZyB3aWR0aD0iMSIgaGVpZ2h0PSIxIiB4bWxucz0iaHR0cDovL3d3dy53My5vcmcvMjAwMC9zdmciPjwvc3ZnPg==\" style=\"--smush-placeholder-width: 2000px; --smush-placeholder-aspect-ratio: 2000\/1333;\" \/>\t\t\t\t\t<\/a>\n\t\t        \n\t\t\t<\/div>\n        <div class=\"edgtf-bli-content\" >\n                            <div class=\"edgtf-bli-info\">\n\t                <div itemprop=\"dateCreated\" class=\"edgtf-post-info-date entry-date published updated\">\n            <a itemprop=\"url\" href=\"https:\/\/wirtznv.com\/de\/2019\/02\/\">\n    \n        13. Februar 2019        <\/a>\n    <meta itemprop=\"interactionCount\" content=\"UserComments: 0\"\/>\n<\/div>                <\/div>\n            \t\n\t        \n<h3 itemprop=\"name\" class=\"entry-title edgtf-post-title\" style=\"text-transform: capitalize\">\n            <a itemprop=\"url\" href=\"https:\/\/wirtznv.com\/de\/landschaftsbau-schreitet-voran-toyota-material-handling-willebroek\/\" title=\"Landschaftsbau schreitet voran: Toyota Material Handling, Willebroek\">\n            Landschaftsbau schreitet voran: Toyota Material Handling, Willebroek            <\/a>\n    <\/h3>\t\n\t        <div class=\"edgtf-bli-excerpt\">\n\t\t        \t\t<div class=\"edgtf-post-excerpt-holder\">\n\t\t\t<p itemprop=\"description\" class=\"edgtf-post-excerpt\">\n\t\t\t\tAm 21. Januar 2019 ist Toyota Material Handling in seinen\t\t\t<\/p>\n\t\t<\/div>\n\t                \t        <\/div>\n        <\/div>\n\t<\/div>\n<\/li><li class=\"edgtf-bl-item edgtf-item-space\">\n\t<div class=\"edgtf-bli-inner\">\n\t\t \n\t<div class=\"edgtf-post-image\">\n\t\t\t\t\t<a itemprop=\"url\" href=\"https:\/\/wirtznv.com\/de\/landschaftsbau-schreitet-voran-stephex-stables-wolvertem-meise\/\" title=\"Landschaftsbau schreitet voran: Stephex Stables, Wolvertem-Meise\">\n\t\t\t\t\t<img decoding=\"async\" width=\"2000\" height=\"1500\" data-src=\"https:\/\/wirtznv.com\/wp-content\/uploads\/2019\/01\/News-Landscape-Construction-In-Progress-Stephex-Stables-Wolvertem-Meise.jpg\" class=\"attachment-full size-full wp-post-image lazyload\" alt=\"\" data-srcset=\"https:\/\/wirtznv.com\/wp-content\/uploads\/2019\/01\/News-Landscape-Construction-In-Progress-Stephex-Stables-Wolvertem-Meise.jpg 2000w, https:\/\/wirtznv.com\/wp-content\/uploads\/2019\/01\/News-Landscape-Construction-In-Progress-Stephex-Stables-Wolvertem-Meise-300x225.jpg 300w, https:\/\/wirtznv.com\/wp-content\/uploads\/2019\/01\/News-Landscape-Construction-In-Progress-Stephex-Stables-Wolvertem-Meise-1024x768.jpg 1024w, https:\/\/wirtznv.com\/wp-content\/uploads\/2019\/01\/News-Landscape-Construction-In-Progress-Stephex-Stables-Wolvertem-Meise-768x576.jpg 768w, https:\/\/wirtznv.com\/wp-content\/uploads\/2019\/01\/News-Landscape-Construction-In-Progress-Stephex-Stables-Wolvertem-Meise-1536x1152.jpg 1536w\" data-sizes=\"(max-width: 2000px) 100vw, 2000px\" src=\"data:image\/svg+xml;base64,PHN2ZyB3aWR0aD0iMSIgaGVpZ2h0PSIxIiB4bWxucz0iaHR0cDovL3d3dy53My5vcmcvMjAwMC9zdmciPjwvc3ZnPg==\" style=\"--smush-placeholder-width: 2000px; --smush-placeholder-aspect-ratio: 2000\/1500;\" \/>\t\t\t\t\t<\/a>\n\t\t        \n\t\t\t<\/div>\n        <div class=\"edgtf-bli-content\" >\n                            <div class=\"edgtf-bli-info\">\n\t                <div itemprop=\"dateCreated\" class=\"edgtf-post-info-date entry-date published updated\">\n            <a itemprop=\"url\" href=\"https:\/\/wirtznv.com\/de\/2019\/01\/\">\n    \n        8. Januar 2019        <\/a>\n    <meta itemprop=\"interactionCount\" content=\"UserComments: 0\"\/>\n<\/div>                <\/div>\n            \t\n\t        \n<h3 itemprop=\"name\" class=\"entry-title edgtf-post-title\" style=\"text-transform: capitalize\">\n            <a itemprop=\"url\" href=\"https:\/\/wirtznv.com\/de\/landschaftsbau-schreitet-voran-stephex-stables-wolvertem-meise\/\" title=\"Landschaftsbau schreitet voran: Stephex Stables, Wolvertem-Meise\">\n            Landschaftsbau schreitet voran: Stephex Stables, Wolvertem-Meise            <\/a>\n    <\/h3>\t\n\t        <div class=\"edgtf-bli-excerpt\">\n\t\t        \t\t<div class=\"edgtf-post-excerpt-holder\">\n\t\t\t<p itemprop=\"description\" class=\"edgtf-post-excerpt\">\n\t\t\t\tIn Wolvertem-Meise, einer Gemeinde in der belgischen Provinz Fl\u00e4misch-Brabant, befinden\t\t\t<\/p>\n\t\t<\/div>\n\t                \t        <\/div>\n        <\/div>\n\t<\/div>\n<\/li><li class=\"edgtf-bl-item edgtf-item-space\">\n\t<div class=\"edgtf-bli-inner\">\n\t\t \n\t<div class=\"edgtf-post-image\">\n\t\t\t\t\t<a itemprop=\"url\" href=\"https:\/\/wirtznv.com\/de\/wirtz-international-will-be-closed-for-the-christmas-holidays\/\" title=\"Wirtz International will be closed for the Christmas holidays\">\n\t\t\t\t\t<img decoding=\"async\" width=\"2000\" height=\"1414\" data-src=\"https:\/\/wirtznv.com\/wp-content\/uploads\/2018\/12\/News-Notice-of-office-closure-during-Christmas-and-New-Years-Holidays-2020.jpg\" class=\"attachment-full size-full wp-post-image lazyload\" alt=\"\" data-srcset=\"https:\/\/wirtznv.com\/wp-content\/uploads\/2018\/12\/News-Notice-of-office-closure-during-Christmas-and-New-Years-Holidays-2020.jpg 2000w, https:\/\/wirtznv.com\/wp-content\/uploads\/2018\/12\/News-Notice-of-office-closure-during-Christmas-and-New-Years-Holidays-2020-300x212.jpg 300w, https:\/\/wirtznv.com\/wp-content\/uploads\/2018\/12\/News-Notice-of-office-closure-during-Christmas-and-New-Years-Holidays-2020-1024x724.jpg 1024w, https:\/\/wirtznv.com\/wp-content\/uploads\/2018\/12\/News-Notice-of-office-closure-during-Christmas-and-New-Years-Holidays-2020-768x543.jpg 768w, https:\/\/wirtznv.com\/wp-content\/uploads\/2018\/12\/News-Notice-of-office-closure-during-Christmas-and-New-Years-Holidays-2020-1536x1086.jpg 1536w\" data-sizes=\"(max-width: 2000px) 100vw, 2000px\" src=\"data:image\/svg+xml;base64,PHN2ZyB3aWR0aD0iMSIgaGVpZ2h0PSIxIiB4bWxucz0iaHR0cDovL3d3dy53My5vcmcvMjAwMC9zdmciPjwvc3ZnPg==\" style=\"--smush-placeholder-width: 2000px; --smush-placeholder-aspect-ratio: 2000\/1414;\" \/>\t\t\t\t\t<\/a>\n\t\t        \n\t\t\t<\/div>\n        <div class=\"edgtf-bli-content\" >\n                            <div class=\"edgtf-bli-info\">\n\t                <div itemprop=\"dateCreated\" class=\"edgtf-post-info-date entry-date published updated\">\n            <a itemprop=\"url\" href=\"https:\/\/wirtznv.com\/de\/2018\/12\/\">\n    \n        20. Dezember 2018        <\/a>\n    <meta itemprop=\"interactionCount\" content=\"UserComments: 0\"\/>\n<\/div>                <\/div>\n            \t\n\t        \n<h3 itemprop=\"name\" class=\"entry-title edgtf-post-title\" style=\"text-transform: capitalize\">\n            <a itemprop=\"url\" href=\"https:\/\/wirtznv.com\/de\/wirtz-international-will-be-closed-for-the-christmas-holidays\/\" title=\"Wirtz International will be closed for the Christmas holidays\">\n            Wirtz International will be closed for the Christmas holidays            <\/a>\n    <\/h3>\t\n\t        <div class=\"edgtf-bli-excerpt\">\n\t\t        \t\t<div class=\"edgtf-post-excerpt-holder\">\n\t\t\t<p itemprop=\"description\" class=\"edgtf-post-excerpt\">\n\t\t\t\tWirtz International will be closed from\u00a024th December 2018\u00a0to\u00a06th January 2019\u00a0for\t\t\t<\/p>\n\t\t<\/div>\n\t                \t        <\/div>\n        <\/div>\n\t<\/div>\n<\/li><li class=\"edgtf-bl-item edgtf-item-space\">\n\t<div class=\"edgtf-bli-inner\">\n\t\t \n\t<div class=\"edgtf-post-image\">\n\t\t\t\t\t<a itemprop=\"url\" href=\"https:\/\/wirtznv.com\/de\/landschaftsbau-schreitet-voran-privatgarten-tschechien\/\" title=\"Landschaftsbau schreitet voran: Privatgarten, Tschechien\">\n\t\t\t\t\t<img decoding=\"async\" width=\"2000\" height=\"1400\" data-src=\"https:\/\/wirtznv.com\/wp-content\/uploads\/2018\/12\/News-Landscape-Construction-In-Progress-Private-Garden-Czech-Republic.jpg\" class=\"attachment-full size-full wp-post-image lazyload\" alt=\"\" data-srcset=\"https:\/\/wirtznv.com\/wp-content\/uploads\/2018\/12\/News-Landscape-Construction-In-Progress-Private-Garden-Czech-Republic.jpg 2000w, https:\/\/wirtznv.com\/wp-content\/uploads\/2018\/12\/News-Landscape-Construction-In-Progress-Private-Garden-Czech-Republic-300x210.jpg 300w, https:\/\/wirtznv.com\/wp-content\/uploads\/2018\/12\/News-Landscape-Construction-In-Progress-Private-Garden-Czech-Republic-1024x717.jpg 1024w, https:\/\/wirtznv.com\/wp-content\/uploads\/2018\/12\/News-Landscape-Construction-In-Progress-Private-Garden-Czech-Republic-768x538.jpg 768w, https:\/\/wirtznv.com\/wp-content\/uploads\/2018\/12\/News-Landscape-Construction-In-Progress-Private-Garden-Czech-Republic-1536x1075.jpg 1536w\" data-sizes=\"(max-width: 2000px) 100vw, 2000px\" src=\"data:image\/svg+xml;base64,PHN2ZyB3aWR0aD0iMSIgaGVpZ2h0PSIxIiB4bWxucz0iaHR0cDovL3d3dy53My5vcmcvMjAwMC9zdmciPjwvc3ZnPg==\" style=\"--smush-placeholder-width: 2000px; --smush-placeholder-aspect-ratio: 2000\/1400;\" \/>\t\t\t\t\t<\/a>\n\t\t        \n\t\t\t<\/div>\n        <div class=\"edgtf-bli-content\" >\n                            <div class=\"edgtf-bli-info\">\n\t                <div itemprop=\"dateCreated\" class=\"edgtf-post-info-date entry-date published updated\">\n            <a itemprop=\"url\" href=\"https:\/\/wirtznv.com\/de\/2018\/12\/\">\n    \n        14. Dezember 2018        <\/a>\n    <meta itemprop=\"interactionCount\" content=\"UserComments: 0\"\/>\n<\/div>                <\/div>\n            \t\n\t        \n<h3 itemprop=\"name\" class=\"entry-title edgtf-post-title\" style=\"text-transform: capitalize\">\n            <a itemprop=\"url\" href=\"https:\/\/wirtznv.com\/de\/landschaftsbau-schreitet-voran-privatgarten-tschechien\/\" title=\"Landschaftsbau schreitet voran: Privatgarten, Tschechien\">\n            Landschaftsbau schreitet voran: Privatgarten, Tschechien            <\/a>\n    <\/h3>\t\n\t        <div class=\"edgtf-bli-excerpt\">\n\t\t        \t\t<div class=\"edgtf-post-excerpt-holder\">\n\t\t\t<p itemprop=\"description\" class=\"edgtf-post-excerpt\">\n\t\t\t\tDerzeit arbeiten wir an der\u202fErweiterung eines bestehenden Wirtz-Gartens\u202fin Tschechien. In\t\t\t<\/p>\n\t\t<\/div>\n\t                \t        <\/div>\n        <\/div>\n\t<\/div>\n<\/li><li class=\"edgtf-bl-item edgtf-item-space\">\n\t<div class=\"edgtf-bli-inner\">\n\t\t \n\t<div class=\"edgtf-post-image\">\n\t\t\t\t\t<a itemprop=\"url\" href=\"https:\/\/wirtznv.com\/de\/landschaftsbau-schreitet-voran-kouterdreef-gent-belgien\/\" title=\"Landschaftsbau schreitet voran: Kouterdreef Gent, Belgien\">\n\t\t\t\t\t<img decoding=\"async\" width=\"2000\" height=\"1500\" data-src=\"https:\/\/wirtznv.com\/wp-content\/uploads\/2018\/11\/News-Landscape-Construction-In-Progress-Kouterdreef-Gent-Belgium.jpg\" class=\"attachment-full size-full wp-post-image lazyload\" alt=\"\" data-srcset=\"https:\/\/wirtznv.com\/wp-content\/uploads\/2018\/11\/News-Landscape-Construction-In-Progress-Kouterdreef-Gent-Belgium.jpg 2000w, https:\/\/wirtznv.com\/wp-content\/uploads\/2018\/11\/News-Landscape-Construction-In-Progress-Kouterdreef-Gent-Belgium-300x225.jpg 300w, https:\/\/wirtznv.com\/wp-content\/uploads\/2018\/11\/News-Landscape-Construction-In-Progress-Kouterdreef-Gent-Belgium-1024x768.jpg 1024w, https:\/\/wirtznv.com\/wp-content\/uploads\/2018\/11\/News-Landscape-Construction-In-Progress-Kouterdreef-Gent-Belgium-768x576.jpg 768w, https:\/\/wirtznv.com\/wp-content\/uploads\/2018\/11\/News-Landscape-Construction-In-Progress-Kouterdreef-Gent-Belgium-1536x1152.jpg 1536w\" data-sizes=\"(max-width: 2000px) 100vw, 2000px\" src=\"data:image\/svg+xml;base64,PHN2ZyB3aWR0aD0iMSIgaGVpZ2h0PSIxIiB4bWxucz0iaHR0cDovL3d3dy53My5vcmcvMjAwMC9zdmciPjwvc3ZnPg==\" style=\"--smush-placeholder-width: 2000px; --smush-placeholder-aspect-ratio: 2000\/1500;\" \/>\t\t\t\t\t<\/a>\n\t\t        \n\t\t\t<\/div>\n        <div class=\"edgtf-bli-content\" >\n                            <div class=\"edgtf-bli-info\">\n\t                <div itemprop=\"dateCreated\" class=\"edgtf-post-info-date entry-date published updated\">\n            <a itemprop=\"url\" href=\"https:\/\/wirtznv.com\/de\/2018\/11\/\">\n    \n        21. November 2018        <\/a>\n    <meta itemprop=\"interactionCount\" content=\"UserComments: 0\"\/>\n<\/div>                <\/div>\n            \t\n\t        \n<h3 itemprop=\"name\" class=\"entry-title edgtf-post-title\" style=\"text-transform: capitalize\">\n            <a itemprop=\"url\" href=\"https:\/\/wirtznv.com\/de\/landschaftsbau-schreitet-voran-kouterdreef-gent-belgien\/\" title=\"Landschaftsbau schreitet voran: Kouterdreef Gent, Belgien\">\n            Landschaftsbau schreitet voran: Kouterdreef Gent, Belgien            <\/a>\n    <\/h3>\t\n\t        <div class=\"edgtf-bli-excerpt\">\n\t\t        \t\t<div class=\"edgtf-post-excerpt-holder\">\n\t\t\t<p itemprop=\"description\" class=\"edgtf-post-excerpt\">\n\t\t\t\tIm Jahr 2013 begann der Projektentwickler Matexi mit der Aufwertung\t\t\t<\/p>\n\t\t<\/div>\n\t                \t        <\/div>\n        <\/div>\n\t<\/div>\n<\/li><li class=\"edgtf-bl-item edgtf-item-space\">\n\t<div class=\"edgtf-bli-inner\">\n\t\t \n\t<div class=\"edgtf-post-image\">\n\t\t\t\t\t<a itemprop=\"url\" href=\"https:\/\/wirtznv.com\/de\/jacques-wirtz-31-dezember-1924-21-juli-2018\/\" title=\"Jacques Wirtz (*31. Dezember 1924 \u2013 \u202021. Juli 2018)\">\n\t\t\t\t\t<img decoding=\"async\" width=\"2000\" height=\"1333\" data-src=\"https:\/\/wirtznv.com\/wp-content\/uploads\/2018\/07\/News-Jacques-Wirtz-\u00b031-December-1924-\u2013-\u202021-July-2018.jpg\" class=\"attachment-full size-full wp-post-image lazyload\" alt=\"\" data-srcset=\"https:\/\/wirtznv.com\/wp-content\/uploads\/2018\/07\/News-Jacques-Wirtz-\u00b031-December-1924-\u2013-\u202021-July-2018.jpg 2000w, https:\/\/wirtznv.com\/wp-content\/uploads\/2018\/07\/News-Jacques-Wirtz-\u00b031-December-1924-\u2013-\u202021-July-2018-300x200.jpg 300w, https:\/\/wirtznv.com\/wp-content\/uploads\/2018\/07\/News-Jacques-Wirtz-\u00b031-December-1924-\u2013-\u202021-July-2018-1024x682.jpg 1024w, https:\/\/wirtznv.com\/wp-content\/uploads\/2018\/07\/News-Jacques-Wirtz-\u00b031-December-1924-\u2013-\u202021-July-2018-768x512.jpg 768w, https:\/\/wirtznv.com\/wp-content\/uploads\/2018\/07\/News-Jacques-Wirtz-\u00b031-December-1924-\u2013-\u202021-July-2018-1536x1024.jpg 1536w\" data-sizes=\"(max-width: 2000px) 100vw, 2000px\" src=\"data:image\/svg+xml;base64,PHN2ZyB3aWR0aD0iMSIgaGVpZ2h0PSIxIiB4bWxucz0iaHR0cDovL3d3dy53My5vcmcvMjAwMC9zdmciPjwvc3ZnPg==\" style=\"--smush-placeholder-width: 2000px; --smush-placeholder-aspect-ratio: 2000\/1333;\" \/>\t\t\t\t\t<\/a>\n\t\t        \n\t\t\t<\/div>\n        <div class=\"edgtf-bli-content\" >\n                            <div class=\"edgtf-bli-info\">\n\t                <div itemprop=\"dateCreated\" class=\"edgtf-post-info-date entry-date published updated\">\n            <a itemprop=\"url\" href=\"https:\/\/wirtznv.com\/de\/2018\/07\/\">\n    \n        21. Juli 2018        <\/a>\n    <meta itemprop=\"interactionCount\" content=\"UserComments: 0\"\/>\n<\/div>                <\/div>\n            \t\n\t        \n<h3 itemprop=\"name\" class=\"entry-title edgtf-post-title\" style=\"text-transform: capitalize\">\n            <a itemprop=\"url\" href=\"https:\/\/wirtznv.com\/de\/jacques-wirtz-31-dezember-1924-21-juli-2018\/\" title=\"Jacques Wirtz (*31. Dezember 1924 \u2013 \u202021. Juli 2018)\">\n            Jacques Wirtz (*31. Dezember 1924 \u2013 \u202021. Juli 2018)            <\/a>\n    <\/h3>\t\n\t        <div class=\"edgtf-bli-excerpt\">\n\t\t        \t\t<div class=\"edgtf-post-excerpt-holder\">\n\t\t\t<p itemprop=\"description\" class=\"edgtf-post-excerpt\">\n\t\t\t\tDer ber\u00fchmte belgische Landschaftsarchitekt Jacques Wirtz ist am Samstag, den\t\t\t<\/p>\n\t\t<\/div>\n\t                \t        <\/div>\n        <\/div>\n\t<\/div>\n<\/li><li class=\"edgtf-bl-item edgtf-item-space\">\n\t<div class=\"edgtf-bli-inner\">\n\t\t \n\t<div class=\"edgtf-post-image\">\n\t\t\t\t\t<a itemprop=\"url\" href=\"https:\/\/wirtznv.com\/de\/kava-kongresszentrum-in-antwerpen-offiziell-eroeffnet\/\" title=\"KAVA-Kongresszentrum in Antwerpen (BE) offiziell er\u00f6ffnet\">\n\t\t\t\t\t<img decoding=\"async\" width=\"2000\" height=\"1333\" data-src=\"https:\/\/wirtznv.com\/wp-content\/uploads\/2018\/06\/News-KAVA-Congress-Center-In-Antwerp-BE-Officially-Open.jpg\" class=\"attachment-full size-full wp-post-image lazyload\" alt=\"\" data-srcset=\"https:\/\/wirtznv.com\/wp-content\/uploads\/2018\/06\/News-KAVA-Congress-Center-In-Antwerp-BE-Officially-Open.jpg 2000w, https:\/\/wirtznv.com\/wp-content\/uploads\/2018\/06\/News-KAVA-Congress-Center-In-Antwerp-BE-Officially-Open-300x200.jpg 300w, https:\/\/wirtznv.com\/wp-content\/uploads\/2018\/06\/News-KAVA-Congress-Center-In-Antwerp-BE-Officially-Open-1024x682.jpg 1024w, https:\/\/wirtznv.com\/wp-content\/uploads\/2018\/06\/News-KAVA-Congress-Center-In-Antwerp-BE-Officially-Open-768x512.jpg 768w, https:\/\/wirtznv.com\/wp-content\/uploads\/2018\/06\/News-KAVA-Congress-Center-In-Antwerp-BE-Officially-Open-1536x1024.jpg 1536w\" data-sizes=\"(max-width: 2000px) 100vw, 2000px\" src=\"data:image\/svg+xml;base64,PHN2ZyB3aWR0aD0iMSIgaGVpZ2h0PSIxIiB4bWxucz0iaHR0cDovL3d3dy53My5vcmcvMjAwMC9zdmciPjwvc3ZnPg==\" style=\"--smush-placeholder-width: 2000px; --smush-placeholder-aspect-ratio: 2000\/1333;\" \/>\t\t\t\t\t<\/a>\n\t\t        \n\t\t\t<\/div>\n        <div class=\"edgtf-bli-content\" >\n                            <div class=\"edgtf-bli-info\">\n\t                <div itemprop=\"dateCreated\" class=\"edgtf-post-info-date entry-date published updated\">\n            <a itemprop=\"url\" href=\"https:\/\/wirtznv.com\/de\/2018\/06\/\">\n    \n        18. Juni 2018        <\/a>\n    <meta itemprop=\"interactionCount\" content=\"UserComments: 0\"\/>\n<\/div>                <\/div>\n            \t\n\t        \n<h3 itemprop=\"name\" class=\"entry-title edgtf-post-title\" style=\"text-transform: capitalize\">\n            <a itemprop=\"url\" href=\"https:\/\/wirtznv.com\/de\/kava-kongresszentrum-in-antwerpen-offiziell-eroeffnet\/\" title=\"KAVA-Kongresszentrum in Antwerpen (BE) offiziell er\u00f6ffnet\">\n            KAVA-Kongresszentrum in Antwerpen (BE) offiziell er\u00f6ffnet            <\/a>\n    <\/h3>\t\n\t        <div class=\"edgtf-bli-excerpt\">\n\t\t        \t\t<div class=\"edgtf-post-excerpt-holder\">\n\t\t\t<p itemprop=\"description\" class=\"edgtf-post-excerpt\">\n\t\t\t\tDer K\u00f6nigliche Apothekerverband von Antwerpen (KAVA) hat die T\u00fcren seines\t\t\t<\/p>\n\t\t<\/div>\n\t                \t        <\/div>\n        <\/div>\n\t<\/div>\n<\/li><li class=\"edgtf-bl-item edgtf-item-space\">\n\t<div class=\"edgtf-bli-inner\">\n\t\t \n\t<div class=\"edgtf-post-image\">\n\t\t\t\t\t<a itemprop=\"url\" href=\"https:\/\/wirtznv.com\/de\/rheinblick-residences-in-bonn-vor-der-fertigstellung\/\" title=\"Rheinblick-Residences in Bonn vor der Fertigstellung\">\n\t\t\t\t\t<img decoding=\"async\" width=\"2000\" height=\"1125\" data-src=\"https:\/\/wirtznv.com\/wp-content\/uploads\/2018\/06\/News-Rheinblick-Residences-In-Bonn-DE-Approach-Completion.jpg\" class=\"attachment-full size-full wp-post-image lazyload\" alt=\"\" data-srcset=\"https:\/\/wirtznv.com\/wp-content\/uploads\/2018\/06\/News-Rheinblick-Residences-In-Bonn-DE-Approach-Completion.jpg 2000w, https:\/\/wirtznv.com\/wp-content\/uploads\/2018\/06\/News-Rheinblick-Residences-In-Bonn-DE-Approach-Completion-300x169.jpg 300w, https:\/\/wirtznv.com\/wp-content\/uploads\/2018\/06\/News-Rheinblick-Residences-In-Bonn-DE-Approach-Completion-1024x576.jpg 1024w, https:\/\/wirtznv.com\/wp-content\/uploads\/2018\/06\/News-Rheinblick-Residences-In-Bonn-DE-Approach-Completion-768x432.jpg 768w, https:\/\/wirtznv.com\/wp-content\/uploads\/2018\/06\/News-Rheinblick-Residences-In-Bonn-DE-Approach-Completion-1536x864.jpg 1536w\" data-sizes=\"(max-width: 2000px) 100vw, 2000px\" src=\"data:image\/svg+xml;base64,PHN2ZyB3aWR0aD0iMSIgaGVpZ2h0PSIxIiB4bWxucz0iaHR0cDovL3d3dy53My5vcmcvMjAwMC9zdmciPjwvc3ZnPg==\" style=\"--smush-placeholder-width: 2000px; --smush-placeholder-aspect-ratio: 2000\/1125;\" \/>\t\t\t\t\t<\/a>\n\t\t        \n\t\t\t<\/div>\n        <div class=\"edgtf-bli-content\" >\n                            <div class=\"edgtf-bli-info\">\n\t                <div itemprop=\"dateCreated\" class=\"edgtf-post-info-date entry-date published updated\">\n            <a itemprop=\"url\" href=\"https:\/\/wirtznv.com\/de\/2018\/06\/\">\n    \n        18. Juni 2018        <\/a>\n    <meta itemprop=\"interactionCount\" content=\"UserComments: 0\"\/>\n<\/div>                <\/div>\n            \t\n\t        \n<h3 itemprop=\"name\" class=\"entry-title edgtf-post-title\" style=\"text-transform: capitalize\">\n            <a itemprop=\"url\" href=\"https:\/\/wirtznv.com\/de\/rheinblick-residences-in-bonn-vor-der-fertigstellung\/\" title=\"Rheinblick-Residences in Bonn vor der Fertigstellung\">\n            Rheinblick-Residences in Bonn vor der Fertigstellung            <\/a>\n    <\/h3>\t\n\t        <div class=\"edgtf-bli-excerpt\">\n\t\t        \t\t<div class=\"edgtf-post-excerpt-holder\">\n\t\t\t<p itemprop=\"description\" class=\"edgtf-post-excerpt\">\n\t\t\t\tDer Landschaftsbau rund um das Projekt Rheinblick-Residences Bonn\u202fsteht kurz vor\t\t\t<\/p>\n\t\t<\/div>\n\t                \t        <\/div>\n        <\/div>\n\t<\/div>\n<\/li><li class=\"edgtf-bl-item edgtf-item-space\">\n\t<div class=\"edgtf-bli-inner\">\n\t\t \n\t<div class=\"edgtf-post-image\">\n\t\t\t\t\t<a itemprop=\"url\" href=\"https:\/\/wirtznv.com\/de\/peter-wirtz-haelt-einen-vortrag-auf-dem-symposium-landscape-pleasures\/\" title=\"Peter Wirtz h\u00e4lt einen Vortrag auf dem Symposium Landscape Pleasures\">\n\t\t\t\t\t<img decoding=\"async\" width=\"2000\" height=\"1332\" data-src=\"https:\/\/wirtznv.com\/wp-content\/uploads\/2018\/03\/News-Peter-Wirtz-Will-Give-A-Presentation-At-The-Landscape-Pleasures-Symposium..jpg\" class=\"attachment-full size-full wp-post-image lazyload\" alt=\"\" data-srcset=\"https:\/\/wirtznv.com\/wp-content\/uploads\/2018\/03\/News-Peter-Wirtz-Will-Give-A-Presentation-At-The-Landscape-Pleasures-Symposium..jpg 2000w, https:\/\/wirtznv.com\/wp-content\/uploads\/2018\/03\/News-Peter-Wirtz-Will-Give-A-Presentation-At-The-Landscape-Pleasures-Symposium.-300x200.jpg 300w, https:\/\/wirtznv.com\/wp-content\/uploads\/2018\/03\/News-Peter-Wirtz-Will-Give-A-Presentation-At-The-Landscape-Pleasures-Symposium.-1024x682.jpg 1024w, https:\/\/wirtznv.com\/wp-content\/uploads\/2018\/03\/News-Peter-Wirtz-Will-Give-A-Presentation-At-The-Landscape-Pleasures-Symposium.-768x511.jpg 768w, https:\/\/wirtznv.com\/wp-content\/uploads\/2018\/03\/News-Peter-Wirtz-Will-Give-A-Presentation-At-The-Landscape-Pleasures-Symposium.-1536x1023.jpg 1536w\" data-sizes=\"(max-width: 2000px) 100vw, 2000px\" src=\"data:image\/svg+xml;base64,PHN2ZyB3aWR0aD0iMSIgaGVpZ2h0PSIxIiB4bWxucz0iaHR0cDovL3d3dy53My5vcmcvMjAwMC9zdmciPjwvc3ZnPg==\" style=\"--smush-placeholder-width: 2000px; --smush-placeholder-aspect-ratio: 2000\/1332;\" \/>\t\t\t\t\t<\/a>\n\t\t        \n\t\t\t<\/div>\n        <div class=\"edgtf-bli-content\" >\n                            <div class=\"edgtf-bli-info\">\n\t                <div itemprop=\"dateCreated\" class=\"edgtf-post-info-date entry-date published updated\">\n            <a itemprop=\"url\" href=\"https:\/\/wirtznv.com\/de\/2018\/03\/\">\n    \n        8. M\u00e4rz 2018        <\/a>\n    <meta itemprop=\"interactionCount\" content=\"UserComments: 0\"\/>\n<\/div>                <\/div>\n            \t\n\t        \n<h3 itemprop=\"name\" class=\"entry-title edgtf-post-title\" style=\"text-transform: capitalize\">\n            <a itemprop=\"url\" href=\"https:\/\/wirtznv.com\/de\/peter-wirtz-haelt-einen-vortrag-auf-dem-symposium-landscape-pleasures\/\" title=\"Peter Wirtz h\u00e4lt einen Vortrag auf dem Symposium Landscape Pleasures\">\n            Peter Wirtz h\u00e4lt einen Vortrag auf dem Symposium Landscape Pleasures            <\/a>\n    <\/h3>\t\n\t        <div class=\"edgtf-bli-excerpt\">\n\t\t        \t\t<div class=\"edgtf-post-excerpt-holder\">\n\t\t\t<p itemprop=\"description\" class=\"edgtf-post-excerpt\">\n\t\t\t\tAm Samstag, den 9. Juni h\u00e4lt Peter Wirtz einen Vortrag\t\t\t<\/p>\n\t\t<\/div>\n\t                \t        <\/div>\n        <\/div>\n\t<\/div>\n<\/li><li class=\"edgtf-bl-item edgtf-item-space\">\n\t<div class=\"edgtf-bli-inner\">\n\t\t \n\t<div class=\"edgtf-post-image\">\n\t\t\t\t\t<a itemprop=\"url\" href=\"https:\/\/wirtznv.com\/de\/wie-wichtig-es-ist-ein-guter-gaertner-zu-sein-um-ein-guter-designer-zu-sein\/\" title=\"Wie wichtig es ist, ein guter G\u00e4rtner zu sein, um ein guter Designer zu sein\">\n\t\t\t\t\t<img decoding=\"async\" width=\"2000\" height=\"1123\" data-src=\"https:\/\/wirtznv.com\/wp-content\/uploads\/2017\/11\/News-The-Importance-Of-Being-A-Good-Horticulturist-In-Order-To-Be-A-Good-Designer.jpg\" class=\"attachment-full size-full wp-post-image lazyload\" alt=\"\" data-srcset=\"https:\/\/wirtznv.com\/wp-content\/uploads\/2017\/11\/News-The-Importance-Of-Being-A-Good-Horticulturist-In-Order-To-Be-A-Good-Designer.jpg 2000w, https:\/\/wirtznv.com\/wp-content\/uploads\/2017\/11\/News-The-Importance-Of-Being-A-Good-Horticulturist-In-Order-To-Be-A-Good-Designer-300x168.jpg 300w, https:\/\/wirtznv.com\/wp-content\/uploads\/2017\/11\/News-The-Importance-Of-Being-A-Good-Horticulturist-In-Order-To-Be-A-Good-Designer-1024x575.jpg 1024w, https:\/\/wirtznv.com\/wp-content\/uploads\/2017\/11\/News-The-Importance-Of-Being-A-Good-Horticulturist-In-Order-To-Be-A-Good-Designer-768x431.jpg 768w, https:\/\/wirtznv.com\/wp-content\/uploads\/2017\/11\/News-The-Importance-Of-Being-A-Good-Horticulturist-In-Order-To-Be-A-Good-Designer-1536x862.jpg 1536w\" data-sizes=\"(max-width: 2000px) 100vw, 2000px\" src=\"data:image\/svg+xml;base64,PHN2ZyB3aWR0aD0iMSIgaGVpZ2h0PSIxIiB4bWxucz0iaHR0cDovL3d3dy53My5vcmcvMjAwMC9zdmciPjwvc3ZnPg==\" style=\"--smush-placeholder-width: 2000px; --smush-placeholder-aspect-ratio: 2000\/1123;\" \/>\t\t\t\t\t<\/a>\n\t\t        \n\t\t\t<\/div>\n        <div class=\"edgtf-bli-content\" >\n                            <div class=\"edgtf-bli-info\">\n\t                <div itemprop=\"dateCreated\" class=\"edgtf-post-info-date entry-date published updated\">\n            <a itemprop=\"url\" href=\"https:\/\/wirtznv.com\/de\/2017\/11\/\">\n    \n        13. November 2017        <\/a>\n    <meta itemprop=\"interactionCount\" content=\"UserComments: 0\"\/>\n<\/div>                <\/div>\n            \t\n\t        \n<h3 itemprop=\"name\" class=\"entry-title edgtf-post-title\" style=\"text-transform: capitalize\">\n            <a itemprop=\"url\" href=\"https:\/\/wirtznv.com\/de\/wie-wichtig-es-ist-ein-guter-gaertner-zu-sein-um-ein-guter-designer-zu-sein\/\" title=\"Wie wichtig es ist, ein guter G\u00e4rtner zu sein, um ein guter Designer zu sein\">\n            Wie wichtig es ist, ein guter G\u00e4rtner zu sein, um ein guter Designer zu sein            <\/a>\n    <\/h3>\t\n\t        <div class=\"edgtf-bli-excerpt\">\n\t\t        \t\t<div class=\"edgtf-post-excerpt-holder\">\n\t\t\t<p itemprop=\"description\" class=\"edgtf-post-excerpt\">\n\t\t\t\tMiteigent\u00fcmer eines international renommierten belgischen Landschaftsarchitekturb\u00fcros besucht K-State\r\n\r\nEingereicht von Cathie\t\t\t<\/p>\n\t\t<\/div>\n\t                \t        <\/div>\n        <\/div>\n\t<\/div>\n<\/li><li class=\"edgtf-bl-item edgtf-item-space\">\n\t<div class=\"edgtf-bli-inner\">\n\t\t \n\t<div class=\"edgtf-post-image\">\n\t\t\t\t\t<a itemprop=\"url\" href=\"https:\/\/wirtznv.com\/de\/rheinblick-residences-bonn-landschaftsbau-schreitet-voran\/\" title=\"Rheinblick-Residences Bonn, Landschaftsbau schreitet voran\">\n\t\t\t\t\t<img decoding=\"async\" width=\"2000\" height=\"1125\" data-src=\"https:\/\/wirtznv.com\/wp-content\/uploads\/2017\/11\/News-Rheinblick-Residences-Bonn-Landscape-Construction-In-Progress.jpg\" class=\"attachment-full size-full wp-post-image lazyload\" alt=\"\" data-srcset=\"https:\/\/wirtznv.com\/wp-content\/uploads\/2017\/11\/News-Rheinblick-Residences-Bonn-Landscape-Construction-In-Progress.jpg 2000w, https:\/\/wirtznv.com\/wp-content\/uploads\/2017\/11\/News-Rheinblick-Residences-Bonn-Landscape-Construction-In-Progress-300x169.jpg 300w, https:\/\/wirtznv.com\/wp-content\/uploads\/2017\/11\/News-Rheinblick-Residences-Bonn-Landscape-Construction-In-Progress-1024x576.jpg 1024w, https:\/\/wirtznv.com\/wp-content\/uploads\/2017\/11\/News-Rheinblick-Residences-Bonn-Landscape-Construction-In-Progress-768x432.jpg 768w, https:\/\/wirtznv.com\/wp-content\/uploads\/2017\/11\/News-Rheinblick-Residences-Bonn-Landscape-Construction-In-Progress-1536x864.jpg 1536w\" data-sizes=\"(max-width: 2000px) 100vw, 2000px\" src=\"data:image\/svg+xml;base64,PHN2ZyB3aWR0aD0iMSIgaGVpZ2h0PSIxIiB4bWxucz0iaHR0cDovL3d3dy53My5vcmcvMjAwMC9zdmciPjwvc3ZnPg==\" style=\"--smush-placeholder-width: 2000px; --smush-placeholder-aspect-ratio: 2000\/1125;\" \/>\t\t\t\t\t<\/a>\n\t\t        \n\t\t\t<\/div>\n        <div class=\"edgtf-bli-content\" >\n                            <div class=\"edgtf-bli-info\">\n\t                <div itemprop=\"dateCreated\" class=\"edgtf-post-info-date entry-date published updated\">\n            <a itemprop=\"url\" href=\"https:\/\/wirtznv.com\/de\/2017\/11\/\">\n    \n        3. November 2017        <\/a>\n    <meta itemprop=\"interactionCount\" content=\"UserComments: 0\"\/>\n<\/div>                <\/div>\n            \t\n\t        \n<h3 itemprop=\"name\" class=\"entry-title edgtf-post-title\" style=\"text-transform: capitalize\">\n            <a itemprop=\"url\" href=\"https:\/\/wirtznv.com\/de\/rheinblick-residences-bonn-landschaftsbau-schreitet-voran\/\" title=\"Rheinblick-Residences Bonn, Landschaftsbau schreitet voran\">\n            Rheinblick-Residences Bonn, Landschaftsbau schreitet voran            <\/a>\n    <\/h3>\t\n\t        <div class=\"edgtf-bli-excerpt\">\n\t\t        \t\t<div class=\"edgtf-post-excerpt-holder\">\n\t\t\t<p itemprop=\"description\" class=\"edgtf-post-excerpt\">\n\t\t\t\tWirtz entwarf den Landschaftspark der Rheinblick-Residences in der N\u00e4he von\t\t\t<\/p>\n\t\t<\/div>\n\t                \t        <\/div>\n        <\/div>\n\t<\/div>\n<\/li><li class=\"edgtf-bl-item edgtf-item-space\">\n\t<div class=\"edgtf-bli-inner\">\n\t\t \n\t<div class=\"edgtf-post-image\">\n\t\t\t\t\t<a itemprop=\"url\" href=\"https:\/\/wirtznv.com\/de\/eroeffnung-des-oeffentlichen-parks-am-janseniushof-loewen-belgien\/\" title=\"Er\u00f6ffnung des \u00f6ffentlichen Parks am Janseniushof, L\u00f6wen (Belgien)\">\n\t\t\t\t\t<img decoding=\"async\" width=\"2000\" height=\"1500\" data-src=\"https:\/\/wirtznv.com\/wp-content\/uploads\/2017\/09\/News-Opening-public-park-at-Janseniushof-Leuven-Belgium.jpg\" class=\"attachment-full size-full wp-post-image lazyload\" alt=\"\" data-srcset=\"https:\/\/wirtznv.com\/wp-content\/uploads\/2017\/09\/News-Opening-public-park-at-Janseniushof-Leuven-Belgium.jpg 2000w, https:\/\/wirtznv.com\/wp-content\/uploads\/2017\/09\/News-Opening-public-park-at-Janseniushof-Leuven-Belgium-300x225.jpg 300w, https:\/\/wirtznv.com\/wp-content\/uploads\/2017\/09\/News-Opening-public-park-at-Janseniushof-Leuven-Belgium-1024x768.jpg 1024w, https:\/\/wirtznv.com\/wp-content\/uploads\/2017\/09\/News-Opening-public-park-at-Janseniushof-Leuven-Belgium-768x576.jpg 768w, https:\/\/wirtznv.com\/wp-content\/uploads\/2017\/09\/News-Opening-public-park-at-Janseniushof-Leuven-Belgium-1536x1152.jpg 1536w\" data-sizes=\"(max-width: 2000px) 100vw, 2000px\" src=\"data:image\/svg+xml;base64,PHN2ZyB3aWR0aD0iMSIgaGVpZ2h0PSIxIiB4bWxucz0iaHR0cDovL3d3dy53My5vcmcvMjAwMC9zdmciPjwvc3ZnPg==\" style=\"--smush-placeholder-width: 2000px; --smush-placeholder-aspect-ratio: 2000\/1500;\" \/>\t\t\t\t\t<\/a>\n\t\t        \n\t\t\t<\/div>\n        <div class=\"edgtf-bli-content\" >\n                            <div class=\"edgtf-bli-info\">\n\t                <div itemprop=\"dateCreated\" class=\"edgtf-post-info-date entry-date published updated\">\n            <a itemprop=\"url\" href=\"https:\/\/wirtznv.com\/de\/2017\/09\/\">\n    \n        26. September 2017        <\/a>\n    <meta itemprop=\"interactionCount\" content=\"UserComments: 0\"\/>\n<\/div>                <\/div>\n            \t\n\t        \n<h3 itemprop=\"name\" class=\"entry-title edgtf-post-title\" style=\"text-transform: capitalize\">\n            <a itemprop=\"url\" href=\"https:\/\/wirtznv.com\/de\/eroeffnung-des-oeffentlichen-parks-am-janseniushof-loewen-belgien\/\" title=\"Er\u00f6ffnung des \u00f6ffentlichen Parks am Janseniushof, L\u00f6wen (Belgien)\">\n            Er\u00f6ffnung des \u00f6ffentlichen Parks am Janseniushof, L\u00f6wen (Belgien)            <\/a>\n    <\/h3>\t\n\t        <div class=\"edgtf-bli-excerpt\">\n\t\t        \t\t<div class=\"edgtf-post-excerpt-holder\">\n\t\t\t<p itemprop=\"description\" class=\"edgtf-post-excerpt\">\n\t\t\t\tDieses von Resiterra entwickelte Immobilienprojekt befindet sich im Zentrum von\t\t\t<\/p>\n\t\t<\/div>\n\t                \t        <\/div>\n        <\/div>\n\t<\/div>\n<\/li><li class=\"edgtf-bl-item edgtf-item-space\">\n\t<div class=\"edgtf-bli-inner\">\n\t\t \n\t<div class=\"edgtf-post-image\">\n\t\t\t\t\t<a itemprop=\"url\" href=\"https:\/\/wirtznv.com\/de\/warsaw-spire-gewinnt-27-mipim-award-fuer-best-office-business-development\/\" title=\"Warsaw Spire gewinnt 27. MIPIM Award f\u00fcr Best Office &#038; Business Development\">\n\t\t\t\t\t<img decoding=\"async\" width=\"2000\" height=\"1333\" data-src=\"https:\/\/wirtznv.com\/wp-content\/uploads\/2017\/05\/News-Warsaw-Spire-Wins-27th-MIPIM-Award-For-Best-Office-Business-Development.jpg\" class=\"attachment-full size-full wp-post-image lazyload\" alt=\"\" data-srcset=\"https:\/\/wirtznv.com\/wp-content\/uploads\/2017\/05\/News-Warsaw-Spire-Wins-27th-MIPIM-Award-For-Best-Office-Business-Development.jpg 2000w, https:\/\/wirtznv.com\/wp-content\/uploads\/2017\/05\/News-Warsaw-Spire-Wins-27th-MIPIM-Award-For-Best-Office-Business-Development-300x200.jpg 300w, https:\/\/wirtznv.com\/wp-content\/uploads\/2017\/05\/News-Warsaw-Spire-Wins-27th-MIPIM-Award-For-Best-Office-Business-Development-1024x682.jpg 1024w, https:\/\/wirtznv.com\/wp-content\/uploads\/2017\/05\/News-Warsaw-Spire-Wins-27th-MIPIM-Award-For-Best-Office-Business-Development-768x512.jpg 768w, https:\/\/wirtznv.com\/wp-content\/uploads\/2017\/05\/News-Warsaw-Spire-Wins-27th-MIPIM-Award-For-Best-Office-Business-Development-1536x1024.jpg 1536w\" data-sizes=\"(max-width: 2000px) 100vw, 2000px\" src=\"data:image\/svg+xml;base64,PHN2ZyB3aWR0aD0iMSIgaGVpZ2h0PSIxIiB4bWxucz0iaHR0cDovL3d3dy53My5vcmcvMjAwMC9zdmciPjwvc3ZnPg==\" style=\"--smush-placeholder-width: 2000px; --smush-placeholder-aspect-ratio: 2000\/1333;\" \/>\t\t\t\t\t<\/a>\n\t\t        \n\t\t\t<\/div>\n        <div class=\"edgtf-bli-content\" >\n                            <div class=\"edgtf-bli-info\">\n\t                <div itemprop=\"dateCreated\" class=\"edgtf-post-info-date entry-date published updated\">\n            <a itemprop=\"url\" href=\"https:\/\/wirtznv.com\/de\/2017\/05\/\">\n    \n        3. Mai 2017        <\/a>\n    <meta itemprop=\"interactionCount\" content=\"UserComments: 0\"\/>\n<\/div>                <\/div>\n            \t\n\t        \n<h3 itemprop=\"name\" class=\"entry-title edgtf-post-title\" style=\"text-transform: capitalize\">\n            <a itemprop=\"url\" href=\"https:\/\/wirtznv.com\/de\/warsaw-spire-gewinnt-27-mipim-award-fuer-best-office-business-development\/\" title=\"Warsaw Spire gewinnt 27. MIPIM Award f\u00fcr Best Office &#038; Business Development\">\n            Warsaw Spire gewinnt 27. MIPIM Award f\u00fcr Best Office &#038; Business Development            <\/a>\n    <\/h3>\t\n\t        <div class=\"edgtf-bli-excerpt\">\n\t\t        \t\t<div class=\"edgtf-post-excerpt-holder\">\n\t\t\t<p itemprop=\"description\" class=\"edgtf-post-excerpt\">\n\t\t\t\tDie 27. MIPIM Awards wurden heute im Rahmen der MIPIM,\t\t\t<\/p>\n\t\t<\/div>\n\t                \t        <\/div>\n        <\/div>\n\t<\/div>\n<\/li><li class=\"edgtf-bl-item edgtf-item-space\">\n\t<div class=\"edgtf-bli-inner\">\n\t\t \n\t<div class=\"edgtf-post-image\">\n\t\t\t\t\t<a itemprop=\"url\" href=\"https:\/\/wirtznv.com\/de\/chambon-in-bruessel-gewinnt-den-27-mipim-award-fuer-das-beste-renovierte-gebaeude\/\" title=\"Chambon in Br\u00fcssel gewinnt den 27. MIPIM Award f\u00fcr das beste renovierte Geb\u00e4ude\">\n\t\t\t\t\t<img decoding=\"async\" width=\"2000\" height=\"1124\" data-src=\"https:\/\/wirtznv.com\/wp-content\/uploads\/2017\/05\/News-Chambon-In-Brussels-Wins-27th-MIPIM-Award-For-Best-Refurbished-Building.jpg\" class=\"attachment-full size-full wp-post-image lazyload\" alt=\"\" data-srcset=\"https:\/\/wirtznv.com\/wp-content\/uploads\/2017\/05\/News-Chambon-In-Brussels-Wins-27th-MIPIM-Award-For-Best-Refurbished-Building.jpg 2000w, https:\/\/wirtznv.com\/wp-content\/uploads\/2017\/05\/News-Chambon-In-Brussels-Wins-27th-MIPIM-Award-For-Best-Refurbished-Building-300x169.jpg 300w, https:\/\/wirtznv.com\/wp-content\/uploads\/2017\/05\/News-Chambon-In-Brussels-Wins-27th-MIPIM-Award-For-Best-Refurbished-Building-1024x575.jpg 1024w, https:\/\/wirtznv.com\/wp-content\/uploads\/2017\/05\/News-Chambon-In-Brussels-Wins-27th-MIPIM-Award-For-Best-Refurbished-Building-768x432.jpg 768w, https:\/\/wirtznv.com\/wp-content\/uploads\/2017\/05\/News-Chambon-In-Brussels-Wins-27th-MIPIM-Award-For-Best-Refurbished-Building-1536x863.jpg 1536w\" data-sizes=\"(max-width: 2000px) 100vw, 2000px\" src=\"data:image\/svg+xml;base64,PHN2ZyB3aWR0aD0iMSIgaGVpZ2h0PSIxIiB4bWxucz0iaHR0cDovL3d3dy53My5vcmcvMjAwMC9zdmciPjwvc3ZnPg==\" style=\"--smush-placeholder-width: 2000px; --smush-placeholder-aspect-ratio: 2000\/1124;\" \/>\t\t\t\t\t<\/a>\n\t\t        \n\t\t\t<\/div>\n        <div class=\"edgtf-bli-content\" >\n                            <div class=\"edgtf-bli-info\">\n\t                <div itemprop=\"dateCreated\" class=\"edgtf-post-info-date entry-date published updated\">\n            <a itemprop=\"url\" href=\"https:\/\/wirtznv.com\/de\/2017\/05\/\">\n    \n        3. Mai 2017        <\/a>\n    <meta itemprop=\"interactionCount\" content=\"UserComments: 0\"\/>\n<\/div>                <\/div>\n            \t\n\t        \n<h3 itemprop=\"name\" class=\"entry-title edgtf-post-title\" style=\"text-transform: capitalize\">\n            <a itemprop=\"url\" href=\"https:\/\/wirtznv.com\/de\/chambon-in-bruessel-gewinnt-den-27-mipim-award-fuer-das-beste-renovierte-gebaeude\/\" title=\"Chambon in Br\u00fcssel gewinnt den 27. MIPIM Award f\u00fcr das beste renovierte Geb\u00e4ude\">\n            Chambon in Br\u00fcssel gewinnt den 27. MIPIM Award f\u00fcr das beste renovierte Geb\u00e4ude            <\/a>\n    <\/h3>\t\n\t        <div class=\"edgtf-bli-excerpt\">\n\t\t        \t\t<div class=\"edgtf-post-excerpt-holder\">\n\t\t\t<p itemprop=\"description\" class=\"edgtf-post-excerpt\">\n\t\t\t\tDie 27. MIPIM Awards wurden heute im Rahmen der MIPIM,\t\t\t<\/p>\n\t\t<\/div>\n\t                \t        <\/div>\n        <\/div>\n\t<\/div>\n<\/li><li class=\"edgtf-bl-item edgtf-item-space\">\n\t<div class=\"edgtf-bli-inner\">\n\t\t \n\t<div class=\"edgtf-post-image\">\n\t\t\t\t\t<a itemprop=\"url\" href=\"https:\/\/wirtznv.com\/de\/peter-wirtz-ist-gastdozent-am-iit-college-of-architecture-in-chicago\/\" title=\"Peter Wirtz ist Gastdozent am IIT College of Architecture in Chicago\">\n\t\t\t\t\t<img decoding=\"async\" width=\"2000\" height=\"1500\" data-src=\"https:\/\/wirtznv.com\/wp-content\/uploads\/2017\/05\/News-Peter-Wirtz-guest-lecturer-at-the-IIT-College-of-Architecture-in-Chicago.jpg\" class=\"attachment-full size-full wp-post-image lazyload\" alt=\"\" data-srcset=\"https:\/\/wirtznv.com\/wp-content\/uploads\/2017\/05\/News-Peter-Wirtz-guest-lecturer-at-the-IIT-College-of-Architecture-in-Chicago.jpg 2000w, https:\/\/wirtznv.com\/wp-content\/uploads\/2017\/05\/News-Peter-Wirtz-guest-lecturer-at-the-IIT-College-of-Architecture-in-Chicago-300x225.jpg 300w, https:\/\/wirtznv.com\/wp-content\/uploads\/2017\/05\/News-Peter-Wirtz-guest-lecturer-at-the-IIT-College-of-Architecture-in-Chicago-1024x768.jpg 1024w, https:\/\/wirtznv.com\/wp-content\/uploads\/2017\/05\/News-Peter-Wirtz-guest-lecturer-at-the-IIT-College-of-Architecture-in-Chicago-768x576.jpg 768w, https:\/\/wirtznv.com\/wp-content\/uploads\/2017\/05\/News-Peter-Wirtz-guest-lecturer-at-the-IIT-College-of-Architecture-in-Chicago-1536x1152.jpg 1536w\" data-sizes=\"(max-width: 2000px) 100vw, 2000px\" src=\"data:image\/svg+xml;base64,PHN2ZyB3aWR0aD0iMSIgaGVpZ2h0PSIxIiB4bWxucz0iaHR0cDovL3d3dy53My5vcmcvMjAwMC9zdmciPjwvc3ZnPg==\" style=\"--smush-placeholder-width: 2000px; --smush-placeholder-aspect-ratio: 2000\/1500;\" \/>\t\t\t\t\t<\/a>\n\t\t        \n\t\t\t<\/div>\n        <div class=\"edgtf-bli-content\" >\n                            <div class=\"edgtf-bli-info\">\n\t                <div itemprop=\"dateCreated\" class=\"edgtf-post-info-date entry-date published updated\">\n            <a itemprop=\"url\" href=\"https:\/\/wirtznv.com\/de\/2017\/05\/\">\n    \n        3. Mai 2017        <\/a>\n    <meta itemprop=\"interactionCount\" content=\"UserComments: 0\"\/>\n<\/div>                <\/div>\n            \t\n\t        \n<h3 itemprop=\"name\" class=\"entry-title edgtf-post-title\" style=\"text-transform: capitalize\">\n            <a itemprop=\"url\" href=\"https:\/\/wirtznv.com\/de\/peter-wirtz-ist-gastdozent-am-iit-college-of-architecture-in-chicago\/\" title=\"Peter Wirtz ist Gastdozent am IIT College of Architecture in Chicago\">\n            Peter Wirtz ist Gastdozent am IIT College of Architecture in Chicago            <\/a>\n    <\/h3>\t\n\t        <div class=\"edgtf-bli-excerpt\">\n\t\t        \t\t<div class=\"edgtf-post-excerpt-holder\">\n\t\t\t<p itemprop=\"description\" class=\"edgtf-post-excerpt\">\n\t\t\t\tPeter Wirtz h\u00e4lt am Mittwoch, den 22. M\u00e4rz um 18\t\t\t<\/p>\n\t\t<\/div>\n\t                \t        <\/div>\n        <\/div>\n\t<\/div>\n<\/li><li class=\"edgtf-bl-item edgtf-item-space\">\n\t<div class=\"edgtf-bli-inner\">\n\t\t \n\t<div class=\"edgtf-post-image\">\n\t\t\t\t\t<a itemprop=\"url\" href=\"https:\/\/wirtznv.com\/de\/grundsteinlegung-fuer-den-erweiterungsbau-des-kunsthauses-zuerich\/\" title=\"Grundsteinlegung f\u00fcr den Erweiterungsbau des Kunsthauses Z\u00fcrich\">\n\t\t\t\t\t<img decoding=\"async\" width=\"1500\" height=\"1000\" data-src=\"https:\/\/wirtznv.com\/wp-content\/uploads\/2017\/03\/Conversion-Jacoby-Studios-4.jpg\" class=\"attachment-full size-full wp-post-image lazyload\" alt=\"\" data-srcset=\"https:\/\/wirtznv.com\/wp-content\/uploads\/2017\/03\/Conversion-Jacoby-Studios-4.jpg 1500w, https:\/\/wirtznv.com\/wp-content\/uploads\/2017\/03\/Conversion-Jacoby-Studios-4-300x200.jpg 300w, https:\/\/wirtznv.com\/wp-content\/uploads\/2017\/03\/Conversion-Jacoby-Studios-4-1024x683.jpg 1024w, https:\/\/wirtznv.com\/wp-content\/uploads\/2017\/03\/Conversion-Jacoby-Studios-4-768x512.jpg 768w\" data-sizes=\"(max-width: 1500px) 100vw, 1500px\" src=\"data:image\/svg+xml;base64,PHN2ZyB3aWR0aD0iMSIgaGVpZ2h0PSIxIiB4bWxucz0iaHR0cDovL3d3dy53My5vcmcvMjAwMC9zdmciPjwvc3ZnPg==\" style=\"--smush-placeholder-width: 1500px; --smush-placeholder-aspect-ratio: 1500\/1000;\" \/>\t\t\t\t\t<\/a>\n\t\t        \n\t\t\t<\/div>\n        <div class=\"edgtf-bli-content\" >\n                            <div class=\"edgtf-bli-info\">\n\t                <div itemprop=\"dateCreated\" class=\"edgtf-post-info-date entry-date published updated\">\n            <a itemprop=\"url\" href=\"https:\/\/wirtznv.com\/de\/2017\/03\/\">\n    \n        6. M\u00e4rz 2017        <\/a>\n    <meta itemprop=\"interactionCount\" content=\"UserComments: 0\"\/>\n<\/div>                <\/div>\n            \t\n\t        \n<h3 itemprop=\"name\" class=\"entry-title edgtf-post-title\" style=\"text-transform: capitalize\">\n            <a itemprop=\"url\" href=\"https:\/\/wirtznv.com\/de\/grundsteinlegung-fuer-den-erweiterungsbau-des-kunsthauses-zuerich\/\" title=\"Grundsteinlegung f\u00fcr den Erweiterungsbau des Kunsthauses Z\u00fcrich\">\n            Grundsteinlegung f\u00fcr den Erweiterungsbau des Kunsthauses Z\u00fcrich            <\/a>\n    <\/h3>\t\n\t        <div class=\"edgtf-bli-excerpt\">\n\t\t        \t\t<div class=\"edgtf-post-excerpt-holder\">\n\t\t\t<p itemprop=\"description\" class=\"edgtf-post-excerpt\">\n\t\t\t\tG\u00e4ste aus Politik, Wirtschaft und Kultur wohnten am Dienstag, den\t\t\t<\/p>\n\t\t<\/div>\n\t                \t        <\/div>\n        <\/div>\n\t<\/div>\n<\/li><li class=\"edgtf-bl-item edgtf-item-space\">\n\t<div class=\"edgtf-bli-inner\">\n\t\t \n\t<div class=\"edgtf-post-image\">\n\t\t\t\t\t<a itemprop=\"url\" href=\"https:\/\/wirtznv.com\/de\/wirtz-ist-teil-des-ad-100-architectural-digest-2017\/\" title=\"Wirtz ist Teil des AD100 (ARCHITECTURAL DIGEST) 2017\">\n\t\t\t\t\t<img decoding=\"async\" width=\"2000\" height=\"1499\" data-src=\"https:\/\/wirtznv.com\/wp-content\/uploads\/2017\/03\/News-Wirtz-Is-Part-Of-The-2017-AD100-ARCHITECTURAL-DIGEST.jpg\" class=\"attachment-full size-full wp-post-image lazyload\" alt=\"\" data-srcset=\"https:\/\/wirtznv.com\/wp-content\/uploads\/2017\/03\/News-Wirtz-Is-Part-Of-The-2017-AD100-ARCHITECTURAL-DIGEST.jpg 2000w, https:\/\/wirtznv.com\/wp-content\/uploads\/2017\/03\/News-Wirtz-Is-Part-Of-The-2017-AD100-ARCHITECTURAL-DIGEST-300x225.jpg 300w, https:\/\/wirtznv.com\/wp-content\/uploads\/2017\/03\/News-Wirtz-Is-Part-Of-The-2017-AD100-ARCHITECTURAL-DIGEST-1024x767.jpg 1024w, https:\/\/wirtznv.com\/wp-content\/uploads\/2017\/03\/News-Wirtz-Is-Part-Of-The-2017-AD100-ARCHITECTURAL-DIGEST-768x576.jpg 768w, https:\/\/wirtznv.com\/wp-content\/uploads\/2017\/03\/News-Wirtz-Is-Part-Of-The-2017-AD100-ARCHITECTURAL-DIGEST-1536x1151.jpg 1536w\" data-sizes=\"(max-width: 2000px) 100vw, 2000px\" src=\"data:image\/svg+xml;base64,PHN2ZyB3aWR0aD0iMSIgaGVpZ2h0PSIxIiB4bWxucz0iaHR0cDovL3d3dy53My5vcmcvMjAwMC9zdmciPjwvc3ZnPg==\" style=\"--smush-placeholder-width: 2000px; --smush-placeholder-aspect-ratio: 2000\/1499;\" \/>\t\t\t\t\t<\/a>\n\t\t        \n\t\t\t<\/div>\n        <div class=\"edgtf-bli-content\" >\n                            <div class=\"edgtf-bli-info\">\n\t                <div itemprop=\"dateCreated\" class=\"edgtf-post-info-date entry-date published updated\">\n            <a itemprop=\"url\" href=\"https:\/\/wirtznv.com\/de\/2017\/03\/\">\n    \n        6. M\u00e4rz 2017        <\/a>\n    <meta itemprop=\"interactionCount\" content=\"UserComments: 0\"\/>\n<\/div>                <\/div>\n            \t\n\t        \n<h3 itemprop=\"name\" class=\"entry-title edgtf-post-title\" style=\"text-transform: capitalize\">\n            <a itemprop=\"url\" href=\"https:\/\/wirtznv.com\/de\/wirtz-ist-teil-des-ad-100-architectural-digest-2017\/\" title=\"Wirtz ist Teil des AD100 (ARCHITECTURAL DIGEST) 2017\">\n            Wirtz ist Teil des AD100 (ARCHITECTURAL DIGEST) 2017            <\/a>\n    <\/h3>\t\n\t        <div class=\"edgtf-bli-excerpt\">\n\t\t        \t\t<div class=\"edgtf-post-excerpt-holder\">\n\t\t\t<p itemprop=\"description\" class=\"edgtf-post-excerpt\">\n\t\t\t\tF\u00fcr Wirtz International NV ist es eine gro\u00dfe Ehre, in\t\t\t<\/p>\n\t\t<\/div>\n\t                \t        <\/div>\n        <\/div>\n\t<\/div>\n<\/li>\t\t<\/ul>\n\t<\/div>\n\t<\/div>[\/vc_column][\/vc_row]<\/p>\n<\/div>","protected":false},"excerpt":{"rendered":"<p>[vc_row css=&#8220;.vc_custom_1616406220785{padding-top: 50px !important;padding-bottom: 50px !important;}&#8220;][vc_column][vc_raw_html el_class=&#8220;breadcrumb&#8220;]JTVCd3BzZW9fYnJlYWRjcnVtYiU1RA==[\/vc_raw_html][\/vc_column][\/vc_row][vc_row][vc_column][vc_column_text] Neuigkeiten [\/vc_column_text][\/vc_column][\/vc_row][vc_row el_class=&#8220;bloglist&#8220;][vc_column][\/vc_column][\/vc_row]<\/p>\n","protected":false},"author":1,"featured_media":0,"parent":0,"menu_order":8,"comment_status":"closed","ping_status":"closed","template":"","meta":{"_acf_changed":false,"footnotes":""},"categories":[],"tags":[],"class_list":["post-6957","page","type-page","status-publish","hentry"],"acf":[],"yoast_head":"<!-- This site is optimized with the Yoast SEO plugin v27.4 - https:\/\/yoast.com\/product\/yoast-seo-wordpress\/ -->\n<title>Neugikeiten | Wirtz International Landschaftsarchitekten<\/title>\n<meta name=\"description\" content=\"Bleiben Sie auf dem Laufenden mit allen neuesten Nachrichten, Aktivit\u00e4ten und Projektupdates.\" \/>\n<meta name=\"robots\" content=\"index, follow, max-snippet:-1, max-image-preview:large, max-video-preview:-1\" \/>\n<link rel=\"canonical\" href=\"https:\/\/wirtznv.com\/de\/neuigkeiten\/\" \/>\n<meta property=\"og:locale\" content=\"de_DE\" \/>\n<meta property=\"og:type\" content=\"article\" \/>\n<meta property=\"og:title\" content=\"Neugikeiten | Wirtz International Landschaftsarchitekten\" \/>\n<meta property=\"og:description\" content=\"Bleiben Sie auf dem Laufenden mit allen neuesten Nachrichten, Aktivit\u00e4ten und Projektupdates.\" \/>\n<meta property=\"og:url\" content=\"https:\/\/wirtznv.com\/de\/neuigkeiten\/\" \/>\n<meta property=\"og:site_name\" content=\"Wirtz NV\" \/>\n<meta property=\"article:modified_time\" content=\"2024-05-17T12:58:21+00:00\" \/>\n<meta name=\"twitter:card\" content=\"summary_large_image\" \/>\n<meta name=\"twitter:label1\" content=\"Gesch\u00e4tzte Lesezeit\" \/>\n\t<meta name=\"twitter:data1\" content=\"1\u00a0Minute\" \/>\n<script type=\"application\/ld+json\" class=\"yoast-schema-graph\">{\"@context\":\"https:\\\/\\\/schema.org\",\"@graph\":[{\"@type\":\"WebPage\",\"@id\":\"https:\\\/\\\/wirtznv.com\\\/de\\\/neuigkeiten\\\/\",\"url\":\"https:\\\/\\\/wirtznv.com\\\/de\\\/neuigkeiten\\\/\",\"name\":\"Neugikeiten | Wirtz International Landschaftsarchitekten\",\"isPartOf\":{\"@id\":\"https:\\\/\\\/wirtznv.com\\\/de\\\/#website\"},\"datePublished\":\"2021-03-19T12:18:25+00:00\",\"dateModified\":\"2024-05-17T12:58:21+00:00\",\"description\":\"Bleiben Sie auf dem Laufenden mit allen neuesten Nachrichten, Aktivit\u00e4ten und Projektupdates.\",\"breadcrumb\":{\"@id\":\"https:\\\/\\\/wirtznv.com\\\/de\\\/neuigkeiten\\\/#breadcrumb\"},\"inLanguage\":\"de\",\"potentialAction\":[{\"@type\":\"ReadAction\",\"target\":[\"https:\\\/\\\/wirtznv.com\\\/de\\\/neuigkeiten\\\/\"]}]},{\"@type\":\"BreadcrumbList\",\"@id\":\"https:\\\/\\\/wirtznv.com\\\/de\\\/neuigkeiten\\\/#breadcrumb\",\"itemListElement\":[{\"@type\":\"ListItem\",\"position\":1,\"name\":\"Home\",\"item\":\"https:\\\/\\\/wirtznv.com\\\/de\\\/\"},{\"@type\":\"ListItem\",\"position\":2,\"name\":\"Neuigkeiten\"}]},{\"@type\":\"WebSite\",\"@id\":\"https:\\\/\\\/wirtznv.com\\\/de\\\/#website\",\"url\":\"https:\\\/\\\/wirtznv.com\\\/de\\\/\",\"name\":\"Wirtz NV\",\"description\":\"\",\"publisher\":{\"@id\":\"https:\\\/\\\/wirtznv.com\\\/de\\\/#organization\"},\"potentialAction\":[{\"@type\":\"SearchAction\",\"target\":{\"@type\":\"EntryPoint\",\"urlTemplate\":\"https:\\\/\\\/wirtznv.com\\\/de\\\/?s={search_term_string}\"},\"query-input\":{\"@type\":\"PropertyValueSpecification\",\"valueRequired\":true,\"valueName\":\"search_term_string\"}}],\"inLanguage\":\"de\"},{\"@type\":\"Organization\",\"@id\":\"https:\\\/\\\/wirtznv.com\\\/de\\\/#organization\",\"name\":\"Wirtz NV\",\"url\":\"https:\\\/\\\/wirtznv.com\\\/de\\\/\",\"logo\":{\"@type\":\"ImageObject\",\"inLanguage\":\"de\",\"@id\":\"https:\\\/\\\/wirtznv.com\\\/de\\\/#\\\/schema\\\/logo\\\/image\\\/\",\"url\":\"https:\\\/\\\/mk0wirtznvw3r6n59kw4.kinstacdn.com\\\/wp-content\\\/uploads\\\/2021\\\/03\\\/logo_header@2x-1.png\",\"contentUrl\":\"https:\\\/\\\/mk0wirtznvw3r6n59kw4.kinstacdn.com\\\/wp-content\\\/uploads\\\/2021\\\/03\\\/logo_header@2x-1.png\",\"width\":177,\"height\":161,\"caption\":\"Wirtz NV\"},\"image\":{\"@id\":\"https:\\\/\\\/wirtznv.com\\\/de\\\/#\\\/schema\\\/logo\\\/image\\\/\"}}]}<\/script>\n<!-- \/ Yoast SEO plugin. -->","yoast_head_json":{"title":"Neugikeiten | Wirtz International Landschaftsarchitekten","description":"Bleiben Sie auf dem Laufenden mit allen neuesten Nachrichten, Aktivit\u00e4ten und Projektupdates.","robots":{"index":"index","follow":"follow","max-snippet":"max-snippet:-1","max-image-preview":"max-image-preview:large","max-video-preview":"max-video-preview:-1"},"canonical":"https:\/\/wirtznv.com\/de\/neuigkeiten\/","og_locale":"de_DE","og_type":"article","og_title":"Neugikeiten | Wirtz International Landschaftsarchitekten","og_description":"Bleiben Sie auf dem Laufenden mit allen neuesten Nachrichten, Aktivit\u00e4ten und Projektupdates.","og_url":"https:\/\/wirtznv.com\/de\/neuigkeiten\/","og_site_name":"Wirtz NV","article_modified_time":"2024-05-17T12:58:21+00:00","twitter_card":"summary_large_image","twitter_misc":{"Gesch\u00e4tzte Lesezeit":"1\u00a0Minute"},"schema":{"@context":"https:\/\/schema.org","@graph":[{"@type":"WebPage","@id":"https:\/\/wirtznv.com\/de\/neuigkeiten\/","url":"https:\/\/wirtznv.com\/de\/neuigkeiten\/","name":"Neugikeiten | Wirtz International Landschaftsarchitekten","isPartOf":{"@id":"https:\/\/wirtznv.com\/de\/#website"},"datePublished":"2021-03-19T12:18:25+00:00","dateModified":"2024-05-17T12:58:21+00:00","description":"Bleiben Sie auf dem Laufenden mit allen neuesten Nachrichten, Aktivit\u00e4ten und Projektupdates.","breadcrumb":{"@id":"https:\/\/wirtznv.com\/de\/neuigkeiten\/#breadcrumb"},"inLanguage":"de","potentialAction":[{"@type":"ReadAction","target":["https:\/\/wirtznv.com\/de\/neuigkeiten\/"]}]},{"@type":"BreadcrumbList","@id":"https:\/\/wirtznv.com\/de\/neuigkeiten\/#breadcrumb","itemListElement":[{"@type":"ListItem","position":1,"name":"Home","item":"https:\/\/wirtznv.com\/de\/"},{"@type":"ListItem","position":2,"name":"Neuigkeiten"}]},{"@type":"WebSite","@id":"https:\/\/wirtznv.com\/de\/#website","url":"https:\/\/wirtznv.com\/de\/","name":"Wirtz NV","description":"","publisher":{"@id":"https:\/\/wirtznv.com\/de\/#organization"},"potentialAction":[{"@type":"SearchAction","target":{"@type":"EntryPoint","urlTemplate":"https:\/\/wirtznv.com\/de\/?s={search_term_string}"},"query-input":{"@type":"PropertyValueSpecification","valueRequired":true,"valueName":"search_term_string"}}],"inLanguage":"de"},{"@type":"Organization","@id":"https:\/\/wirtznv.com\/de\/#organization","name":"Wirtz NV","url":"https:\/\/wirtznv.com\/de\/","logo":{"@type":"ImageObject","inLanguage":"de","@id":"https:\/\/wirtznv.com\/de\/#\/schema\/logo\/image\/","url":"https:\/\/mk0wirtznvw3r6n59kw4.kinstacdn.com\/wp-content\/uploads\/2021\/03\/logo_header@2x-1.png","contentUrl":"https:\/\/mk0wirtznvw3r6n59kw4.kinstacdn.com\/wp-content\/uploads\/2021\/03\/logo_header@2x-1.png","width":177,"height":161,"caption":"Wirtz NV"},"image":{"@id":"https:\/\/wirtznv.com\/de\/#\/schema\/logo\/image\/"}}]}},"_links":{"self":[{"href":"https:\/\/wirtznv.com\/de\/wp-json\/wp\/v2\/pages\/6957","targetHints":{"allow":["GET"]}}],"collection":[{"href":"https:\/\/wirtznv.com\/de\/wp-json\/wp\/v2\/pages"}],"about":[{"href":"https:\/\/wirtznv.com\/de\/wp-json\/wp\/v2\/types\/page"}],"author":[{"embeddable":true,"href":"https:\/\/wirtznv.com\/de\/wp-json\/wp\/v2\/users\/1"}],"replies":[{"embeddable":true,"href":"https:\/\/wirtznv.com\/de\/wp-json\/wp\/v2\/comments?post=6957"}],"version-history":[{"count":0,"href":"https:\/\/wirtznv.com\/de\/wp-json\/wp\/v2\/pages\/6957\/revisions"}],"wp:attachment":[{"href":"https:\/\/wirtznv.com\/de\/wp-json\/wp\/v2\/media?parent=6957"}],"wp:term":[{"taxonomy":"category","embeddable":true,"href":"https:\/\/wirtznv.com\/de\/wp-json\/wp\/v2\/categories?post=6957"},{"taxonomy":"post_tag","embeddable":true,"href":"https:\/\/wirtznv.com\/de\/wp-json\/wp\/v2\/tags?post=6957"}],"curies":[{"name":"wp","href":"https:\/\/api.w.org\/{rel}","templated":true}]}}